{"version":"1.0","provider_name":"Dr. Pablo Ifr\u00e1n","provider_url":"https:\/\/drpabloifran.com\/pt-br\/","title":"Escurecimento a laser em Montevid\u00e9u, Uruguai","type":"rich","width":600,"height":338,"html":"<blockquote class=\"wp-embedded-content\" data-secret=\"mnWeaXpeK5\"><a href=\"https:\/\/drpabloifran.com\/pt-br\/portfolio\/clareamento-a-laser-de-olheiras-spectra\/\">Clareamento a laser de olheiras (Spectra)<\/a><\/blockquote><iframe sandbox=\"allow-scripts\" security=\"restricted\" src=\"https:\/\/drpabloifran.com\/pt-br\/portfolio\/clareamento-a-laser-de-olheiras-spectra\/embed\/#?secret=mnWeaXpeK5\" width=\"600\" height=\"338\" title=\"&#8220;Clareamento a laser de olheiras (Spectra)&#8221; &#8212; Dr. Pablo Ifr\u00e1n\" data-secret=\"mnWeaXpeK5\" frameborder=\"0\" marginwidth=\"0\" marginheight=\"0\" scrolling=\"no\" class=\"wp-embedded-content\"><\/iframe><script type=\"text\/javascript\">\n\/* <![CDATA[ *\/\n\/*! This file is auto-generated *\/\n!function(d,l){\"use strict\";l.querySelector&&d.addEventListener&&\"undefined\"!=typeof URL&&(d.wp=d.wp||{},d.wp.receiveEmbedMessage||(d.wp.receiveEmbedMessage=function(e){var t=e.data;if((t||t.secret||t.message||t.value)&&!\/[^a-zA-Z0-9]\/.test(t.secret)){for(var s,r,n,a=l.querySelectorAll('iframe[data-secret=\"'+t.secret+'\"]'),o=l.querySelectorAll('blockquote[data-secret=\"'+t.secret+'\"]'),c=new RegExp(\"^https?:$\",\"i\"),i=0;i<o.length;i++)o[i].style.display=\"none\";for(i=0;i<a.length;i++)s=a[i],e.source===s.contentWindow&&(s.removeAttribute(\"style\"),\"height\"===t.message?(1e3<(r=parseInt(t.value,10))?r=1e3:~~r<200&&(r=200),s.height=r):\"link\"===t.message&&(r=new URL(s.getAttribute(\"src\")),n=new URL(t.value),c.test(n.protocol))&&n.host===r.host&&l.activeElement===s&&(d.top.location.href=t.value))}},d.addEventListener(\"message\",d.wp.receiveEmbedMessage,!1),l.addEventListener(\"DOMContentLoaded\",function(){for(var e,t,s=l.querySelectorAll(\"iframe.wp-embedded-content\"),r=0;r<s.length;r++)(t=(e=s[r]).getAttribute(\"data-secret\"))||(t=Math.random().toString(36).substring(2,12),e.src+=\"#?secret=\"+t,e.setAttribute(\"data-secret\",t)),e.contentWindow.postMessage({message:\"ready\",secret:t},\"*\")},!1)))}(window,document);\n\/\/# sourceURL=https:\/\/drpabloifran.com\/wp-includes\/js\/wp-embed.min.js\n\/* ]]> *\/\n<\/script>\n","thumbnail_url":"https:\/\/drpabloifran.com\/wp-content\/uploads\/2021\/11\/Fotolia_165227387_S.jpg","thumbnail_width":900,"thumbnail_height":600,"description":"Despigmenta\u00e7\u00e3o n\u00e3o invasiva de olheiras O que \u00e9? \u00c9 um tratamento a laser n\u00e3o invasivo que remove o pigmento das olheiras. As olheiras pigmentadas s\u00e3o causadas por uma altera\u00e7\u00e3o na cor da pele localizada sob os olhos, pela produ\u00e7\u00e3o excessiva de melanina ou pela dilata\u00e7\u00e3o dos capilares pr\u00f3ximos \u00e0 superf\u00edcie da pele ou uma combina\u00e7\u00e3o [&hellip;]"}