{"id":16396,"date":"2024-02-10T16:08:24","date_gmt":"2024-02-10T16:08:24","guid":{"rendered":"https:\/\/drpabloifran.com\/adiposidade-localizada-e-excesso-de-peso\/"},"modified":"2025-07-15T14:05:19","modified_gmt":"2025-07-15T14:05:19","slug":"adiposidade-localizada-e-excesso-de-peso","status":"publish","type":"page","link":"https:\/\/drpabloifran.com\/pt-br\/adiposidade-localizada-e-excesso-de-peso\/","title":{"rendered":"Adiposidade localizada e excesso de peso"},"content":{"rendered":"\t\t<div data-elementor-type=\"wp-page\" data-elementor-id=\"16396\" class=\"elementor elementor-16396 elementor-14979\" data-elementor-post-type=\"page\">\n\t\t\t\t\t\t<section class=\"elementor-section elementor-top-section elementor-element elementor-element-4330d249 elementor-section-full_width elementor-section-height-min-height elementor-section-content-top elementor-section-stretched elementor-section-height-default elementor-section-items-middle\" data-id=\"4330d249\" data-element_type=\"section\" data-e-type=\"section\" data-settings=\"{&quot;stretch_section&quot;:&quot;section-stretched&quot;,&quot;background_background&quot;:&quot;classic&quot;}\">\n\t\t\t\t\t\t<div class=\"elementor-container elementor-column-gap-default\">\n\t\t\t\t\t<div class=\"elementor-column elementor-col-25 elementor-top-column elementor-element elementor-element-26a5660\" data-id=\"26a5660\" data-element_type=\"column\" data-e-type=\"column\">\n\t\t\t<div class=\"elementor-widget-wrap elementor-element-populated\">\n\t\t\t\t\t\t<div class=\"elementor-element elementor-element-20ca32c3 elementor-widget elementor-widget-image\" data-id=\"20ca32c3\" data-element_type=\"widget\" data-e-type=\"widget\" data-widget_type=\"image.default\">\n\t\t\t\t<div class=\"elementor-widget-container\">\n\t\t\t\t\t\t\t\t\t\t\t\t\t\t\t\t<a href=\"https:\/\/drpabloifran.com\/pt-br\/\">\n\t\t\t\t\t\t\t<img decoding=\"async\" width=\"300\" height=\"78\" src=\"https:\/\/drpabloifran.com\/wp-content\/uploads\/2022\/01\/logo-dr-pablo-mail-300x78.png\" class=\"attachment-medium size-medium wp-image-16233\" alt=\"\" srcset=\"https:\/\/drpabloifran.com\/wp-content\/uploads\/2022\/01\/logo-dr-pablo-mail-300x78.png 300w, https:\/\/drpabloifran.com\/wp-content\/uploads\/2022\/01\/logo-dr-pablo-mail-600x157.png 600w, https:\/\/drpabloifran.com\/wp-content\/uploads\/2022\/01\/logo-dr-pablo-mail-900x235.png 900w, https:\/\/drpabloifran.com\/wp-content\/uploads\/2022\/01\/logo-dr-pablo-mail-768x201.png 768w, https:\/\/drpabloifran.com\/wp-content\/uploads\/2022\/01\/logo-dr-pablo-mail.png 998w\" sizes=\"(max-width: 300px) 100vw, 300px\" \/>\t\t\t\t\t\t\t\t<\/a>\n\t\t\t\t\t\t\t\t\t\t\t\t\t\t\t<\/div>\n\t\t\t\t<\/div>\n\t\t\t\t\t<\/div>\n\t\t<\/div>\n\t\t\t\t<div class=\"elementor-column elementor-col-25 elementor-top-column elementor-element elementor-element-54443e02\" data-id=\"54443e02\" data-element_type=\"column\" data-e-type=\"column\">\n\t\t\t<div class=\"elementor-widget-wrap elementor-element-populated\">\n\t\t\t\t\t\t<div class=\"elementor-element elementor-element-145f0ec8 elementor-nav-menu__align-end elementor-hidden-tablet elementor-hidden-mobile elementor-nav-menu--dropdown-tablet elementor-nav-menu__text-align-aside elementor-nav-menu--toggle elementor-nav-menu--burger elementor-widget elementor-widget-nav-menu\" data-id=\"145f0ec8\" data-element_type=\"widget\" data-e-type=\"widget\" data-settings=\"{&quot;layout&quot;:&quot;horizontal&quot;,&quot;submenu_icon&quot;:{&quot;value&quot;:&quot;&lt;i class=\\&quot;fas fa-caret-down\\&quot; aria-hidden=\\&quot;true\\&quot;&gt;&lt;\\\/i&gt;&quot;,&quot;library&quot;:&quot;fa-solid&quot;},&quot;toggle&quot;:&quot;burger&quot;}\" data-widget_type=\"nav-menu.default\">\n\t\t\t\t<div class=\"elementor-widget-container\">\n\t\t\t\t\t\t\t\t<nav aria-label=\"Menu\" class=\"elementor-nav-menu--main elementor-nav-menu__container elementor-nav-menu--layout-horizontal e--pointer-none\">\n\t\t\t\t<ul id=\"menu-1-145f0ec8\" class=\"elementor-nav-menu\"><li class=\"menu-item menu-item-type-custom menu-item-object-custom menu-item-16565\"><a href=\"https:\/\/drpabloifran.com\/pt-br\/sobre-mim\/\" class=\"elementor-item\">Sobre mim<\/a><\/li>\n<li class=\"menu-item menu-item-type-custom menu-item-object-custom menu-item-has-children menu-item-16566\"><a href=\"#\" class=\"elementor-item elementor-item-anchor\">Tratamentos<\/a>\n<ul class=\"sub-menu elementor-nav-menu--dropdown\">\n\t<li class=\"menu-item menu-item-type-custom menu-item-object-custom menu-item-16567\"><a href=\"https:\/\/drpabloifran.com\/pt-br\/rugas-e-perda-de-elasticidade\/\" class=\"elementor-sub-item\">Rugas e Perda de Elasticidade<\/a><\/li>\n\t<li class=\"menu-item menu-item-type-custom menu-item-object-custom menu-item-16568\"><a href=\"https:\/\/drpabloifran.com\/pt-br\/cicatrizes-e-lesoes-cutaneas\/\" class=\"elementor-sub-item\">Cicatrizes e les\u00f5es cut\u00e2neas<\/a><\/li>\n\t<li class=\"menu-item menu-item-type-custom menu-item-object-custom menu-item-16569\"><a href=\"https:\/\/drpabloifran.com\/pt-br\/celulite\/\" class=\"elementor-sub-item\">Celulite<\/a><\/li>\n\t<li class=\"menu-item menu-item-type-custom menu-item-object-custom menu-item-16570\"><a href=\"https:\/\/drpabloifran.com\/pt-br\/sebo-e-impurezas-da-pele\/\" class=\"elementor-sub-item\">Sebo e Impurezas da Pele<\/a><\/li>\n\t<li class=\"menu-item menu-item-type-custom menu-item-object-custom menu-item-16571\"><a href=\"https:\/\/drpabloifran.com\/pt-br\/adiposidade-localizada-e-excesso-de-peso\/\" class=\"elementor-sub-item\">Adiposidade localizada e excesso de peso<\/a><\/li>\n\t<li class=\"menu-item menu-item-type-custom menu-item-object-custom menu-item-16572\"><a href=\"https:\/\/drpabloifran.com\/pt-br\/depilacao\/\" class=\"elementor-sub-item\">Depila\u00e7\u00e3o<\/a><\/li>\n\t<li class=\"menu-item menu-item-type-custom menu-item-object-custom menu-item-16573\"><a href=\"https:\/\/drpabloifran.com\/pt-br\/mesoterapia-capilar\/\" class=\"elementor-sub-item\">Mesoterapia capilar<\/a><\/li>\n\t<li class=\"menu-item menu-item-type-custom menu-item-object-custom menu-item-16574\"><a href=\"https:\/\/drpabloifran.com\/pt-br\/prevencao\/\" class=\"elementor-sub-item\">Preven\u00e7\u00e3o<\/a><\/li>\n<\/ul>\n<\/li>\n<li class=\"menu-item menu-item-type-custom menu-item-object-custom menu-item-has-children menu-item-16575\"><a href=\"#\" class=\"elementor-item elementor-item-anchor\">Tratamentos capilares<\/a>\n<ul class=\"sub-menu elementor-nav-menu--dropdown\">\n\t<li class=\"menu-item menu-item-type-custom menu-item-object-custom menu-item-has-children menu-item-16576\"><a href=\"#\" class=\"elementor-sub-item elementor-item-anchor\">Transplante de cabelo<\/a>\n\t<ul class=\"sub-menu elementor-nav-menu--dropdown\">\n\t\t<li class=\"menu-item menu-item-type-custom menu-item-object-custom menu-item-16577\"><a href=\"https:\/\/drpabloifran.com\/pt-br\/transplante-capilar\/tecnica-fue-de-transplante-capilar\/\" class=\"elementor-sub-item\">T\u00e9cnica FUE de Transplante Capilar<\/a><\/li>\n\t\t<li class=\"menu-item menu-item-type-custom menu-item-object-custom menu-item-16578\"><a href=\"https:\/\/drpabloifran.com\/pt-br\/transplante-capilar\/transplante-de-barba\/\" class=\"elementor-sub-item\">Transplante de barba<\/a><\/li>\n\t\t<li class=\"menu-item menu-item-type-custom menu-item-object-custom menu-item-16579\"><a href=\"https:\/\/drpabloifran.com\/pt-br\/transplante-capilar\/transplante-de-sobrancelha\/\" class=\"elementor-sub-item\">Transplante de sobrancelha<\/a><\/li>\n\t<\/ul>\n<\/li>\n\t<li class=\"menu-item menu-item-type-custom menu-item-object-custom menu-item-has-children menu-item-16580\"><a href=\"#\" class=\"elementor-sub-item elementor-item-anchor\">Mesoterapia capilar<\/a>\n\t<ul class=\"sub-menu elementor-nav-menu--dropdown\">\n\t\t<li class=\"menu-item menu-item-type-custom menu-item-object-custom menu-item-16581\"><a href=\"https:\/\/drpabloifran.com\/pt-br\/mesoterapia-capilar\/mesoterapia-com-prp\/\" class=\"elementor-sub-item\">Mesoterapia com PRP<\/a><\/li>\n\t\t<li class=\"menu-item menu-item-type-custom menu-item-object-custom menu-item-16582\"><a href=\"https:\/\/drpabloifran.com\/pt-br\/mesoterapia-capilar\/mesoterapia-com-ingredientes-ativos-e-fatores-de-crescimento\/\" class=\"elementor-sub-item\">Mesoterapia com ingredientes ativos e fatores de crescimento<\/a><\/li>\n\t<\/ul>\n<\/li>\n\t<li class=\"menu-item menu-item-type-custom menu-item-object-custom menu-item-has-children menu-item-16583\"><a href=\"#\" class=\"elementor-sub-item elementor-item-anchor\">Queda de cabelo<\/a>\n\t<ul class=\"sub-menu elementor-nav-menu--dropdown\">\n\t\t<li class=\"menu-item menu-item-type-custom menu-item-object-custom menu-item-16584\"><a href=\"https:\/\/drpabloifran.com\/pt-br\/alopecia-androgenetica-masculina\/\" class=\"elementor-sub-item\">Alopecia androgen\u00e9tica masculina<\/a><\/li>\n\t\t<li class=\"menu-item menu-item-type-custom menu-item-object-custom menu-item-16585\"><a href=\"https:\/\/drpabloifran.com\/pt-br\/alopecia-androgenetica-feminina\/\" class=\"elementor-sub-item\">Alopecia androgen\u00e9tica feminina<\/a><\/li>\n\t\t<li class=\"menu-item menu-item-type-custom menu-item-object-custom menu-item-16586\"><a href=\"https:\/\/drpabloifran.com\/pt-br\/efluvio-telogeno\/\" class=\"elementor-sub-item\">Efl\u00favio tel\u00f3geno<\/a><\/li>\n\t\t<li class=\"menu-item menu-item-type-custom menu-item-object-custom menu-item-16587\"><a href=\"https:\/\/drpabloifran.com\/pt-br\/alopecia-areata\/\" class=\"elementor-sub-item\">Alopecia areata<\/a><\/li>\n\t\t<li class=\"menu-item menu-item-type-custom menu-item-object-custom menu-item-16588\"><a href=\"https:\/\/drpabloifran.com\/pt-br\/alopecia-fibrosante-frontal\/\" class=\"elementor-sub-item\">Alopecia fibrosante frontal<\/a><\/li>\n\t\t<li class=\"menu-item menu-item-type-custom menu-item-object-custom menu-item-16589\"><a href=\"https:\/\/drpabloifran.com\/pt-br\/foliculite-decalvanans\/\" class=\"elementor-sub-item\">Foliculite decalvanans<\/a><\/li>\n\t\t<li class=\"menu-item menu-item-type-custom menu-item-object-custom menu-item-16590\"><a href=\"https:\/\/drpabloifran.com\/pt-br\/pilar-do-liquen-plano\/\" class=\"elementor-sub-item\">Pilar do l\u00edquen plano<\/a><\/li>\n\t<\/ul>\n<\/li>\n<\/ul>\n<\/li>\n<li class=\"menu-item menu-item-type-custom menu-item-object-custom menu-item-16591\"><a href=\"https:\/\/drpabloifran.com\/pt-br\/tecnologia-laser\/\" class=\"elementor-item\">Tecnologia laser<\/a><\/li>\n<li class=\"menu-item menu-item-type-custom menu-item-object-custom menu-item-has-children menu-item-16592\"><a href=\"#\" class=\"elementor-item elementor-item-anchor\">Pacientes<\/a>\n<ul class=\"sub-menu elementor-nav-menu--dropdown\">\n\t<li class=\"menu-item menu-item-type-custom menu-item-object-custom menu-item-16593\"><a href=\"https:\/\/drpabloifran.com\/pt-br\/perguntas-frequentes\/\" class=\"elementor-sub-item\">Perguntas frequentes<\/a><\/li>\n\t<li class=\"menu-item menu-item-type-custom menu-item-object-custom menu-item-16594\"><a href=\"https:\/\/drpabloifran.com\/pt-br\/a-consulta-estetica\/\" class=\"elementor-sub-item\">A consulta de est\u00e9tica<\/a><\/li>\n\t<li class=\"menu-item menu-item-type-custom menu-item-object-custom menu-item-16595\"><a href=\"https:\/\/drpabloifran.com\/pt-br\/contato\/\" class=\"elementor-sub-item\">Contato<\/a><\/li>\n<\/ul>\n<\/li>\n<li class=\"menu-item menu-item-type-custom menu-item-object-custom menu-item-16596\"><a href=\"https:\/\/drpabloifran.com\/pt-br\/blogue\/\" class=\"elementor-item\">Not\u00edcias<\/a><\/li>\n<li class=\"menu-item wpml-ls-slot-173 wpml-ls-item wpml-ls-item-pt-br wpml-ls-current-language wpml-ls-menu-item wpml-ls-first-item menu-item-type-wpml_ls_menu_item menu-item-object-wpml_ls_menu_item menu-item-has-children menu-item-wpml-ls-173-pt-br\"><a href=\"https:\/\/drpabloifran.com\/pt-br\/\" role=\"menuitem\" class=\"elementor-item\"><span class=\"wpml-ls-native\" lang=\"pt-br\">Portugu\u00eas<\/span><\/a>\n<ul class=\"sub-menu elementor-nav-menu--dropdown\">\n\t<li class=\"menu-item wpml-ls-slot-173 wpml-ls-item wpml-ls-item-es wpml-ls-menu-item wpml-ls-last-item menu-item-type-wpml_ls_menu_item menu-item-object-wpml_ls_menu_item menu-item-wpml-ls-173-es\"><a href=\"https:\/\/drpabloifran.com\/\" title=\"Mudar para Espa\u00f1ol\" aria-label=\"Mudar para Espa\u00f1ol\" role=\"menuitem\" class=\"elementor-sub-item\"><span class=\"wpml-ls-native\" lang=\"es\">Espa\u00f1ol<\/span><\/a><\/li>\n<\/ul>\n<\/li>\n<\/ul>\t\t\t<\/nav>\n\t\t\t\t\t<div class=\"elementor-menu-toggle\" role=\"button\" tabindex=\"0\" aria-label=\"Alternar menu\" aria-expanded=\"false\">\n\t\t\t<i aria-hidden=\"true\" role=\"presentation\" class=\"elementor-menu-toggle__icon--open eicon-menu-bar\"><\/i><i aria-hidden=\"true\" role=\"presentation\" class=\"elementor-menu-toggle__icon--close eicon-close\"><\/i>\t\t<\/div>\n\t\t\t\t\t<nav class=\"elementor-nav-menu--dropdown elementor-nav-menu__container\" aria-hidden=\"true\">\n\t\t\t\t<ul id=\"menu-2-145f0ec8\" class=\"elementor-nav-menu\"><li class=\"menu-item menu-item-type-custom menu-item-object-custom menu-item-16565\"><a href=\"https:\/\/drpabloifran.com\/pt-br\/sobre-mim\/\" class=\"elementor-item\" tabindex=\"-1\">Sobre mim<\/a><\/li>\n<li class=\"menu-item menu-item-type-custom menu-item-object-custom menu-item-has-children menu-item-16566\"><a href=\"#\" class=\"elementor-item elementor-item-anchor\" tabindex=\"-1\">Tratamentos<\/a>\n<ul class=\"sub-menu elementor-nav-menu--dropdown\">\n\t<li class=\"menu-item menu-item-type-custom menu-item-object-custom menu-item-16567\"><a href=\"https:\/\/drpabloifran.com\/pt-br\/rugas-e-perda-de-elasticidade\/\" class=\"elementor-sub-item\" tabindex=\"-1\">Rugas e Perda de Elasticidade<\/a><\/li>\n\t<li class=\"menu-item menu-item-type-custom menu-item-object-custom menu-item-16568\"><a href=\"https:\/\/drpabloifran.com\/pt-br\/cicatrizes-e-lesoes-cutaneas\/\" class=\"elementor-sub-item\" tabindex=\"-1\">Cicatrizes e les\u00f5es cut\u00e2neas<\/a><\/li>\n\t<li class=\"menu-item menu-item-type-custom menu-item-object-custom menu-item-16569\"><a href=\"https:\/\/drpabloifran.com\/pt-br\/celulite\/\" class=\"elementor-sub-item\" tabindex=\"-1\">Celulite<\/a><\/li>\n\t<li class=\"menu-item menu-item-type-custom menu-item-object-custom menu-item-16570\"><a href=\"https:\/\/drpabloifran.com\/pt-br\/sebo-e-impurezas-da-pele\/\" class=\"elementor-sub-item\" tabindex=\"-1\">Sebo e Impurezas da Pele<\/a><\/li>\n\t<li class=\"menu-item menu-item-type-custom menu-item-object-custom menu-item-16571\"><a href=\"https:\/\/drpabloifran.com\/pt-br\/adiposidade-localizada-e-excesso-de-peso\/\" class=\"elementor-sub-item\" tabindex=\"-1\">Adiposidade localizada e excesso de peso<\/a><\/li>\n\t<li class=\"menu-item menu-item-type-custom menu-item-object-custom menu-item-16572\"><a href=\"https:\/\/drpabloifran.com\/pt-br\/depilacao\/\" class=\"elementor-sub-item\" tabindex=\"-1\">Depila\u00e7\u00e3o<\/a><\/li>\n\t<li class=\"menu-item menu-item-type-custom menu-item-object-custom menu-item-16573\"><a href=\"https:\/\/drpabloifran.com\/pt-br\/mesoterapia-capilar\/\" class=\"elementor-sub-item\" tabindex=\"-1\">Mesoterapia capilar<\/a><\/li>\n\t<li class=\"menu-item menu-item-type-custom menu-item-object-custom menu-item-16574\"><a href=\"https:\/\/drpabloifran.com\/pt-br\/prevencao\/\" class=\"elementor-sub-item\" tabindex=\"-1\">Preven\u00e7\u00e3o<\/a><\/li>\n<\/ul>\n<\/li>\n<li class=\"menu-item menu-item-type-custom menu-item-object-custom menu-item-has-children menu-item-16575\"><a href=\"#\" class=\"elementor-item elementor-item-anchor\" tabindex=\"-1\">Tratamentos capilares<\/a>\n<ul class=\"sub-menu elementor-nav-menu--dropdown\">\n\t<li class=\"menu-item menu-item-type-custom menu-item-object-custom menu-item-has-children menu-item-16576\"><a href=\"#\" class=\"elementor-sub-item elementor-item-anchor\" tabindex=\"-1\">Transplante de cabelo<\/a>\n\t<ul class=\"sub-menu elementor-nav-menu--dropdown\">\n\t\t<li class=\"menu-item menu-item-type-custom menu-item-object-custom menu-item-16577\"><a href=\"https:\/\/drpabloifran.com\/pt-br\/transplante-capilar\/tecnica-fue-de-transplante-capilar\/\" class=\"elementor-sub-item\" tabindex=\"-1\">T\u00e9cnica FUE de Transplante Capilar<\/a><\/li>\n\t\t<li class=\"menu-item menu-item-type-custom menu-item-object-custom menu-item-16578\"><a href=\"https:\/\/drpabloifran.com\/pt-br\/transplante-capilar\/transplante-de-barba\/\" class=\"elementor-sub-item\" tabindex=\"-1\">Transplante de barba<\/a><\/li>\n\t\t<li class=\"menu-item menu-item-type-custom menu-item-object-custom menu-item-16579\"><a href=\"https:\/\/drpabloifran.com\/pt-br\/transplante-capilar\/transplante-de-sobrancelha\/\" class=\"elementor-sub-item\" tabindex=\"-1\">Transplante de sobrancelha<\/a><\/li>\n\t<\/ul>\n<\/li>\n\t<li class=\"menu-item menu-item-type-custom menu-item-object-custom menu-item-has-children menu-item-16580\"><a href=\"#\" class=\"elementor-sub-item elementor-item-anchor\" tabindex=\"-1\">Mesoterapia capilar<\/a>\n\t<ul class=\"sub-menu elementor-nav-menu--dropdown\">\n\t\t<li class=\"menu-item menu-item-type-custom menu-item-object-custom menu-item-16581\"><a href=\"https:\/\/drpabloifran.com\/pt-br\/mesoterapia-capilar\/mesoterapia-com-prp\/\" class=\"elementor-sub-item\" tabindex=\"-1\">Mesoterapia com PRP<\/a><\/li>\n\t\t<li class=\"menu-item menu-item-type-custom menu-item-object-custom menu-item-16582\"><a href=\"https:\/\/drpabloifran.com\/pt-br\/mesoterapia-capilar\/mesoterapia-com-ingredientes-ativos-e-fatores-de-crescimento\/\" class=\"elementor-sub-item\" tabindex=\"-1\">Mesoterapia com ingredientes ativos e fatores de crescimento<\/a><\/li>\n\t<\/ul>\n<\/li>\n\t<li class=\"menu-item menu-item-type-custom menu-item-object-custom menu-item-has-children menu-item-16583\"><a href=\"#\" class=\"elementor-sub-item elementor-item-anchor\" tabindex=\"-1\">Queda de cabelo<\/a>\n\t<ul class=\"sub-menu elementor-nav-menu--dropdown\">\n\t\t<li class=\"menu-item menu-item-type-custom menu-item-object-custom menu-item-16584\"><a href=\"https:\/\/drpabloifran.com\/pt-br\/alopecia-androgenetica-masculina\/\" class=\"elementor-sub-item\" tabindex=\"-1\">Alopecia androgen\u00e9tica masculina<\/a><\/li>\n\t\t<li class=\"menu-item menu-item-type-custom menu-item-object-custom menu-item-16585\"><a href=\"https:\/\/drpabloifran.com\/pt-br\/alopecia-androgenetica-feminina\/\" class=\"elementor-sub-item\" tabindex=\"-1\">Alopecia androgen\u00e9tica feminina<\/a><\/li>\n\t\t<li class=\"menu-item menu-item-type-custom menu-item-object-custom menu-item-16586\"><a href=\"https:\/\/drpabloifran.com\/pt-br\/efluvio-telogeno\/\" class=\"elementor-sub-item\" tabindex=\"-1\">Efl\u00favio tel\u00f3geno<\/a><\/li>\n\t\t<li class=\"menu-item menu-item-type-custom menu-item-object-custom menu-item-16587\"><a href=\"https:\/\/drpabloifran.com\/pt-br\/alopecia-areata\/\" class=\"elementor-sub-item\" tabindex=\"-1\">Alopecia areata<\/a><\/li>\n\t\t<li class=\"menu-item menu-item-type-custom menu-item-object-custom menu-item-16588\"><a href=\"https:\/\/drpabloifran.com\/pt-br\/alopecia-fibrosante-frontal\/\" class=\"elementor-sub-item\" tabindex=\"-1\">Alopecia fibrosante frontal<\/a><\/li>\n\t\t<li class=\"menu-item menu-item-type-custom menu-item-object-custom menu-item-16589\"><a href=\"https:\/\/drpabloifran.com\/pt-br\/foliculite-decalvanans\/\" class=\"elementor-sub-item\" tabindex=\"-1\">Foliculite decalvanans<\/a><\/li>\n\t\t<li class=\"menu-item menu-item-type-custom menu-item-object-custom menu-item-16590\"><a href=\"https:\/\/drpabloifran.com\/pt-br\/pilar-do-liquen-plano\/\" class=\"elementor-sub-item\" tabindex=\"-1\">Pilar do l\u00edquen plano<\/a><\/li>\n\t<\/ul>\n<\/li>\n<\/ul>\n<\/li>\n<li class=\"menu-item menu-item-type-custom menu-item-object-custom menu-item-16591\"><a href=\"https:\/\/drpabloifran.com\/pt-br\/tecnologia-laser\/\" class=\"elementor-item\" tabindex=\"-1\">Tecnologia laser<\/a><\/li>\n<li class=\"menu-item menu-item-type-custom menu-item-object-custom menu-item-has-children menu-item-16592\"><a href=\"#\" class=\"elementor-item elementor-item-anchor\" tabindex=\"-1\">Pacientes<\/a>\n<ul class=\"sub-menu elementor-nav-menu--dropdown\">\n\t<li class=\"menu-item menu-item-type-custom menu-item-object-custom menu-item-16593\"><a href=\"https:\/\/drpabloifran.com\/pt-br\/perguntas-frequentes\/\" class=\"elementor-sub-item\" tabindex=\"-1\">Perguntas frequentes<\/a><\/li>\n\t<li class=\"menu-item menu-item-type-custom menu-item-object-custom menu-item-16594\"><a href=\"https:\/\/drpabloifran.com\/pt-br\/a-consulta-estetica\/\" class=\"elementor-sub-item\" tabindex=\"-1\">A consulta de est\u00e9tica<\/a><\/li>\n\t<li class=\"menu-item menu-item-type-custom menu-item-object-custom menu-item-16595\"><a href=\"https:\/\/drpabloifran.com\/pt-br\/contato\/\" class=\"elementor-sub-item\" tabindex=\"-1\">Contato<\/a><\/li>\n<\/ul>\n<\/li>\n<li class=\"menu-item menu-item-type-custom menu-item-object-custom menu-item-16596\"><a href=\"https:\/\/drpabloifran.com\/pt-br\/blogue\/\" class=\"elementor-item\" tabindex=\"-1\">Not\u00edcias<\/a><\/li>\n<li class=\"menu-item wpml-ls-slot-173 wpml-ls-item wpml-ls-item-pt-br wpml-ls-current-language wpml-ls-menu-item wpml-ls-first-item menu-item-type-wpml_ls_menu_item menu-item-object-wpml_ls_menu_item menu-item-has-children menu-item-wpml-ls-173-pt-br\"><a href=\"https:\/\/drpabloifran.com\/pt-br\/\" role=\"menuitem\" class=\"elementor-item\" tabindex=\"-1\"><span class=\"wpml-ls-native\" lang=\"pt-br\">Portugu\u00eas<\/span><\/a>\n<ul class=\"sub-menu elementor-nav-menu--dropdown\">\n\t<li class=\"menu-item wpml-ls-slot-173 wpml-ls-item wpml-ls-item-es wpml-ls-menu-item wpml-ls-last-item menu-item-type-wpml_ls_menu_item menu-item-object-wpml_ls_menu_item menu-item-wpml-ls-173-es\"><a href=\"https:\/\/drpabloifran.com\/\" title=\"Mudar para Espa\u00f1ol\" aria-label=\"Mudar para Espa\u00f1ol\" role=\"menuitem\" class=\"elementor-sub-item\" tabindex=\"-1\"><span class=\"wpml-ls-native\" lang=\"es\">Espa\u00f1ol<\/span><\/a><\/li>\n<\/ul>\n<\/li>\n<\/ul>\t\t\t<\/nav>\n\t\t\t\t\t\t<\/div>\n\t\t\t\t<\/div>\n\t\t\t\t\t<\/div>\n\t\t<\/div>\n\t\t\t\t<div class=\"elementor-column elementor-col-25 elementor-top-column elementor-element elementor-element-36b40e27\" data-id=\"36b40e27\" data-element_type=\"column\" data-e-type=\"column\">\n\t\t\t<div class=\"elementor-widget-wrap\">\n\t\t\t\t\t\t\t<\/div>\n\t\t<\/div>\n\t\t\t\t<div class=\"elementor-column elementor-col-25 elementor-top-column elementor-element elementor-element-58c16e91\" data-id=\"58c16e91\" data-element_type=\"column\" data-e-type=\"column\">\n\t\t\t<div class=\"elementor-widget-wrap elementor-element-populated\">\n\t\t\t\t\t\t<div class=\"elementor-element elementor-element-13bf0e6b elementor-view-default elementor-widget elementor-widget-icon\" data-id=\"13bf0e6b\" data-element_type=\"widget\" data-e-type=\"widget\" data-widget_type=\"icon.default\">\n\t\t\t\t<div class=\"elementor-widget-container\">\n\t\t\t\t\t\t\t<div class=\"elementor-icon-wrapper\">\n\t\t\t<a class=\"elementor-icon\" href=\"#elementor-action%3Aaction%3Dpopup%3Aopen%26settings%3DeyJpZCI6MTYzMzIsInRvZ2dsZSI6ZmFsc2V9\">\n\t\t\t<i aria-hidden=\"true\" class=\"icon icon-menu1\"><\/i>\t\t\t<\/a>\n\t\t<\/div>\n\t\t\t\t\t\t<\/div>\n\t\t\t\t<\/div>\n\t\t\t\t\t<\/div>\n\t\t<\/div>\n\t\t\t\t\t<\/div>\n\t\t<\/section>\n\t\t        \t\t<section class=\"elementor-section elementor-top-section elementor-element elementor-element-f062163 elementor-section-full_width elementor-section-height-min-height elementor-section-stretched elementor-section-height-default elementor-section-items-middle\" data-id=\"f062163\" data-element_type=\"section\" data-e-type=\"section\" data-settings=\"{&quot;stretch_section&quot;:&quot;section-stretched&quot;}\">\n\t\t\t\t\t\t<div class=\"elementor-container elementor-column-gap-default\">\n\t\t\t\t\t<div class=\"elementor-column elementor-col-100 elementor-top-column elementor-element elementor-element-6477795\" data-id=\"6477795\" data-element_type=\"column\" data-e-type=\"column\">\n\t\t\t<div class=\"elementor-widget-wrap elementor-element-populated\">\n\t\t\t\t\t\t<div class=\"elementor-element elementor-element-fbf486d elementor-widget-tablet__width-initial elementor--h-position-center elementor--v-position-middle elementor-arrows-position-inside elementor-pagination-position-inside elementor-widget elementor-widget-slides\" data-id=\"fbf486d\" data-element_type=\"widget\" data-e-type=\"widget\" data-settings=\"{&quot;autoplay_speed&quot;:4000,&quot;navigation&quot;:&quot;both&quot;,&quot;autoplay&quot;:&quot;yes&quot;,&quot;infinite&quot;:&quot;yes&quot;,&quot;transition&quot;:&quot;slide&quot;,&quot;transition_speed&quot;:500}\" data-widget_type=\"slides.default\">\n\t\t\t\t<div class=\"elementor-widget-container\">\n\t\t\t\t\t\t\t\t\t<div class=\"elementor-swiper\">\n\t\t\t\t\t<div class=\"elementor-slides-wrapper elementor-main-swiper swiper\" role=\"region\" aria-roledescription=\"carousel\" aria-label=\"Slides\" dir=\"ltr\" data-animation=\"fadeInUp\">\n\t\t\t\t<div class=\"swiper-wrapper elementor-slides\">\n\t\t\t\t\t\t\t\t\t\t<div class=\"elementor-repeater-item-178e6cd swiper-slide\" role=\"group\" aria-roledescription=\"slide\"><div class=\"swiper-slide-bg\" role=\"img\" aria-label=\"Tratamientos contra la adiposidad localizada y el sobrepeso\"><\/div><div class=\"swiper-slide-inner\" ><div class=\"swiper-slide-contents\"><h1 class=\"elementor-slide-heading\">Tratamentos contra adiposidade localizada e excesso de peso<\/h1><div class=\"elementor-slide-description\"><p>Alcance o seu ideal de beleza e sa\u00fade com os nossos tratamentos inovadores para combater a adiposidade localizada e o excesso de peso. Aproveite a tecnologia de ponta e conselhos personalizados para transformar seu corpo e melhorar sua qualidade de vida. <\/p>\n<\/div><\/div><\/div><\/div>\t\t\t\t<\/div>\n\t\t\t\t\t\t\t<\/div>\n\t\t\t\t<\/div>\n\t\t\t\t\t\t\t\t<\/div>\n\t\t\t\t<\/div>\n\t\t\t\t\t<\/div>\n\t\t<\/div>\n\t\t\t\t\t<\/div>\n\t\t<\/section>\n\t\t        \t\t<section class=\"elementor-section elementor-top-section elementor-element elementor-element-20fe8013 elementor-section-boxed elementor-section-height-default elementor-section-height-default\" data-id=\"20fe8013\" data-element_type=\"section\" data-e-type=\"section\">\n\t\t\t\t\t\t<div class=\"elementor-container elementor-column-gap-default\">\n\t\t\t\t\t<div class=\"elementor-column elementor-col-100 elementor-top-column elementor-element elementor-element-408fd5d2\" data-id=\"408fd5d2\" data-element_type=\"column\" data-e-type=\"column\">\n\t\t\t<div class=\"elementor-widget-wrap elementor-element-populated\">\n\t\t\t\t\t\t<div class=\"elementor-element elementor-element-65a45ba7 elementor-widget elementor-widget-heading\" data-id=\"65a45ba7\" data-element_type=\"widget\" data-e-type=\"widget\" data-widget_type=\"heading.default\">\n\t\t\t\t<div class=\"elementor-widget-container\">\n\t\t\t\t\t<h2 class=\"elementor-heading-title elementor-size-default\">TRATAMENTOS ESPEC\u00cdFICOS<\/h2>\t\t\t\t<\/div>\n\t\t\t\t<\/div>\n\t\t\t\t\t<\/div>\n\t\t<\/div>\n\t\t\t\t\t<\/div>\n\t\t<\/section>\n\t\t        \t\t<section class=\"elementor-section elementor-top-section elementor-element elementor-element-5d74a84f elementor-section-boxed elementor-section-height-default elementor-section-height-default\" data-id=\"5d74a84f\" data-element_type=\"section\" data-e-type=\"section\">\n\t\t\t\t\t\t<div class=\"elementor-container elementor-column-gap-default\">\n\t\t\t\t\t<div class=\"elementor-column elementor-col-100 elementor-top-column elementor-element elementor-element-4866bbf1\" data-id=\"4866bbf1\" data-element_type=\"column\" data-e-type=\"column\">\n\t\t\t<div class=\"elementor-widget-wrap elementor-element-populated\">\n\t\t\t\t\t\t<div class=\"elementor-element elementor-element-70b27689 elementor-grid-3 elementor-grid-tablet-2 elementor-grid-mobile-1 elementor-posts--thumbnail-top elementor-card-shadow-yes elementor-posts__hover-gradient elementor-widget elementor-widget-posts\" data-id=\"70b27689\" data-element_type=\"widget\" data-e-type=\"widget\" data-settings=\"{&quot;cards_columns&quot;:&quot;3&quot;,&quot;cards_columns_tablet&quot;:&quot;2&quot;,&quot;cards_columns_mobile&quot;:&quot;1&quot;,&quot;cards_row_gap&quot;:{&quot;unit&quot;:&quot;px&quot;,&quot;size&quot;:35,&quot;sizes&quot;:[]},&quot;cards_row_gap_tablet&quot;:{&quot;unit&quot;:&quot;px&quot;,&quot;size&quot;:&quot;&quot;,&quot;sizes&quot;:[]},&quot;cards_row_gap_mobile&quot;:{&quot;unit&quot;:&quot;px&quot;,&quot;size&quot;:&quot;&quot;,&quot;sizes&quot;:[]}}\" data-widget_type=\"posts.cards\">\n\t\t\t\t<div class=\"elementor-widget-container\">\n\t\t\t\t\t\t\t<div class=\"elementor-posts-container elementor-posts elementor-posts--skin-cards elementor-grid\" role=\"list\">\n\t\t\t\t<article class=\"elementor-post elementor-grid-item post-16471 portfolio type-portfolio status-publish has-post-thumbnail hentry portfolio-categories-adiposidad-localizada-y-sobrepeso\" role=\"listitem\">\n\t\t\t<div class=\"elementor-post__card\">\n\t\t\t\t<a class=\"elementor-post__thumbnail__link\" href=\"https:\/\/drpabloifran.com\/pt-br\/portfolio\/m-estimulacao-muscular-slim-cm-slim\/\" tabindex=\"-1\" ><div class=\"elementor-post__thumbnail\"><img fetchpriority=\"high\" decoding=\"async\" width=\"768\" height=\"572\" src=\"https:\/\/drpabloifran.com\/wp-content\/uploads\/2021\/12\/DSC_1514-768x572.jpeg\" class=\"attachment-medium_large size-medium_large wp-image-16216\" alt=\"\" srcset=\"https:\/\/drpabloifran.com\/wp-content\/uploads\/2021\/12\/DSC_1514-768x572.jpeg 768w, https:\/\/drpabloifran.com\/wp-content\/uploads\/2021\/12\/DSC_1514-600x447.jpeg 600w, https:\/\/drpabloifran.com\/wp-content\/uploads\/2021\/12\/DSC_1514-900x671.jpeg 900w, https:\/\/drpabloifran.com\/wp-content\/uploads\/2021\/12\/DSC_1514-300x224.jpeg 300w, https:\/\/drpabloifran.com\/wp-content\/uploads\/2021\/12\/DSC_1514.jpeg 1000w\" sizes=\"(max-width: 768px) 100vw, 768px\" \/><\/div><\/a>\n\t\t\t\t<div class=\"elementor-post__text\">\n\t\t\t\t<h3 class=\"elementor-post__title\">\n\t\t\t<a href=\"https:\/\/drpabloifran.com\/pt-br\/portfolio\/m-estimulacao-muscular-slim-cm-slim\/\" >\n\t\t\t\tM Estimula\u00e7\u00e3o Muscular Slim (CM Slim\u00ae)\t\t\t<\/a>\n\t\t<\/h3>\n\t\t\t\t<\/div>\n\t\t\t\t\t<\/div>\n\t\t<\/article>\n\t\t\t\t<article class=\"elementor-post elementor-grid-item post-16494 portfolio type-portfolio status-publish has-post-thumbnail hentry portfolio-categories-adiposidad-localizada-y-sobrepeso\" role=\"listitem\">\n\t\t\t<div class=\"elementor-post__card\">\n\t\t\t\t<a class=\"elementor-post__thumbnail__link\" href=\"https:\/\/drpabloifran.com\/pt-br\/portfolio\/abordagem-nutricional-personalizada-2\/\" tabindex=\"-1\" ><div class=\"elementor-post__thumbnail\"><img decoding=\"async\" width=\"768\" height=\"576\" src=\"https:\/\/drpabloifran.com\/wp-content\/uploads\/2021\/12\/1-2-768x576.jpg\" class=\"attachment-medium_large size-medium_large wp-image-16182\" alt=\"\" srcset=\"https:\/\/drpabloifran.com\/wp-content\/uploads\/2021\/12\/1-2-768x576.jpg 768w, https:\/\/drpabloifran.com\/wp-content\/uploads\/2021\/12\/1-2-600x450.jpg 600w, https:\/\/drpabloifran.com\/wp-content\/uploads\/2021\/12\/1-2-900x675.jpg 900w, https:\/\/drpabloifran.com\/wp-content\/uploads\/2021\/12\/1-2-300x225.jpg 300w, https:\/\/drpabloifran.com\/wp-content\/uploads\/2021\/12\/1-2.jpg 1024w\" sizes=\"(max-width: 768px) 100vw, 768px\" \/><\/div><\/a>\n\t\t\t\t<div class=\"elementor-post__text\">\n\t\t\t\t<h3 class=\"elementor-post__title\">\n\t\t\t<a href=\"https:\/\/drpabloifran.com\/pt-br\/portfolio\/abordagem-nutricional-personalizada-2\/\" >\n\t\t\t\tAbordagem nutricional personalizada\t\t\t<\/a>\n\t\t<\/h3>\n\t\t\t\t<\/div>\n\t\t\t\t\t<\/div>\n\t\t<\/article>\n\t\t\t\t<article class=\"elementor-post elementor-grid-item post-16511 portfolio type-portfolio status-publish has-post-thumbnail hentry portfolio-categories-adiposidad-localizada-y-sobrepeso\" role=\"listitem\">\n\t\t\t<div class=\"elementor-post__card\">\n\t\t\t\t<a class=\"elementor-post__thumbnail__link\" href=\"https:\/\/drpabloifran.com\/pt-br\/portfolio\/radiofrequencia-corporal-accent\/\" tabindex=\"-1\" ><div class=\"elementor-post__thumbnail\"><img loading=\"lazy\" decoding=\"async\" width=\"768\" height=\"1100\" src=\"https:\/\/drpabloifran.com\/wp-content\/uploads\/2021\/12\/DSC_1557-768x1100.jpg\" class=\"attachment-medium_large size-medium_large wp-image-16217\" alt=\"Tratamientos contra la adiposidad localizada y el sobrepeso\" srcset=\"https:\/\/drpabloifran.com\/wp-content\/uploads\/2021\/12\/DSC_1557-768x1100.jpg 768w, https:\/\/drpabloifran.com\/wp-content\/uploads\/2021\/12\/DSC_1557-600x859.jpg 600w, https:\/\/drpabloifran.com\/wp-content\/uploads\/2021\/12\/DSC_1557-900x1289.jpg 900w, https:\/\/drpabloifran.com\/wp-content\/uploads\/2021\/12\/DSC_1557-209x300.jpg 209w, https:\/\/drpabloifran.com\/wp-content\/uploads\/2021\/12\/DSC_1557-715x1024.jpg 715w, https:\/\/drpabloifran.com\/wp-content\/uploads\/2021\/12\/DSC_1557.jpg 1000w\" sizes=\"(max-width: 768px) 100vw, 768px\" \/><\/div><\/a>\n\t\t\t\t<div class=\"elementor-post__text\">\n\t\t\t\t<h3 class=\"elementor-post__title\">\n\t\t\t<a href=\"https:\/\/drpabloifran.com\/pt-br\/portfolio\/radiofrequencia-corporal-accent\/\" >\n\t\t\t\tRadiofrequ\u00eancia corporal (ACCENT)\t\t\t<\/a>\n\t\t<\/h3>\n\t\t\t\t<\/div>\n\t\t\t\t\t<\/div>\n\t\t<\/article>\n\t\t\t\t<article class=\"elementor-post elementor-grid-item post-16509 portfolio type-portfolio status-publish has-post-thumbnail hentry portfolio-categories-adiposidad-localizada-y-sobrepeso portfolio-categories-prevencion\" role=\"listitem\">\n\t\t\t<div class=\"elementor-post__card\">\n\t\t\t\t<a class=\"elementor-post__thumbnail__link\" href=\"https:\/\/drpabloifran.com\/pt-br\/portfolio\/exercicio-fisico-personalizado\/\" tabindex=\"-1\" ><div class=\"elementor-post__thumbnail\"><img loading=\"lazy\" decoding=\"async\" width=\"768\" height=\"576\" src=\"https:\/\/drpabloifran.com\/wp-content\/uploads\/2021\/12\/3-1-768x576.jpg\" class=\"attachment-medium_large size-medium_large wp-image-16184\" alt=\"\" srcset=\"https:\/\/drpabloifran.com\/wp-content\/uploads\/2021\/12\/3-1-768x576.jpg 768w, https:\/\/drpabloifran.com\/wp-content\/uploads\/2021\/12\/3-1-600x450.jpg 600w, https:\/\/drpabloifran.com\/wp-content\/uploads\/2021\/12\/3-1-900x675.jpg 900w, https:\/\/drpabloifran.com\/wp-content\/uploads\/2021\/12\/3-1-300x225.jpg 300w, https:\/\/drpabloifran.com\/wp-content\/uploads\/2021\/12\/3-1.jpg 1024w\" sizes=\"(max-width: 768px) 100vw, 768px\" \/><\/div><\/a>\n\t\t\t\t<div class=\"elementor-post__text\">\n\t\t\t\t<h3 class=\"elementor-post__title\">\n\t\t\t<a href=\"https:\/\/drpabloifran.com\/pt-br\/portfolio\/exercicio-fisico-personalizado\/\" >\n\t\t\t\tExerc\u00edcio f\u00edsico personalizado\t\t\t<\/a>\n\t\t<\/h3>\n\t\t\t\t<\/div>\n\t\t\t\t\t<\/div>\n\t\t<\/article>\n\t\t\t\t<article class=\"elementor-post elementor-grid-item post-16553 portfolio type-portfolio status-publish has-post-thumbnail hentry portfolio-categories-adiposidad-localizada-y-sobrepeso\" role=\"listitem\">\n\t\t\t<div class=\"elementor-post__card\">\n\t\t\t\t<a class=\"elementor-post__thumbnail__link\" href=\"https:\/\/drpabloifran.com\/pt-br\/portfolio\/intralipoterapia\/\" tabindex=\"-1\" ><div class=\"elementor-post__thumbnail\"><img loading=\"lazy\" decoding=\"async\" width=\"768\" height=\"576\" src=\"https:\/\/drpabloifran.com\/wp-content\/uploads\/2021\/12\/4-768x576.jpg\" class=\"attachment-medium_large size-medium_large wp-image-16185\" alt=\"\" srcset=\"https:\/\/drpabloifran.com\/wp-content\/uploads\/2021\/12\/4-768x576.jpg 768w, https:\/\/drpabloifran.com\/wp-content\/uploads\/2021\/12\/4-600x450.jpg 600w, https:\/\/drpabloifran.com\/wp-content\/uploads\/2021\/12\/4-900x675.jpg 900w, https:\/\/drpabloifran.com\/wp-content\/uploads\/2021\/12\/4-300x225.jpg 300w, https:\/\/drpabloifran.com\/wp-content\/uploads\/2021\/12\/4.jpg 1024w\" sizes=\"(max-width: 768px) 100vw, 768px\" \/><\/div><\/a>\n\t\t\t\t<div class=\"elementor-post__text\">\n\t\t\t\t<h3 class=\"elementor-post__title\">\n\t\t\t<a href=\"https:\/\/drpabloifran.com\/pt-br\/portfolio\/intralipoterapia\/\" >\n\t\t\t\tIntralipoterapia\t\t\t<\/a>\n\t\t<\/h3>\n\t\t\t\t<\/div>\n\t\t\t\t\t<\/div>\n\t\t<\/article>\n\t\t\t\t<article class=\"elementor-post elementor-grid-item post-16479 portfolio type-portfolio status-publish has-post-thumbnail hentry portfolio-categories-adiposidad-localizada-y-sobrepeso\" role=\"listitem\">\n\t\t\t<div class=\"elementor-post__card\">\n\t\t\t\t<a class=\"elementor-post__thumbnail__link\" href=\"https:\/\/drpabloifran.com\/pt-br\/portfolio\/criolipolise-micool\/\" tabindex=\"-1\" ><div class=\"elementor-post__thumbnail\"><img loading=\"lazy\" decoding=\"async\" width=\"768\" height=\"1024\" src=\"https:\/\/drpabloifran.com\/wp-content\/uploads\/2021\/12\/Cri\u0301o-768x1024.jpg\" class=\"attachment-medium_large size-medium_large wp-image-16177\" alt=\"\" srcset=\"https:\/\/drpabloifran.com\/wp-content\/uploads\/2021\/12\/Cri\u0301o-768x1024.jpg 768w, https:\/\/drpabloifran.com\/wp-content\/uploads\/2021\/12\/Cri\u0301o-scaled-600x800.jpg 600w, https:\/\/drpabloifran.com\/wp-content\/uploads\/2021\/12\/Cri\u0301o-scaled-900x1200.jpg 900w, https:\/\/drpabloifran.com\/wp-content\/uploads\/2021\/12\/Cri\u0301o-225x300.jpg 225w, https:\/\/drpabloifran.com\/wp-content\/uploads\/2021\/12\/Cri\u0301o-1152x1536.jpg 1152w, https:\/\/drpabloifran.com\/wp-content\/uploads\/2021\/12\/Cri\u0301o-1536x2048.jpg 1536w, https:\/\/drpabloifran.com\/wp-content\/uploads\/2021\/12\/Cri\u0301o-scaled.jpg 1920w\" sizes=\"(max-width: 768px) 100vw, 768px\" \/><\/div><\/a>\n\t\t\t\t<div class=\"elementor-post__text\">\n\t\t\t\t<h3 class=\"elementor-post__title\">\n\t\t\t<a href=\"https:\/\/drpabloifran.com\/pt-br\/portfolio\/criolipolise-micool\/\" >\n\t\t\t\tCriolip\u00f3lise (Micool)\t\t\t<\/a>\n\t\t<\/h3>\n\t\t\t\t<\/div>\n\t\t\t\t\t<\/div>\n\t\t<\/article>\n\t\t\t\t<\/div>\n\t\t\n\t\t\t\t\t\t<\/div>\n\t\t\t\t<\/div>\n\t\t\t\t\t<\/div>\n\t\t<\/div>\n\t\t\t\t\t<\/div>\n\t\t<\/section>\n\t\t        \t\t<section class=\"elementor-section elementor-top-section elementor-element elementor-element-502c8826 elementor-section-boxed elementor-section-height-default elementor-section-height-default\" data-id=\"502c8826\" data-element_type=\"section\" data-e-type=\"section\">\n\t\t\t\t\t\t<div class=\"elementor-container elementor-column-gap-default\">\n\t\t\t\t\t<div class=\"elementor-column elementor-col-100 elementor-top-column elementor-element elementor-element-2fbfce91\" data-id=\"2fbfce91\" data-element_type=\"column\" data-e-type=\"column\">\n\t\t\t<div class=\"elementor-widget-wrap elementor-element-populated\">\n\t\t\t\t\t\t<div class=\"elementor-element elementor-element-7d87616a elementor-widget elementor-widget-heading\" data-id=\"7d87616a\" data-element_type=\"widget\" data-e-type=\"widget\" data-widget_type=\"heading.default\">\n\t\t\t\t<div class=\"elementor-widget-container\">\n\t\t\t\t\t<h2 class=\"elementor-heading-title elementor-size-default\">Perguntas frequentes sobre  Criolip\u00f3lise (Micool)<\/h2>\t\t\t\t<\/div>\n\t\t\t\t<\/div>\n\t\t\t\t<div class=\"elementor-element elementor-element-145ba05 elementor-widget elementor-widget-text-editor\" data-id=\"145ba05\" data-element_type=\"widget\" data-e-type=\"widget\" data-widget_type=\"text-editor.default\">\n\t\t\t\t<div class=\"elementor-widget-container\">\n\t\t\t\t\t\t\t\t\t<p>A adiposidade localizada, tamb\u00e9m conhecida como obesidade localizada, refere-se \u00e0 concentra\u00e7\u00e3o de gordura em \u00e1reas espec\u00edficas do corpo, al\u00e9m da obesidade ou do sobrepeso geral. Esse ac\u00famulo de gordura se deve a fatores e mecanismos diferentes daqueles que causam a obesidade geral, permitindo que mesmo indiv\u00edduos com peso normal tenham dep\u00f3sitos de gordura localizados, coloquialmente conhecidos como &#8220;gordinhos&#8221;, sem apresentar outras anormalidades. <\/p>\t\t\t\t\t\t\t\t<\/div>\n\t\t\t\t<\/div>\n\t\t\t\t\t<\/div>\n\t\t<\/div>\n\t\t\t\t\t<\/div>\n\t\t<\/section>\n\t\t        \t\t<section class=\"elementor-section elementor-top-section elementor-element elementor-element-f492753 elementor-section-boxed elementor-section-height-default elementor-section-height-default\" data-id=\"f492753\" data-element_type=\"section\" data-e-type=\"section\">\n\t\t\t\t\t\t<div class=\"elementor-container elementor-column-gap-default\">\n\t\t\t\t\t<div class=\"elementor-column elementor-col-100 elementor-top-column elementor-element elementor-element-d7adfdd\" data-id=\"d7adfdd\" data-element_type=\"column\" data-e-type=\"column\">\n\t\t\t<div class=\"elementor-widget-wrap elementor-element-populated\">\n\t\t\t\t\t\t<div class=\"elementor-element elementor-element-11a3e54 elementor-widget elementor-widget-accordion\" data-id=\"11a3e54\" data-element_type=\"widget\" data-e-type=\"widget\" data-widget_type=\"accordion.default\">\n\t\t\t\t<div class=\"elementor-widget-container\">\n\t\t\t\t\t\t\t<div class=\"elementor-accordion\">\n\t\t\t\t\t\t\t<div class=\"elementor-accordion-item\">\n\t\t\t\t\t<h3 id=\"elementor-tab-title-1841\" class=\"elementor-tab-title\" data-tab=\"1\" role=\"button\" aria-controls=\"elementor-tab-content-1841\" aria-expanded=\"false\">\n\t\t\t\t\t\t\t\t\t\t\t\t\t<span class=\"elementor-accordion-icon elementor-accordion-icon-left\" aria-hidden=\"true\">\n\t\t\t\t\t\t\t\t\t\t\t\t\t\t\t<span class=\"elementor-accordion-icon-closed\"><i class=\"fas fa-plus\"><\/i><\/span>\n\t\t\t\t\t\t\t\t<span class=\"elementor-accordion-icon-opened\"><i class=\"fas fa-minus\"><\/i><\/span>\n\t\t\t\t\t\t\t\t\t\t\t\t\t\t<\/span>\n\t\t\t\t\t\t\t\t\t\t\t\t<a class=\"elementor-accordion-title\" tabindex=\"0\">O que \u00e9 adiposidade localizada?<\/a>\n\t\t\t\t\t<\/h3>\n\t\t\t\t\t<div id=\"elementor-tab-content-1841\" class=\"elementor-tab-content elementor-clearfix\" data-tab=\"1\" role=\"region\" aria-labelledby=\"elementor-tab-title-1841\"><p>A adiposidade localizada refere-se ao ac\u00famulo de gordura em \u00e1reas espec\u00edficas do corpo, como abd\u00f4men, coxas, quadris ou bra\u00e7os, sem necessariamente a presen\u00e7a de sobrepeso ou obesidade geral. \u00c9 um fen\u00f4meno que pode afetar qualquer pessoa, independentemente do peso corporal total. <\/p>\n<\/div>\n\t\t\t\t<\/div>\n\t\t\t\t\t\t\t<div class=\"elementor-accordion-item\">\n\t\t\t\t\t<h3 id=\"elementor-tab-title-1842\" class=\"elementor-tab-title\" data-tab=\"2\" role=\"button\" aria-controls=\"elementor-tab-content-1842\" aria-expanded=\"false\">\n\t\t\t\t\t\t\t\t\t\t\t\t\t<span class=\"elementor-accordion-icon elementor-accordion-icon-left\" aria-hidden=\"true\">\n\t\t\t\t\t\t\t\t\t\t\t\t\t\t\t<span class=\"elementor-accordion-icon-closed\"><i class=\"fas fa-plus\"><\/i><\/span>\n\t\t\t\t\t\t\t\t<span class=\"elementor-accordion-icon-opened\"><i class=\"fas fa-minus\"><\/i><\/span>\n\t\t\t\t\t\t\t\t\t\t\t\t\t\t<\/span>\n\t\t\t\t\t\t\t\t\t\t\t\t<a class=\"elementor-accordion-title\" tabindex=\"0\">Como a adiposidade localizada \u00e9 diferente do excesso de peso?<\/a>\n\t\t\t\t\t<\/h3>\n\t\t\t\t\t<div id=\"elementor-tab-content-1842\" class=\"elementor-tab-content elementor-clearfix\" data-tab=\"2\" role=\"region\" aria-labelledby=\"elementor-tab-title-1842\"><p>Enquanto o excesso de peso envolve excesso de gordura corporal que afeta o corpo como um todo, a adiposidade localizada \u00e9 caracterizada por dep\u00f3sitos de gordura em \u00e1reas espec\u00edficas. Uma pessoa com peso normal pode ter adiposidade localizada sem ser classificada como sobrepeso ou obesidade. <\/p>\n<\/div>\n\t\t\t\t<\/div>\n\t\t\t\t\t\t\t<div class=\"elementor-accordion-item\">\n\t\t\t\t\t<h3 id=\"elementor-tab-title-1843\" class=\"elementor-tab-title\" data-tab=\"3\" role=\"button\" aria-controls=\"elementor-tab-content-1843\" aria-expanded=\"false\">\n\t\t\t\t\t\t\t\t\t\t\t\t\t<span class=\"elementor-accordion-icon elementor-accordion-icon-left\" aria-hidden=\"true\">\n\t\t\t\t\t\t\t\t\t\t\t\t\t\t\t<span class=\"elementor-accordion-icon-closed\"><i class=\"fas fa-plus\"><\/i><\/span>\n\t\t\t\t\t\t\t\t<span class=\"elementor-accordion-icon-opened\"><i class=\"fas fa-minus\"><\/i><\/span>\n\t\t\t\t\t\t\t\t\t\t\t\t\t\t<\/span>\n\t\t\t\t\t\t\t\t\t\t\t\t<a class=\"elementor-accordion-title\" tabindex=\"0\">Quais s\u00e3o as causas da adiposidade localizada?<\/a>\n\t\t\t\t\t<\/h3>\n\t\t\t\t\t<div id=\"elementor-tab-content-1843\" class=\"elementor-tab-content elementor-clearfix\" data-tab=\"3\" role=\"region\" aria-labelledby=\"elementor-tab-title-1843\"><p>As causas podem incluir fatores gen\u00e9ticos, hormonais e de estilo de vida, como dieta e falta de exerc\u00edcios. Ao contr\u00e1rio da obesidade geral, que se deve principalmente a um balan\u00e7o energ\u00e9tico positivo, a adiposidade localizada tamb\u00e9m pode ser influenciada pela distribui\u00e7\u00e3o natural da gordura no corpo. <\/p>\n<\/div>\n\t\t\t\t<\/div>\n\t\t\t\t\t\t\t<div class=\"elementor-accordion-item\">\n\t\t\t\t\t<h3 id=\"elementor-tab-title-1844\" class=\"elementor-tab-title\" data-tab=\"4\" role=\"button\" aria-controls=\"elementor-tab-content-1844\" aria-expanded=\"false\">\n\t\t\t\t\t\t\t\t\t\t\t\t\t<span class=\"elementor-accordion-icon elementor-accordion-icon-left\" aria-hidden=\"true\">\n\t\t\t\t\t\t\t\t\t\t\t\t\t\t\t<span class=\"elementor-accordion-icon-closed\"><i class=\"fas fa-plus\"><\/i><\/span>\n\t\t\t\t\t\t\t\t<span class=\"elementor-accordion-icon-opened\"><i class=\"fas fa-minus\"><\/i><\/span>\n\t\t\t\t\t\t\t\t\t\t\t\t\t\t<\/span>\n\t\t\t\t\t\t\t\t\t\t\t\t<a class=\"elementor-accordion-title\" tabindex=\"0\">\u00c9 poss\u00edvel eliminar a adiposidade localizada com exerc\u00edcios e dieta?<\/a>\n\t\t\t\t\t<\/h3>\n\t\t\t\t\t<div id=\"elementor-tab-content-1844\" class=\"elementor-tab-content elementor-clearfix\" data-tab=\"4\" role=\"region\" aria-labelledby=\"elementor-tab-title-1844\"><p>Exerc\u00edcios e uma dieta saud\u00e1vel podem ajudar a reduzir a gordura corporal geral e melhorar a composi\u00e7\u00e3o corporal. No entanto, em alguns casos, a adiposidade localizada pode ser resistente a esses m\u00e9todos e exigir tratamentos espec\u00edficos, como lipoaspira\u00e7\u00e3o, criolip\u00f3lise ou mesoterapia para sua redu\u00e7\u00e3o. <\/p>\n<\/div>\n\t\t\t\t<\/div>\n\t\t\t\t\t\t\t<div class=\"elementor-accordion-item\">\n\t\t\t\t\t<h3 id=\"elementor-tab-title-1845\" class=\"elementor-tab-title\" data-tab=\"5\" role=\"button\" aria-controls=\"elementor-tab-content-1845\" aria-expanded=\"false\">\n\t\t\t\t\t\t\t\t\t\t\t\t\t<span class=\"elementor-accordion-icon elementor-accordion-icon-left\" aria-hidden=\"true\">\n\t\t\t\t\t\t\t\t\t\t\t\t\t\t\t<span class=\"elementor-accordion-icon-closed\"><i class=\"fas fa-plus\"><\/i><\/span>\n\t\t\t\t\t\t\t\t<span class=\"elementor-accordion-icon-opened\"><i class=\"fas fa-minus\"><\/i><\/span>\n\t\t\t\t\t\t\t\t\t\t\t\t\t\t<\/span>\n\t\t\t\t\t\t\t\t\t\t\t\t<a class=\"elementor-accordion-title\" tabindex=\"0\">Existem tratamentos n\u00e3o invasivos eficazes contra a adiposidade localizada?<\/a>\n\t\t\t\t\t<\/h3>\n\t\t\t\t\t<div id=\"elementor-tab-content-1845\" class=\"elementor-tab-content elementor-clearfix\" data-tab=\"5\" role=\"region\" aria-labelledby=\"elementor-tab-title-1845\"><p>Sim, existem tratamentos n\u00e3o invasivos, como criolip\u00f3lise, radiofrequ\u00eancia, cavita\u00e7\u00e3o ultrass\u00f4nica e terapias a laser, que podem reduzir a gordura em \u00e1reas espec\u00edficas, danificando as c\u00e9lulas de gordura para o corpo eliminar naturalmente.<\/p>\n<\/div>\n\t\t\t\t<\/div>\n\t\t\t\t\t\t\t<div class=\"elementor-accordion-item\">\n\t\t\t\t\t<h3 id=\"elementor-tab-title-1846\" class=\"elementor-tab-title\" data-tab=\"6\" role=\"button\" aria-controls=\"elementor-tab-content-1846\" aria-expanded=\"false\">\n\t\t\t\t\t\t\t\t\t\t\t\t\t<span class=\"elementor-accordion-icon elementor-accordion-icon-left\" aria-hidden=\"true\">\n\t\t\t\t\t\t\t\t\t\t\t\t\t\t\t<span class=\"elementor-accordion-icon-closed\"><i class=\"fas fa-plus\"><\/i><\/span>\n\t\t\t\t\t\t\t\t<span class=\"elementor-accordion-icon-opened\"><i class=\"fas fa-minus\"><\/i><\/span>\n\t\t\t\t\t\t\t\t\t\t\t\t\t\t<\/span>\n\t\t\t\t\t\t\t\t\t\t\t\t<a class=\"elementor-accordion-title\" tabindex=\"0\">A adiposidade localizada \u00e9 um risco para a sa\u00fade?<\/a>\n\t\t\t\t\t<\/h3>\n\t\t\t\t\t<div id=\"elementor-tab-content-1846\" class=\"elementor-tab-content elementor-clearfix\" data-tab=\"6\" role=\"region\" aria-labelledby=\"elementor-tab-title-1846\"><p>Por si s\u00f3, a adiposidade localizada geralmente n\u00e3o \u00e9 um risco \u00e0 sa\u00fade se a pessoa mantiver um peso e estilo de vida saud\u00e1veis. No entanto, a gordura abdominal visceral, que \u00e9 um tipo de adiposidade localizada, est\u00e1 associada a riscos aumentados de doen\u00e7as cardiovasculares e diabetes tipo 2. <\/p>\n<\/div>\n\t\t\t\t<\/div>\n\t\t\t\t\t\t\t<div class=\"elementor-accordion-item\">\n\t\t\t\t\t<h3 id=\"elementor-tab-title-1847\" class=\"elementor-tab-title\" data-tab=\"7\" role=\"button\" aria-controls=\"elementor-tab-content-1847\" aria-expanded=\"false\">\n\t\t\t\t\t\t\t\t\t\t\t\t\t<span class=\"elementor-accordion-icon elementor-accordion-icon-left\" aria-hidden=\"true\">\n\t\t\t\t\t\t\t\t\t\t\t\t\t\t\t<span class=\"elementor-accordion-icon-closed\"><i class=\"fas fa-plus\"><\/i><\/span>\n\t\t\t\t\t\t\t\t<span class=\"elementor-accordion-icon-opened\"><i class=\"fas fa-minus\"><\/i><\/span>\n\t\t\t\t\t\t\t\t\t\t\t\t\t\t<\/span>\n\t\t\t\t\t\t\t\t\t\t\t\t<a class=\"elementor-accordion-title\" tabindex=\"0\">Como a adiposidade localizada pode ser prevenida?<\/a>\n\t\t\t\t\t<\/h3>\n\t\t\t\t\t<div id=\"elementor-tab-content-1847\" class=\"elementor-tab-content elementor-clearfix\" data-tab=\"7\" role=\"region\" aria-labelledby=\"elementor-tab-title-1847\"><p>A preven\u00e7\u00e3o pode incluir a manuten\u00e7\u00e3o de um estilo de vida saud\u00e1vel, com uma dieta balanceada e exerc\u00edcios regulares. Evitar um estilo de vida sedent\u00e1rio e controlar os n\u00edveis de estresse tamb\u00e9m pode ajudar a prevenir o ac\u00famulo de gordura em \u00e1reas espec\u00edficas. Embora fatores gen\u00e9ticos e hormonais possam desempenhar um papel, a ado\u00e7\u00e3o de h\u00e1bitos saud\u00e1veis \u00e9 fundamental para minimizar seu impacto.  <\/p>\n<\/div>\n\t\t\t\t<\/div>\n\t\t\t\t\t\t\t\t<\/div>\n\t\t\t\t\t\t<\/div>\n\t\t\t\t<\/div>\n\t\t\t\t\t<\/div>\n\t\t<\/div>\n\t\t\t\t\t<\/div>\n\t\t<\/section>\n\t\t        \t\t<\/div>\n\t\t","protected":false},"excerpt":{"rendered":"<p>Tratamentos contra adiposidade localizada e excesso de peso Alcance o seu ideal de beleza e sa\u00fade com os nossos tratamentos inovadores para combater a adiposidade<\/p>\n","protected":false},"author":1,"featured_media":16217,"parent":0,"menu_order":0,"comment_status":"closed","ping_status":"closed","template":"","meta":{"footnotes":""},"class_list":["post-16396","page","type-page","status-publish","has-post-thumbnail","hentry"],"yoast_head":"<!-- This site is optimized with the Yoast SEO plugin v26.9 - https:\/\/yoast.com\/product\/yoast-seo-wordpress\/ -->\n<title>Tratamentos para adiposidade localizada e excesso de peso - Dr. Pablo Ifran<\/title>\n<meta name=\"robots\" content=\"index, follow, max-snippet:-1, max-image-preview:large, max-video-preview:-1\" \/>\n<link rel=\"canonical\" href=\"https:\/\/drpabloifran.com\/pt-br\/adiposidade-localizada-e-excesso-de-peso\/\" \/>\n<meta property=\"og:locale\" content=\"pt_BR\" \/>\n<meta property=\"og:type\" content=\"article\" \/>\n<meta property=\"og:title\" content=\"Tratamentos para adiposidade localizada e excesso de peso - Dr. Pablo Ifran\" \/>\n<meta property=\"og:description\" content=\"Tratamentos contra adiposidade localizada e excesso de peso Alcance o seu ideal de beleza e sa\u00fade com os nossos tratamentos inovadores para combater a adiposidade\" \/>\n<meta property=\"og:url\" content=\"https:\/\/drpabloifran.com\/pt-br\/adiposidade-localizada-e-excesso-de-peso\/\" \/>\n<meta property=\"og:site_name\" content=\"Dr. Pablo Ifr\u00e1n\" \/>\n<meta property=\"article:publisher\" content=\"https:\/\/facebook.com\/drpabloifran\" \/>\n<meta property=\"article:modified_time\" content=\"2025-07-15T14:05:19+00:00\" \/>\n<meta property=\"og:image\" content=\"https:\/\/drpabloifran.com\/wp-content\/uploads\/2021\/12\/DSC_1557.jpg\" \/>\n\t<meta property=\"og:image:width\" content=\"1000\" \/>\n\t<meta property=\"og:image:height\" content=\"1432\" \/>\n\t<meta property=\"og:image:type\" content=\"image\/jpeg\" \/>\n<meta name=\"twitter:card\" content=\"summary_large_image\" \/>\n<meta name=\"twitter:label1\" content=\"Est. tempo de leitura\" \/>\n\t<meta name=\"twitter:data1\" content=\"3 minutos\" \/>\n<script type=\"application\/ld+json\" class=\"yoast-schema-graph\">{\"@context\":\"https:\/\/schema.org\",\"@graph\":[{\"@type\":\"WebPage\",\"@id\":\"https:\/\/drpabloifran.com\/pt-br\/adiposidade-localizada-e-excesso-de-peso\/\",\"url\":\"https:\/\/drpabloifran.com\/pt-br\/adiposidade-localizada-e-excesso-de-peso\/\",\"name\":\"Tratamentos para adiposidade localizada e excesso de peso - Dr. Pablo Ifran\",\"isPartOf\":{\"@id\":\"https:\/\/drpabloifran.com\/pt-br\/#website\"},\"primaryImageOfPage\":{\"@id\":\"https:\/\/drpabloifran.com\/pt-br\/adiposidade-localizada-e-excesso-de-peso\/#primaryimage\"},\"image\":{\"@id\":\"https:\/\/drpabloifran.com\/pt-br\/adiposidade-localizada-e-excesso-de-peso\/#primaryimage\"},\"thumbnailUrl\":\"https:\/\/drpabloifran.com\/wp-content\/uploads\/2021\/12\/DSC_1557.jpg\",\"datePublished\":\"2024-02-10T16:08:24+00:00\",\"dateModified\":\"2025-07-15T14:05:19+00:00\",\"breadcrumb\":{\"@id\":\"https:\/\/drpabloifran.com\/pt-br\/adiposidade-localizada-e-excesso-de-peso\/#breadcrumb\"},\"inLanguage\":\"pt-BR\",\"potentialAction\":[{\"@type\":\"ReadAction\",\"target\":[\"https:\/\/drpabloifran.com\/pt-br\/adiposidade-localizada-e-excesso-de-peso\/\"]}]},{\"@type\":\"ImageObject\",\"inLanguage\":\"pt-BR\",\"@id\":\"https:\/\/drpabloifran.com\/pt-br\/adiposidade-localizada-e-excesso-de-peso\/#primaryimage\",\"url\":\"https:\/\/drpabloifran.com\/wp-content\/uploads\/2021\/12\/DSC_1557.jpg\",\"contentUrl\":\"https:\/\/drpabloifran.com\/wp-content\/uploads\/2021\/12\/DSC_1557.jpg\",\"width\":1000,\"height\":1432,\"caption\":\"Tratamientos contra la adiposidad localizada y el sobrepeso\"},{\"@type\":\"BreadcrumbList\",\"@id\":\"https:\/\/drpabloifran.com\/pt-br\/adiposidade-localizada-e-excesso-de-peso\/#breadcrumb\",\"itemListElement\":[{\"@type\":\"ListItem\",\"position\":1,\"name\":\"Portada\",\"item\":\"https:\/\/drpabloifran.com\/pt-br\/principio\/\"},{\"@type\":\"ListItem\",\"position\":2,\"name\":\"Adiposidade localizada e excesso de peso\"}]},{\"@type\":\"WebSite\",\"@id\":\"https:\/\/drpabloifran.com\/pt-br\/#website\",\"url\":\"https:\/\/drpabloifran.com\/pt-br\/\",\"name\":\"Dr. Pablo Ifr\u00e1n\",\"description\":\"Medicina est\u00e9tica avanzada\",\"publisher\":{\"@id\":\"https:\/\/drpabloifran.com\/pt-br\/#organization\"},\"potentialAction\":[{\"@type\":\"SearchAction\",\"target\":{\"@type\":\"EntryPoint\",\"urlTemplate\":\"https:\/\/drpabloifran.com\/pt-br\/?s={search_term_string}\"},\"query-input\":{\"@type\":\"PropertyValueSpecification\",\"valueRequired\":true,\"valueName\":\"search_term_string\"}}],\"inLanguage\":\"pt-BR\"},{\"@type\":\"Organization\",\"@id\":\"https:\/\/drpabloifran.com\/pt-br\/#organization\",\"name\":\"Dr. Pablo Ifr\u00e1n\",\"url\":\"https:\/\/drpabloifran.com\/pt-br\/\",\"logo\":{\"@type\":\"ImageObject\",\"inLanguage\":\"pt-BR\",\"@id\":\"https:\/\/drpabloifran.com\/pt-br\/#\/schema\/logo\/image\/\",\"url\":\"https:\/\/drpabloifran.com\/wp-content\/uploads\/2026\/02\/2.png\",\"contentUrl\":\"https:\/\/drpabloifran.com\/wp-content\/uploads\/2026\/02\/2.png\",\"width\":500,\"height\":500,\"caption\":\"Dr. Pablo Ifr\u00e1n\"},\"image\":{\"@id\":\"https:\/\/drpabloifran.com\/pt-br\/#\/schema\/logo\/image\/\"},\"sameAs\":[\"https:\/\/facebook.com\/drpabloifran\",\"https:\/\/instagram.com\/drpabloifran\"]}]}<\/script>\n<!-- \/ Yoast SEO plugin. -->","yoast_head_json":{"title":"Tratamentos para adiposidade localizada e excesso de peso - Dr. Pablo Ifran","robots":{"index":"index","follow":"follow","max-snippet":"max-snippet:-1","max-image-preview":"max-image-preview:large","max-video-preview":"max-video-preview:-1"},"canonical":"https:\/\/drpabloifran.com\/pt-br\/adiposidade-localizada-e-excesso-de-peso\/","og_locale":"pt_BR","og_type":"article","og_title":"Tratamentos para adiposidade localizada e excesso de peso - Dr. Pablo Ifran","og_description":"Tratamentos contra adiposidade localizada e excesso de peso Alcance o seu ideal de beleza e sa\u00fade com os nossos tratamentos inovadores para combater a adiposidade","og_url":"https:\/\/drpabloifran.com\/pt-br\/adiposidade-localizada-e-excesso-de-peso\/","og_site_name":"Dr. Pablo Ifr\u00e1n","article_publisher":"https:\/\/facebook.com\/drpabloifran","article_modified_time":"2025-07-15T14:05:19+00:00","og_image":[{"width":1000,"height":1432,"url":"https:\/\/drpabloifran.com\/wp-content\/uploads\/2021\/12\/DSC_1557.jpg","type":"image\/jpeg"}],"twitter_card":"summary_large_image","twitter_misc":{"Est. tempo de leitura":"3 minutos"},"schema":{"@context":"https:\/\/schema.org","@graph":[{"@type":"WebPage","@id":"https:\/\/drpabloifran.com\/pt-br\/adiposidade-localizada-e-excesso-de-peso\/","url":"https:\/\/drpabloifran.com\/pt-br\/adiposidade-localizada-e-excesso-de-peso\/","name":"Tratamentos para adiposidade localizada e excesso de peso - Dr. Pablo Ifran","isPartOf":{"@id":"https:\/\/drpabloifran.com\/pt-br\/#website"},"primaryImageOfPage":{"@id":"https:\/\/drpabloifran.com\/pt-br\/adiposidade-localizada-e-excesso-de-peso\/#primaryimage"},"image":{"@id":"https:\/\/drpabloifran.com\/pt-br\/adiposidade-localizada-e-excesso-de-peso\/#primaryimage"},"thumbnailUrl":"https:\/\/drpabloifran.com\/wp-content\/uploads\/2021\/12\/DSC_1557.jpg","datePublished":"2024-02-10T16:08:24+00:00","dateModified":"2025-07-15T14:05:19+00:00","breadcrumb":{"@id":"https:\/\/drpabloifran.com\/pt-br\/adiposidade-localizada-e-excesso-de-peso\/#breadcrumb"},"inLanguage":"pt-BR","potentialAction":[{"@type":"ReadAction","target":["https:\/\/drpabloifran.com\/pt-br\/adiposidade-localizada-e-excesso-de-peso\/"]}]},{"@type":"ImageObject","inLanguage":"pt-BR","@id":"https:\/\/drpabloifran.com\/pt-br\/adiposidade-localizada-e-excesso-de-peso\/#primaryimage","url":"https:\/\/drpabloifran.com\/wp-content\/uploads\/2021\/12\/DSC_1557.jpg","contentUrl":"https:\/\/drpabloifran.com\/wp-content\/uploads\/2021\/12\/DSC_1557.jpg","width":1000,"height":1432,"caption":"Tratamientos contra la adiposidad localizada y el sobrepeso"},{"@type":"BreadcrumbList","@id":"https:\/\/drpabloifran.com\/pt-br\/adiposidade-localizada-e-excesso-de-peso\/#breadcrumb","itemListElement":[{"@type":"ListItem","position":1,"name":"Portada","item":"https:\/\/drpabloifran.com\/pt-br\/principio\/"},{"@type":"ListItem","position":2,"name":"Adiposidade localizada e excesso de peso"}]},{"@type":"WebSite","@id":"https:\/\/drpabloifran.com\/pt-br\/#website","url":"https:\/\/drpabloifran.com\/pt-br\/","name":"Dr. Pablo Ifr\u00e1n","description":"Medicina est\u00e9tica avanzada","publisher":{"@id":"https:\/\/drpabloifran.com\/pt-br\/#organization"},"potentialAction":[{"@type":"SearchAction","target":{"@type":"EntryPoint","urlTemplate":"https:\/\/drpabloifran.com\/pt-br\/?s={search_term_string}"},"query-input":{"@type":"PropertyValueSpecification","valueRequired":true,"valueName":"search_term_string"}}],"inLanguage":"pt-BR"},{"@type":"Organization","@id":"https:\/\/drpabloifran.com\/pt-br\/#organization","name":"Dr. Pablo Ifr\u00e1n","url":"https:\/\/drpabloifran.com\/pt-br\/","logo":{"@type":"ImageObject","inLanguage":"pt-BR","@id":"https:\/\/drpabloifran.com\/pt-br\/#\/schema\/logo\/image\/","url":"https:\/\/drpabloifran.com\/wp-content\/uploads\/2026\/02\/2.png","contentUrl":"https:\/\/drpabloifran.com\/wp-content\/uploads\/2026\/02\/2.png","width":500,"height":500,"caption":"Dr. Pablo Ifr\u00e1n"},"image":{"@id":"https:\/\/drpabloifran.com\/pt-br\/#\/schema\/logo\/image\/"},"sameAs":["https:\/\/facebook.com\/drpabloifran","https:\/\/instagram.com\/drpabloifran"]}]}},"_links":{"self":[{"href":"https:\/\/drpabloifran.com\/pt-br\/wp-json\/wp\/v2\/pages\/16396","targetHints":{"allow":["GET"]}}],"collection":[{"href":"https:\/\/drpabloifran.com\/pt-br\/wp-json\/wp\/v2\/pages"}],"about":[{"href":"https:\/\/drpabloifran.com\/pt-br\/wp-json\/wp\/v2\/types\/page"}],"author":[{"embeddable":true,"href":"https:\/\/drpabloifran.com\/pt-br\/wp-json\/wp\/v2\/users\/1"}],"replies":[{"embeddable":true,"href":"https:\/\/drpabloifran.com\/pt-br\/wp-json\/wp\/v2\/comments?post=16396"}],"version-history":[{"count":1,"href":"https:\/\/drpabloifran.com\/pt-br\/wp-json\/wp\/v2\/pages\/16396\/revisions"}],"predecessor-version":[{"id":16400,"href":"https:\/\/drpabloifran.com\/pt-br\/wp-json\/wp\/v2\/pages\/16396\/revisions\/16400"}],"wp:featuredmedia":[{"embeddable":true,"href":"https:\/\/drpabloifran.com\/pt-br\/wp-json\/wp\/v2\/media\/16217"}],"wp:attachment":[{"href":"https:\/\/drpabloifran.com\/pt-br\/wp-json\/wp\/v2\/media?parent=16396"}],"curies":[{"name":"wp","href":"https:\/\/api.w.org\/{rel}","templated":true}]}}