{"id":16433,"date":"2023-04-21T13:47:43","date_gmt":"2023-04-21T13:47:43","guid":{"rendered":"https:\/\/drpabloifran.com\/transplante-capilar\/tecnica-fue-de-transplante-capilar\/"},"modified":"2025-07-15T14:05:49","modified_gmt":"2025-07-15T14:05:49","slug":"tecnica-fue-de-transplante-capilar","status":"publish","type":"page","link":"https:\/\/drpabloifran.com\/pt-br\/transplante-capilar\/tecnica-fue-de-transplante-capilar\/","title":{"rendered":"T\u00e9cnica FUE de Transplante Capilar"},"content":{"rendered":"\t\t<div data-elementor-type=\"wp-page\" data-elementor-id=\"16433\" class=\"elementor elementor-16433 elementor-13933\" data-elementor-post-type=\"page\">\n\t\t\t\t\t\t<section class=\"elementor-section elementor-top-section elementor-element elementor-element-3d936bb4 elementor-section-height-min-height elementor-section-boxed elementor-section-height-default elementor-section-items-middle\" data-id=\"3d936bb4\" data-element_type=\"section\" data-e-type=\"section\">\n\t\t\t\t\t\t<div class=\"elementor-container elementor-column-gap-default\">\n\t\t\t\t\t<div class=\"elementor-column elementor-col-100 elementor-top-column elementor-element elementor-element-4d321fe2\" data-id=\"4d321fe2\" data-element_type=\"column\" data-e-type=\"column\">\n\t\t\t<div class=\"elementor-widget-wrap elementor-element-populated\">\n\t\t\t\t\t\t<div class=\"elementor-element elementor-element-6d194663 elementor-widget-mobile__width-inherit elementor-widget elementor-widget-theme-post-title elementor-page-title elementor-widget-heading\" data-id=\"6d194663\" data-element_type=\"widget\" data-e-type=\"widget\" data-widget_type=\"theme-post-title.default\">\n\t\t\t\t<div class=\"elementor-widget-container\">\n\t\t\t\t\t<h1 class=\"elementor-heading-title elementor-size-default\">T\u00e9cnica FUE de Transplante Capilar<\/h1>\t\t\t\t<\/div>\n\t\t\t\t<\/div>\n\t\t\t\t<div class=\"elementor-element elementor-element-3dbbb0a elementor-widget elementor-widget-image\" data-id=\"3dbbb0a\" data-element_type=\"widget\" data-e-type=\"widget\" data-widget_type=\"image.default\">\n\t\t\t\t<div class=\"elementor-widget-container\">\n\t\t\t\t\t\t\t\t\t\t\t\t\t\t\t<img fetchpriority=\"high\" decoding=\"async\" width=\"1024\" height=\"578\" src=\"https:\/\/drpabloifran.com\/wp-content\/uploads\/2023\/04\/paciente-antes-de-un-transplante-capilar-1024x578.jpeg\" class=\"attachment-large size-large wp-image-16287\" alt=\"\" srcset=\"https:\/\/drpabloifran.com\/wp-content\/uploads\/2023\/04\/paciente-antes-de-un-transplante-capilar-1024x578.jpeg 1024w, https:\/\/drpabloifran.com\/wp-content\/uploads\/2023\/04\/paciente-antes-de-un-transplante-capilar-300x169.jpeg 300w, https:\/\/drpabloifran.com\/wp-content\/uploads\/2023\/04\/paciente-antes-de-un-transplante-capilar-768x434.jpeg 768w, https:\/\/drpabloifran.com\/wp-content\/uploads\/2023\/04\/paciente-antes-de-un-transplante-capilar.jpeg 1255w\" sizes=\"(max-width: 1024px) 100vw, 1024px\" \/>\t\t\t\t\t\t\t\t\t\t\t\t\t\t\t<\/div>\n\t\t\t\t<\/div>\n\t\t\t\t<div class=\"elementor-element elementor-element-3cff3a54 elementor-widget elementor-widget-heading\" data-id=\"3cff3a54\" data-element_type=\"widget\" data-e-type=\"widget\" data-widget_type=\"heading.default\">\n\t\t\t\t<div class=\"elementor-widget-container\">\n\t\t\t\t\t<h5 class=\"elementor-heading-title elementor-size-default\">O recurso mais avan\u00e7ado para combater a alopecia<\/h5>\t\t\t\t<\/div>\n\t\t\t\t<\/div>\n\t\t\t\t\t<\/div>\n\t\t<\/div>\n\t\t\t\t\t<\/div>\n\t\t<\/section>\n\t\t        \t\t<section class=\"elementor-section elementor-top-section elementor-element elementor-element-676520bf elementor-section-boxed elementor-section-height-default elementor-section-height-default\" data-id=\"676520bf\" data-element_type=\"section\" data-e-type=\"section\">\n\t\t\t\t\t\t<div class=\"elementor-container elementor-column-gap-default\">\n\t\t\t\t\t<div class=\"elementor-column elementor-col-100 elementor-top-column elementor-element elementor-element-40e0fca8\" data-id=\"40e0fca8\" data-element_type=\"column\" data-e-type=\"column\">\n\t\t\t<div class=\"elementor-widget-wrap elementor-element-populated\">\n\t\t\t\t\t\t<div class=\"elementor-element elementor-element-14479d0e elementor-toc--minimized-on-tablet elementor-widget elementor-widget-table-of-contents\" data-id=\"14479d0e\" data-element_type=\"widget\" data-e-type=\"widget\" data-settings=\"{&quot;headings_by_tags&quot;:[&quot;h2&quot;,&quot;h3&quot;,&quot;h4&quot;],&quot;exclude_headings_by_selector&quot;:[],&quot;marker_view&quot;:&quot;numbers&quot;,&quot;no_headings_message&quot;:&quot;N\\u00e3o foram encontrados cabe\\u00e7alhos nesta p\\u00e1gina.&quot;,&quot;minimize_box&quot;:&quot;yes&quot;,&quot;minimized_on&quot;:&quot;tablet&quot;,&quot;hierarchical_view&quot;:&quot;yes&quot;,&quot;min_height&quot;:{&quot;unit&quot;:&quot;px&quot;,&quot;size&quot;:&quot;&quot;,&quot;sizes&quot;:[]},&quot;min_height_tablet&quot;:{&quot;unit&quot;:&quot;px&quot;,&quot;size&quot;:&quot;&quot;,&quot;sizes&quot;:[]},&quot;min_height_mobile&quot;:{&quot;unit&quot;:&quot;px&quot;,&quot;size&quot;:&quot;&quot;,&quot;sizes&quot;:[]}}\" data-widget_type=\"table-of-contents.default\">\n\t\t\t\t<div class=\"elementor-widget-container\">\n\t\t\t\t\t\t\t\t\t<div class=\"elementor-toc__header\">\n\t\t\t\t\t\t<h4 class=\"elementor-toc__header-title\">\n\t\t\t\t\u00cdndice\t\t\t<\/h4>\n\t\t\t\t\t\t\t\t\t\t<div class=\"elementor-toc__toggle-button elementor-toc__toggle-button--expand\" role=\"button\" tabindex=\"0\" aria-controls=\"elementor-toc__14479d0e\" aria-expanded=\"true\" aria-label=\"Abrir Tabela de Conte\u00fados\"><i aria-hidden=\"true\" class=\"fas fa-chevron-down\"><\/i><\/div>\n\t\t\t\t<div class=\"elementor-toc__toggle-button elementor-toc__toggle-button--collapse\" role=\"button\" tabindex=\"0\" aria-controls=\"elementor-toc__14479d0e\" aria-expanded=\"true\" aria-label=\"Fechar Tabela de Conte\u00fados\"><i aria-hidden=\"true\" class=\"fas fa-chevron-up\"><\/i><\/div>\n\t\t\t\t\t<\/div>\n\t\t\t\t<div id=\"elementor-toc__14479d0e\" class=\"elementor-toc__body\">\n\t\t\t<div class=\"elementor-toc__spinner-container\">\n\t\t\t\t<i class=\"elementor-toc__spinner eicon-animation-spin eicon-loading\" aria-hidden=\"true\"><\/i>\t\t\t<\/div>\n\t\t<\/div>\n\t\t\t\t\t\t<\/div>\n\t\t\t\t<\/div>\n\t\t\t\t<div class=\"elementor-element elementor-element-46eed7d9 elementor-widget elementor-widget-text-editor\" data-id=\"46eed7d9\" data-element_type=\"widget\" data-e-type=\"widget\" data-widget_type=\"text-editor.default\">\n\t\t\t\t<div class=\"elementor-widget-container\">\n\t\t\t\t\t\t\t\t\t<h2><span style=\"font-weight: 400;\">O que \u00e9 a t\u00e9cnica de transplante capilar FUE?<\/span><\/h2><p>A t\u00e9cnica de <span style=\"font-weight: 400;\">transplante capilar <\/span> <b>FUE <\/b><span style=\"font-weight: 400;\">(<\/span><i><span style=\"font-weight: 400;\">Follicular Unit Extraction<\/span><\/i>) <span style=\"font-weight: 400;\">\u00e9 a t\u00e9cnica de <\/span><span style=\"font-weight: 400;\">transplante capilar da mais alta qualidade<\/span><span style=\"font-weight: 400;\">  at\u00e9 agora. Com ele, utiliza-se anestesia local e extraem-se unidades foliculares, uma a uma, para tratar a alopecia em homens e mulheres de forma minimamente invasiva com resultados naturais, duradouros e sem deixar cicatrizes vis\u00edveis. <\/span><\/p><p><span style=\"font-weight: 400;\">Embora este procedimento seja mais longo do que outras op\u00e7\u00f5es dispon\u00edveis, os resultados s\u00e3o excelentes. A dura\u00e7\u00e3o do mesmo deve-se \u00e0 extra\u00e7\u00e3o individual de cada fol\u00edculo piloso para sua posterior implanta\u00e7\u00e3o seguindo o desenho previamente acordado; E como esse cabelo transplantado n\u00e3o cont\u00e9m o c\u00f3digo gen\u00e9tico da calv\u00edcie, ele n\u00e3o cai e, portanto, continua a crescer normalmente, permitindo resultados est\u00e1veis e duradouros. <\/span><\/p><p><span style=\"font-weight: 400;\">Al\u00e9m disso, com a t\u00e9cnica FUE, o cabelo doador cresce, se move e se sente da mesma forma que o cabelo original costumava fazer.<\/span><\/p><h2><span style=\"font-weight: 400;\">Por que o transplante capilar da t\u00e9cnica FUE \u00e9 realizado?<\/span><\/h2><p>As raz\u00f5es comuns para realizar um <strong>transplante capilar FUE<\/strong> incluem:<\/p><ol><li><strong>Calv\u00edcie masculina ou feminina:<\/strong> A queda de cabelo \u00e9 uma preocupa\u00e7\u00e3o comum para muitas pessoas, e o transplante capilar FUE oferece uma solu\u00e7\u00e3o eficaz para quem deseja recuperar o cabelo em \u00e1reas onde experimentou afinamento ou queda de cabelo.<\/li><li><strong>Alopecia:<\/strong> A alopecia \u00e9 uma condi\u00e7\u00e3o m\u00e9dica que pode levar \u00e0 queda de cabelo em diferentes padr\u00f5es. O transplante capilar FUE pode ser uma op\u00e7\u00e3o para pacientes com alopecia que desejam restaurar seus cabelos. \u00c9 importante diagnosticar e tratar o tipo de alopecia para saber se ela realmente tem indica\u00e7\u00e3o para transplante capilar.    <\/li><li><strong>Les\u00f5es ou cicatrizes no couro cabeludo:<\/strong> Les\u00f5es, acidentes ou cirurgias anteriores podem deixar cicatrizes no couro cabeludo que afetam a apar\u00eancia do cabelo. A t\u00e9cnica FUE \u00e9 usada para enxertar o cabelo nessas \u00e1reas e melhorar a apar\u00eancia. <\/li><li><strong>Corre\u00e7\u00e3o de procedimentos anteriores:<\/strong> Em alguns casos, as pessoas podem ter sido submetidas a procedimentos de transplante capilar menos eficazes no passado e desejam corrigi-los ou melhorar seu resultado por meio de um transplante FUE.  <\/li><\/ol><p> <\/p><h2><span style=\"font-weight: 400;\">Como \u00e9 realizado o Transplante Capilar da T\u00e9cnica FUE?<\/span><\/h2><p> <\/p><p><span style=\"font-weight: 400;\">Embora exija mais tempo, o processo deste transplante \u00e9 bastante simples de executar e requer apenas um dia de interven\u00e7\u00e3o:<\/span><\/p><p><span style=\"font-weight: 400;\">Para come\u00e7ar, \u00e9 necess\u00e1rio raspar a \u00e1rea doadora da cabe\u00e7a para facilitar a extra\u00e7\u00e3o das unidades foliculares. N\u00e3o tema! Apenas a \u00e1rea doadora \u00e9 raspada, para que, se a paciente for mulher, ela possa escond\u00ea-la com o resto do cabelo.    <\/span><\/p><p><span style=\"font-weight: 400;\">Em seguida, \u00e9 extra\u00eddo o n\u00famero de unidades foliculares desejadas de acordo com a necessidade de cada paciente em sua \u00e1rea receptora. Para isso, cada fio de cabelo \u00e9 extra\u00eddo da \u00e1rea doadora alternando sua frequ\u00eancia para que a extra\u00e7\u00e3o seja impercept\u00edvel e compar\u00e1vel a um simples corte de cabelo convencional.   <\/span><\/p><p><span style=\"font-weight: 400;\">Em seguida, o repovoamento \u00e9 realizado com um instrumento microsc\u00f3pico de grande precis\u00e3o que permite que todos os fol\u00edculos sejam reposicionados rapidamente e no \u00e2ngulo perfeito para n\u00e3o causar danos \u00e0s estruturas capilares, incluindo os capilares, o m\u00fasculo eretor e as gl\u00e2ndulas seb\u00e1ceas.<\/span><\/p><p><span style=\"font-weight: 400;\">Deve-se notar que todo esse tratamento \u00e9 realizado sob anestesia local, portanto essa t\u00e9cnica n\u00e3o envolve dor durante a cirurgia ou no p\u00f3s-operat\u00f3rio, da mesma forma, n\u00e3o requer hospitaliza\u00e7\u00e3o.<\/span><\/p><p><span style=\"font-weight: 400;\">Ap\u00f3s as primeiras 72 horas, as pequenas cicatrizes das extra\u00e7\u00f5es ser\u00e3o completamente fechadas e, em 8 a 10 dias, o paciente estar\u00e1 totalmente recuperado.<\/span><\/p><h2><span style=\"font-weight: 400;\">Em que consiste a T\u00e9cnica de Transplante Capilar FUE?<\/span><\/h2><p><span style=\"font-weight: 400;\">Como tentei delinear antes, a <\/span><b>t\u00e9cnica FUE <\/b><span style=\"font-weight: 400;\">consiste em levar unidades foliculares de uma \u00e1rea doadora da cabe\u00e7a para outra parte onde n\u00e3o h\u00e1 mais cabelo.<\/span><\/p><p><span style=\"font-weight: 400;\">Desta forma, garante-se uma apar\u00eancia mais natural e o cabelo volta a crescer sem risco de rejei\u00e7\u00e3o para o paciente.<\/span><\/p><p><span style=\"font-weight: 400;\"><img decoding=\"async\" class=\"alignnone wp-image-14686 size-full\" src=\"https:\/\/pol.uy\/wp-content\/uploads\/2022\/12\/famosos-FUE.jpg\" alt=\"\" width=\"1024\" height=\"685\"><\/span><\/p><h2><span style=\"font-weight: 400;\">Quais s\u00e3o os benef\u00edcios da T\u00e9cnica de Transplante Capilar FUE no tratamento da alopecia?<\/span><\/h2><p><span style=\"font-weight: 400;\">Existem muitas vantagens desta t\u00e9cnica em rela\u00e7\u00e3o a outros m\u00e9todos convencionais; No entanto, o principal est\u00e1 na forma de extra\u00e7\u00e3o das unidades foliculares:<\/span><\/p><p><span style=\"font-weight: 400;\">Com a <\/span><b>t\u00e9cnica FUE<\/b><span style=\"font-weight: 400;\">  Os fol\u00edculos s\u00e3o obtidos um a um e sem deixar cicatrizes vis\u00edveis, com instrumentos cir\u00fargicos com menos de 1 mil\u00edmetro de di\u00e2metro. Isso permite que o paciente use o cabelo curto desde o primeiro dia, algo que n\u00e3o acontece com a t\u00e9cnica de tira, por exemplo, onde aparece uma cicatriz vis\u00edvel que deve ser escondida com cabelos mais longos. <\/span><\/p><p><span style=\"font-weight: 400;\">J\u00e1 mencionei tr\u00eas outras vantagens bastante not\u00e1veis no ponto anterior:<\/span><\/p><ul><li style=\"font-weight: 400;\" aria-level=\"1\"><span style=\"font-weight: 400;\">N\u00e3o h\u00e1 perda de sensibilidade na \u00e1rea.<\/span><\/li><li style=\"font-weight: 400;\" aria-level=\"1\"><span style=\"font-weight: 400;\">N\u00e3o ocorre dano folicular.<\/span><\/li><li style=\"font-weight: 400;\" aria-level=\"1\"><span style=\"font-weight: 400;\">N\u00e3o \u00e9 uma cirurgia invasiva.<\/span><\/li><\/ul><p><span style=\"font-weight: 400;\">Al\u00e9m disso, a t\u00e9cnica FUE n\u00e3o deixa cicatrizes e tem uma recupera\u00e7\u00e3o bastante r\u00e1pida se o paciente realizar cuidados posteriores muito simples.  <\/span><\/p><h2><span style=\"font-weight: 400;\">Cuidados ap\u00f3s a interven\u00e7\u00e3o<\/span><\/h2><p><span style=\"font-weight: 400;\">Como qualquer cirurgia, requer cuidados posteriores que contribuem para a qualidade dos resultados. Felizmente, cuide ap\u00f3s um transplante capilar com o   <\/span><b>As t\u00e9cnicas FUE<\/b><span style=\"font-weight: 400;\"> s\u00e3o bastante simples:<\/span><\/p><p><span style=\"font-weight: 400;\">Ap\u00f3s a cirurgia, o paciente deve comparecer a check-ups peri\u00f3dicos nos dias seguintes, onde o m\u00e9dico verificar\u00e1 a \u00e1rea tratada para garantir que o transplante foi realizado de maneira ideal e, uma vez verificado, a \u00e1rea tratada pode ser lavada.  <\/span><\/p><p><span style=\"font-weight: 400;\">Embora o paciente possa voltar para casa no mesmo dia da cirurgia, recomenda-se que ele descanse de suas atividades sociais e de trabalho, pois os microenxertos s\u00e3o imediatamente percebidos como pequenas crostas vermelhas que saem em pouco tempo. Em cinco dias o paciente pode retornar \u00e0s suas atividades di\u00e1rias sem nenhum problema. <\/span><\/p><p><span style=\"font-weight: 400;\">\u00c9 essencial que durante a primeira semana, o paciente lave os cabelos com um shampoo especial dermatologicamente aprovado.  <\/span><\/p><p><span style=\"font-weight: 400;\">Da mesma forma, durante as duas primeiras semanas o paciente n\u00e3o poder\u00e1 praticar esportes e, muito menos, algum tipo de atividade na \u00e1gua (esta \u00faltima precau\u00e7\u00e3o deve ser considerada por aproximadamente dois meses).  <\/span><\/p><p><span style=\"font-weight: 400;\">Por outro lado, as primeiras mudan\u00e7as vis\u00edveis ap\u00f3s a cirurgia ser\u00e3o vistas em tr\u00eas meses, quando voc\u00ea poder\u00e1 observar o crescimento de novos cabelos, que aparecer\u00e3o progressivamente e crescer\u00e3o aproximadamente 1 cm a cada m\u00eas.<\/span><\/p><h2><span style=\"font-weight: 400;\">O cabelo pode cair novamente ap\u00f3s um tratamento de transplante capilar FUE?<\/span><\/h2><p><span style=\"font-weight: 400;\">Com o transplante capilar com a T\u00e9cnica FUE, o cabelo n\u00e3o cai novamente. Os resultados s\u00e3o naturais e definitivos. <\/span><\/p><p><span style=\"font-weight: 400;\">Devo tamb\u00e9m reiterar que \u00e9 importante que o paciente siga as recomenda\u00e7\u00f5es espec\u00edficas sobre lavagem do cabelo, evite co\u00e7ar excessivamente, fa\u00e7a repouso relativo por 24 horas e n\u00e3o fa\u00e7a exerc\u00edcios f\u00edsicos por pelo menos os pr\u00f3ximos 15 dias para garantir os resultados mais ideais e eficazes.<\/span><\/p><p><span style=\"font-weight: 400;\">Finalmente, voc\u00ea tamb\u00e9m precisa saber que o cabelo envelhece e cai como parte de seu processo natural de vida.  <\/span><\/p><p><span style=\"font-weight: 400;\">Portanto, ap\u00f3s o transplante capilar, seu cabelo passar\u00e1 pelos ciclos normais de queda e crescimento como qualquer cabelo saud\u00e1vel: os cabelos nascer\u00e3o da raiz transplantada que viver\u00e1 a longo prazo, cair\u00e1 e depois se regenerar\u00e1.<\/span><\/p><h2><span style=\"font-weight: 400;\">Sou um bom candidato para tratar minha calv\u00edcie com um transplante capilar com a t\u00e9cnica de transplante capilar FUE?<\/span><\/h2><p><span style=\"font-weight: 400;\">Se voc\u00ea est\u00e1 pensando em recorrer a essa t\u00e9cnica avan\u00e7ada, saiba que existe um perfil ideal para ser candidato. Confira abaixo se voc\u00ea atende aos par\u00e2metros necess\u00e1rios para optar por esta cirurgia: <\/span><\/p><ol><li style=\"font-weight: 400;\" aria-level=\"1\"><span style=\"font-weight: 400;\">Voc\u00ea sofre de queda de cabelo limitada e controlada.<\/span><\/li><li style=\"font-weight: 400;\" aria-level=\"1\"><span style=\"font-weight: 400;\">Voc\u00ea sofre de alopecia cicatricial em uma pequena \u00e1rea.<\/span><\/li><li style=\"font-weight: 400;\" aria-level=\"1\"><span style=\"font-weight: 400;\">Voc\u00ea quer usar o cabelo curto e prefere evitar as cicatrizes lineares de outros m\u00e9todos.<\/span><\/li><li style=\"font-weight: 400;\" aria-level=\"1\"><span style=\"font-weight: 400;\">Voc\u00ea quer esconder cicatrizes de transplantes anteriores.<\/span><\/li><\/ol><h2><span style=\"font-weight: 400;\">Quando os resultados do Transplante Capilar da T\u00e9cnica FUE s\u00e3o apreciados e quanto tempo eles duram?<\/span><\/h2><p><span style=\"font-weight: 400;\">Ap\u00f3s o procedimento, os tempos podem variar de paciente para paciente, mas geralmente voc\u00ea poder\u00e1 ver o crescimento de novos cabelos em tr\u00eas meses e os resultados finais em nove.<\/span><\/p><p><span style=\"font-weight: 400;\">Inicialmente, o novo cabelo \u00e9 fino e macio, mas nos informa que o transplante capilar est\u00e1 funcionando. Ent\u00e3o, \u00e0 medida que o crescimento do cabelo se consolida, o cabelo fica mais grosso e, portanto, a \u00e1rea parece mais cheia. <\/span><\/p><p><span style=\"font-weight: 400;\">\u00c9 a partir de 10 meses ap\u00f3s a cirurgia que o paciente pode ver um resultado muito semelhante ao definitivo.<\/span><\/p><p><span style=\"font-weight: 400;\">Aqui voc\u00ea pode ver os resultados m\u00eas a m\u00eas de um de nossos pacientes ap\u00f3s o transplante capilar com a t\u00e9cnica FUE:  <\/span><\/p><p><img decoding=\"async\" class=\"alignnone wp-image-14685 size-full\" src=\"https:\/\/pol.uy\/wp-content\/uploads\/2022\/12\/1024px-Microtranspel_1.jpg\" alt=\"\" width=\"1024\" height=\"768\"><\/p><h2>Pode ser combinado com outros tratamentos para alopecia?<\/h2><p>Embora essa t\u00e9cnica estimule o crescimento do fol\u00edculo enxertado por si s\u00f3, \u00e9 comum que tratamentos complementares sejam realizados ap\u00f3s um transplante capilar.<\/p><p>Por que? Simples. Para garantir uma melhor qualidade do cabelo e, portanto, uma melhoria geral da imagem.  <\/p><p>Entre os tratamentos com os quais a <b>t\u00e9cnica FUE <\/b>pode ser combinada est\u00e3o:<\/p><ul><li aria-level=\"1\"><b>Minoxidil<\/b>. Este \u00e9 um medicamento vasodilatador usado para estimular o crescimento do cabelo, aumentando o suprimento de sangue. Os pacientes que usam este suplemento o aplicam como uma lo\u00e7\u00e3o noturna no topo da cabe\u00e7a e na coroa.  <\/li><\/ul><ul><li aria-level=\"1\"><b>Vitaminas para o cabelo<\/b>. As vitaminas orais ou infiltradas s\u00e3o um tratamento usado em muitos casos ap\u00f3s um transplante capilar. <\/li><\/ul><ul><li aria-level=\"1\"><b>PRP<\/b>. Estas s\u00e3o as iniciais de &#8220;Plasma Rico em Plaquetas&#8221;, este \u00faltimo tratamento \u00e9 um dos tratamentos mais populares devido aos m\u00faltiplos benef\u00edcios que pode oferecer ao paciente, sem riscos de rejei\u00e7\u00e3o. <\/li><\/ul><p>Consiste em extrair uma amostra de sangue do paciente transplantado e, por meio de um processo de centrifuga\u00e7\u00e3o, separar as fra\u00e7\u00f5es plasm\u00e1ticas presentes no l\u00edquido vital para administr\u00e1-lo ao couro cabeludo por meio de microinje\u00e7\u00f5es.<\/p><p>Por fim, \u00e9 importante ter em mente que, combinado ou n\u00e3o, o resultado final de cada transplante capilar depender\u00e1 essencialmente da qualidade do material folicular, do equipamento utilizado e do grau de especializa\u00e7\u00e3o da equipe m\u00e9dica.<\/p><p>Felizmente, eu e a minha equipa temos uma vasta experi\u00eancia em cirurgia capilar e recebemos forma\u00e7\u00e3o cont\u00ednua nas t\u00e9cnicas mais inovadoras.<\/p><p>Estamos dispon\u00edveis para responder a todas as suas perguntas.<\/p>\t\t\t\t\t\t\t\t<\/div>\n\t\t\t\t<\/div>\n\t\t\t\t\t<\/div>\n\t\t<\/div>\n\t\t\t\t\t<\/div>\n\t\t<\/section>\n\t\t        \t\t<section class=\"elementor-section elementor-top-section elementor-element elementor-element-74b5baa5 elementor-section-boxed elementor-section-height-default elementor-section-height-default\" data-id=\"74b5baa5\" data-element_type=\"section\" data-e-type=\"section\">\n\t\t\t\t\t\t<div class=\"elementor-container elementor-column-gap-default\">\n\t\t\t\t\t<div class=\"elementor-column elementor-col-100 elementor-top-column elementor-element elementor-element-4d106f25\" data-id=\"4d106f25\" data-element_type=\"column\" data-e-type=\"column\">\n\t\t\t<div class=\"elementor-widget-wrap elementor-element-populated\">\n\t\t\t\t\t\t<div class=\"elementor-element elementor-element-d135178 elementor-widget elementor-widget-spacer\" data-id=\"d135178\" data-element_type=\"widget\" data-e-type=\"widget\" data-widget_type=\"spacer.default\">\n\t\t\t\t<div class=\"elementor-widget-container\">\n\t\t\t\t\t\t\t<div class=\"elementor-spacer\">\n\t\t\t<div class=\"elementor-spacer-inner\"><\/div>\n\t\t<\/div>\n\t\t\t\t\t\t<\/div>\n\t\t\t\t<\/div>\n\t\t\t\t<div class=\"elementor-element elementor-element-62a3b3a elementor-widget elementor-widget-heading\" data-id=\"62a3b3a\" data-element_type=\"widget\" data-e-type=\"widget\" data-settings=\"{&quot;_animation&quot;:&quot;none&quot;}\" data-widget_type=\"heading.default\">\n\t\t\t\t<div class=\"elementor-widget-container\">\n\t\t\t\t\t<h4 class=\"elementor-heading-title elementor-size-default\">Quer agendar uma consulta?<\/h4>\t\t\t\t<\/div>\n\t\t\t\t<\/div>\n\t\t\t\t<div class=\"elementor-element elementor-element-222da77d elementor-widget elementor-widget-text-editor\" data-id=\"222da77d\" data-element_type=\"widget\" data-e-type=\"widget\" data-widget_type=\"text-editor.default\">\n\t\t\t\t<div class=\"elementor-widget-container\">\n\t\t\t\t\t\t\t\t\t<div>\nEscreva para mim no WhatsApp para agendar uma consulta\n<\/div>\t\t\t\t\t\t\t\t<\/div>\n\t\t\t\t<\/div>\n\t\t\t\t<div class=\"elementor-element elementor-element-7526d7b7 elementor-widget elementor-widget-image\" data-id=\"7526d7b7\" data-element_type=\"widget\" data-e-type=\"widget\" data-widget_type=\"image.default\">\n\t\t\t\t<div class=\"elementor-widget-container\">\n\t\t\t\t\t\t\t\t\t\t\t\t\t\t\t\t<a href=\"https:\/\/api.whatsapp.com\/send?phone=59895867436\">\n\t\t\t\t\t\t\t<img loading=\"lazy\" decoding=\"async\" width=\"64\" height=\"64\" src=\"https:\/\/drpabloifran.com\/wp-content\/uploads\/2021\/09\/whatsapp-4.png\" class=\"attachment-full size-full wp-image-15977\" alt=\"\" \/>\t\t\t\t\t\t\t\t<\/a>\n\t\t\t\t\t\t\t\t\t\t\t\t\t\t\t<\/div>\n\t\t\t\t<\/div>\n\t\t\t\t<div class=\"elementor-element elementor-element-7249556f elementor-widget elementor-widget-spacer\" data-id=\"7249556f\" data-element_type=\"widget\" data-e-type=\"widget\" data-widget_type=\"spacer.default\">\n\t\t\t\t<div class=\"elementor-widget-container\">\n\t\t\t\t\t\t\t<div class=\"elementor-spacer\">\n\t\t\t<div class=\"elementor-spacer-inner\"><\/div>\n\t\t<\/div>\n\t\t\t\t\t\t<\/div>\n\t\t\t\t<\/div>\n\t\t\t\t\t<\/div>\n\t\t<\/div>\n\t\t\t\t\t<\/div>\n\t\t<\/section>\n\t\t        \t\t<section class=\"elementor-section elementor-top-section elementor-element elementor-element-c948684 elementor-section-boxed elementor-section-height-default elementor-section-height-default\" data-id=\"c948684\" data-element_type=\"section\" data-e-type=\"section\">\n\t\t\t\t\t\t<div class=\"elementor-container elementor-column-gap-default\">\n\t\t\t\t\t<div class=\"elementor-column elementor-col-100 elementor-top-column elementor-element elementor-element-363cde52\" data-id=\"363cde52\" data-element_type=\"column\" data-e-type=\"column\">\n\t\t\t<div class=\"elementor-widget-wrap elementor-element-populated\">\n\t\t\t\t\t\t<div class=\"elementor-element elementor-element-5b198c69 elementor-widget elementor-widget-elementskit-heading\" data-id=\"5b198c69\" data-element_type=\"widget\" data-e-type=\"widget\" data-widget_type=\"elementskit-heading.default\">\n\t\t\t\t<div class=\"elementor-widget-container\">\n\t\t\t\t\t<div class=\"ekit-wid-con\" ><div class=\"ekit-heading elementskit-section-title-wraper text_left   ekit_heading_tablet-   ekit_heading_mobile-\"><div class=\"ekit-heading--title elementskit-section-title \">Contate-nos<\/div><div class=\"ekit_heading_separetor_wraper ekit_heading_elementskit-border-divider ekit-dotted\"><div class=\"elementskit-border-divider ekit-dotted\"><\/div><\/div><\/div><\/div>\t\t\t\t<\/div>\n\t\t\t\t<\/div>\n\t\t\t\t\t<\/div>\n\t\t<\/div>\n\t\t\t\t\t<\/div>\n\t\t<\/section>\n\t\t        \t\t<section class=\"elementor-section elementor-top-section elementor-element elementor-element-1ca38407 elementor-section-boxed elementor-section-height-default elementor-section-height-default\" data-id=\"1ca38407\" data-element_type=\"section\" data-e-type=\"section\">\n\t\t\t\t\t\t<div class=\"elementor-container elementor-column-gap-default\">\n\t\t\t\t\t<div class=\"elementor-column elementor-col-100 elementor-top-column elementor-element elementor-element-1088951\" data-id=\"1088951\" data-element_type=\"column\" data-e-type=\"column\">\n\t\t\t<div class=\"elementor-widget-wrap elementor-element-populated\">\n\t\t\t\t\t\t<div class=\"elementor-element elementor-element-17bf479d elementor-widget elementor-widget-heading\" data-id=\"17bf479d\" data-element_type=\"widget\" data-e-type=\"widget\" data-widget_type=\"heading.default\">\n\t\t\t\t<div class=\"elementor-widget-container\">\n\t\t\t\t\t<p class=\"elementor-heading-title elementor-size-default\">Marque a sua consulta de avalia\u00e7\u00e3o m\u00e9dica personalizada para analisar o estado da sua alopecia e os poss\u00edveis tratamentos que se adequam ao seu caso particular.<\/p>\t\t\t\t<\/div>\n\t\t\t\t<\/div>\n\t\t\t\t<div class=\"elementor-element elementor-element-4c0051e3 elementor-button-align-start elementor-widget elementor-widget-form\" data-id=\"4c0051e3\" data-element_type=\"widget\" data-e-type=\"widget\" data-settings=\"{&quot;step_next_label&quot;:&quot;Pr\\u00f3ximo&quot;,&quot;step_previous_label&quot;:&quot;Anterior&quot;,&quot;button_width&quot;:&quot;100&quot;,&quot;step_type&quot;:&quot;number_text&quot;,&quot;step_icon_shape&quot;:&quot;circle&quot;}\" data-widget_type=\"form.default\">\n\t\t\t\t<div class=\"elementor-widget-container\">\n\t\t\t\t\t\t\t<form class=\"elementor-form\" method=\"post\" name=\"Novo Formul\u00e1rio\" aria-label=\"Novo Formul\u00e1rio\">\n\t\t\t<input type=\"hidden\" name=\"post_id\" value=\"16433\"\/>\n\t\t\t<input type=\"hidden\" name=\"form_id\" value=\"4c0051e3\"\/>\n\t\t\t<input type=\"hidden\" name=\"referer_title\" value=\"T\u00e9cnica FUE de Transplante Capilar - Dr. Pablo Ifr\u00e1n\" \/>\n\n\t\t\t\t\t\t\t<input type=\"hidden\" name=\"queried_id\" value=\"16433\"\/>\n\t\t\t\n\t\t\t<div class=\"elementor-form-fields-wrapper elementor-labels-above\">\n\t\t\t\t\t\t\t\t<div class=\"elementor-field-type-text elementor-field-group elementor-column elementor-field-group-name elementor-col-100\">\n\t\t\t\t\t\t\t\t\t\t\t\t<label for=\"form-field-name\" class=\"elementor-field-label\">\n\t\t\t\t\t\t\t\tNome e sobrenome\t\t\t\t\t\t\t<\/label>\n\t\t\t\t\t\t\t\t\t\t\t\t\t\t<input size=\"1\" type=\"text\" name=\"form_fields[name]\" id=\"form-field-name\" class=\"elementor-field elementor-size-sm  elementor-field-textual\" placeholder=\"Nome e sobrenome\">\n\t\t\t\t\t\t\t\t\t\t\t<\/div>\n\t\t\t\t\t\t\t\t<div class=\"elementor-field-type-email elementor-field-group elementor-column elementor-field-group-email elementor-col-100 elementor-field-required\">\n\t\t\t\t\t\t\t\t\t\t\t\t<label for=\"form-field-email\" class=\"elementor-field-label\">\n\t\t\t\t\t\t\t\tEmail\t\t\t\t\t\t\t<\/label>\n\t\t\t\t\t\t\t\t\t\t\t\t\t\t<input size=\"1\" type=\"email\" name=\"form_fields[email]\" id=\"form-field-email\" class=\"elementor-field elementor-size-sm  elementor-field-textual\" placeholder=\"Email\" required=\"required\">\n\t\t\t\t\t\t\t\t\t\t\t<\/div>\n\t\t\t\t\t\t\t\t<div class=\"elementor-field-type-tel elementor-field-group elementor-column elementor-field-group-tel elementor-col-100 elementor-field-required\">\n\t\t\t\t\t\t\t\t\t\t\t\t<label for=\"form-field-tel\" class=\"elementor-field-label\">\n\t\t\t\t\t\t\t\tTelefone\t\t\t\t\t\t\t<\/label>\n\t\t\t\t\t\t\t\t<input size=\"1\" type=\"tel\" name=\"form_fields[tel]\" id=\"form-field-tel\" class=\"elementor-field elementor-size-sm  elementor-field-textual\" placeholder=\"Telefone\" required=\"required\" pattern=\"[0-9()#&amp;+*-=.]+\" title=\"Apenas n\u00fameros e caracteres de telefone (#, -, *, etc.) s\u00e3o aceitos.\">\n\n\t\t\t\t\t\t<\/div>\n\t\t\t\t\t\t\t\t<div class=\"elementor-field-type-textarea elementor-field-group elementor-column elementor-field-group-message elementor-col-100\">\n\t\t\t\t\t\t\t\t\t\t\t\t<label for=\"form-field-message\" class=\"elementor-field-label\">\n\t\t\t\t\t\t\t\tMensagem\t\t\t\t\t\t\t<\/label>\n\t\t\t\t\t\t<textarea class=\"elementor-field-textual elementor-field  elementor-size-sm\" name=\"form_fields[message]\" id=\"form-field-message\" rows=\"4\" placeholder=\"Mensagem\"><\/textarea>\t\t\t\t<\/div>\n\t\t\t\t\t\t\t\t<div class=\"elementor-field-group elementor-column elementor-field-type-submit elementor-col-100 e-form__buttons\">\n\t\t\t\t\t<button class=\"elementor-button elementor-size-sm\" type=\"submit\">\n\t\t\t\t\t\t<span class=\"elementor-button-content-wrapper\">\n\t\t\t\t\t\t\t\t\t\t\t\t\t\t\t\t\t\t\t\t\t\t<span class=\"elementor-button-text\">Enviar<\/span>\n\t\t\t\t\t\t\t\t\t\t\t\t\t<\/span>\n\t\t\t\t\t<\/button>\n\t\t\t\t<\/div>\n\t\t\t<\/div>\n\t\t<\/form>\n\t\t\t\t\t\t<\/div>\n\t\t\t\t<\/div>\n\t\t\t\t\t<\/div>\n\t\t<\/div>\n\t\t\t\t\t<\/div>\n\t\t<\/section>\n\t\t        \t\t<\/div>\n\t\t","protected":false},"excerpt":{"rendered":"<p>O recurso mais avan\u00e7ado para combater a alopecia \u00cdndice O que \u00e9 a t\u00e9cnica de transplante capilar FUE? A t\u00e9cnica de transplante capilar FUE (Follicular Unit Extraction) \u00e9 a t\u00e9cnica de transplante capilar da mais alta qualidade at\u00e9 agora. Com ele, utiliza-se anestesia local e extraem-se unidades foliculares, uma a uma, para tratar a alopecia [&hellip;]<\/p>\n","protected":false},"author":1,"featured_media":16287,"parent":16380,"menu_order":0,"comment_status":"closed","ping_status":"closed","template":"","meta":{"footnotes":""},"class_list":["post-16433","page","type-page","status-publish","has-post-thumbnail","hentry"],"yoast_head":"<!-- This site is optimized with the Yoast SEO plugin v26.9 - https:\/\/yoast.com\/product\/yoast-seo-wordpress\/ -->\n<title>T\u00e9cnica FUE de Transplante Capilar - Dr. Pablo Ifr\u00e1n<\/title>\n<meta name=\"robots\" content=\"index, follow, max-snippet:-1, max-image-preview:large, max-video-preview:-1\" \/>\n<link rel=\"canonical\" href=\"https:\/\/drpabloifran.com\/pt-br\/transplante-capilar\/tecnica-fue-de-transplante-capilar\/\" \/>\n<meta property=\"og:locale\" content=\"pt_BR\" \/>\n<meta property=\"og:type\" content=\"article\" \/>\n<meta property=\"og:title\" content=\"T\u00e9cnica FUE de Transplante Capilar - Dr. Pablo Ifr\u00e1n\" \/>\n<meta property=\"og:description\" content=\"O recurso mais avan\u00e7ado para combater a alopecia \u00cdndice O que \u00e9 a t\u00e9cnica de transplante capilar FUE? A t\u00e9cnica de transplante capilar FUE (Follicular Unit Extraction) \u00e9 a t\u00e9cnica de transplante capilar da mais alta qualidade at\u00e9 agora. Com ele, utiliza-se anestesia local e extraem-se unidades foliculares, uma a uma, para tratar a alopecia [&hellip;]\" \/>\n<meta property=\"og:url\" content=\"https:\/\/drpabloifran.com\/pt-br\/transplante-capilar\/tecnica-fue-de-transplante-capilar\/\" \/>\n<meta property=\"og:site_name\" content=\"Dr. Pablo Ifr\u00e1n\" \/>\n<meta property=\"article:publisher\" content=\"https:\/\/facebook.com\/drpabloifran\" \/>\n<meta property=\"article:modified_time\" content=\"2025-07-15T14:05:49+00:00\" \/>\n<meta property=\"og:image\" content=\"https:\/\/drpabloifran.com\/wp-content\/uploads\/2023\/04\/paciente-antes-de-un-transplante-capilar.jpeg\" \/>\n\t<meta property=\"og:image:width\" content=\"1255\" \/>\n\t<meta property=\"og:image:height\" content=\"709\" \/>\n\t<meta property=\"og:image:type\" content=\"image\/jpeg\" \/>\n<meta name=\"twitter:card\" content=\"summary_large_image\" \/>\n<meta name=\"twitter:label1\" content=\"Est. tempo de leitura\" \/>\n\t<meta name=\"twitter:data1\" content=\"9 minutos\" \/>\n<script type=\"application\/ld+json\" class=\"yoast-schema-graph\">{\"@context\":\"https:\/\/schema.org\",\"@graph\":[{\"@type\":\"WebPage\",\"@id\":\"https:\/\/drpabloifran.com\/pt-br\/transplante-capilar\/tecnica-fue-de-transplante-capilar\/\",\"url\":\"https:\/\/drpabloifran.com\/pt-br\/transplante-capilar\/tecnica-fue-de-transplante-capilar\/\",\"name\":\"T\u00e9cnica FUE de Transplante Capilar - Dr. Pablo Ifr\u00e1n\",\"isPartOf\":{\"@id\":\"https:\/\/drpabloifran.com\/pt-br\/#website\"},\"primaryImageOfPage\":{\"@id\":\"https:\/\/drpabloifran.com\/pt-br\/transplante-capilar\/tecnica-fue-de-transplante-capilar\/#primaryimage\"},\"image\":{\"@id\":\"https:\/\/drpabloifran.com\/pt-br\/transplante-capilar\/tecnica-fue-de-transplante-capilar\/#primaryimage\"},\"thumbnailUrl\":\"https:\/\/drpabloifran.com\/wp-content\/uploads\/2023\/04\/paciente-antes-de-un-transplante-capilar.jpeg\",\"datePublished\":\"2023-04-21T13:47:43+00:00\",\"dateModified\":\"2025-07-15T14:05:49+00:00\",\"breadcrumb\":{\"@id\":\"https:\/\/drpabloifran.com\/pt-br\/transplante-capilar\/tecnica-fue-de-transplante-capilar\/#breadcrumb\"},\"inLanguage\":\"pt-BR\",\"potentialAction\":[{\"@type\":\"ReadAction\",\"target\":[\"https:\/\/drpabloifran.com\/pt-br\/transplante-capilar\/tecnica-fue-de-transplante-capilar\/\"]}]},{\"@type\":\"ImageObject\",\"inLanguage\":\"pt-BR\",\"@id\":\"https:\/\/drpabloifran.com\/pt-br\/transplante-capilar\/tecnica-fue-de-transplante-capilar\/#primaryimage\",\"url\":\"https:\/\/drpabloifran.com\/wp-content\/uploads\/2023\/04\/paciente-antes-de-un-transplante-capilar.jpeg\",\"contentUrl\":\"https:\/\/drpabloifran.com\/wp-content\/uploads\/2023\/04\/paciente-antes-de-un-transplante-capilar.jpeg\",\"width\":1255,\"height\":709},{\"@type\":\"BreadcrumbList\",\"@id\":\"https:\/\/drpabloifran.com\/pt-br\/transplante-capilar\/tecnica-fue-de-transplante-capilar\/#breadcrumb\",\"itemListElement\":[{\"@type\":\"ListItem\",\"position\":1,\"name\":\"Portada\",\"item\":\"https:\/\/drpabloifran.com\/pt-br\/principio\/\"},{\"@type\":\"ListItem\",\"position\":2,\"name\":\"Transplante Capilar\",\"item\":\"https:\/\/drpabloifran.com\/pt-br\/transplante-capilar\/\"},{\"@type\":\"ListItem\",\"position\":3,\"name\":\"T\u00e9cnica FUE de Transplante Capilar\"}]},{\"@type\":\"WebSite\",\"@id\":\"https:\/\/drpabloifran.com\/pt-br\/#website\",\"url\":\"https:\/\/drpabloifran.com\/pt-br\/\",\"name\":\"Dr. Pablo Ifr\u00e1n\",\"description\":\"Medicina est\u00e9tica avanzada\",\"publisher\":{\"@id\":\"https:\/\/drpabloifran.com\/pt-br\/#organization\"},\"potentialAction\":[{\"@type\":\"SearchAction\",\"target\":{\"@type\":\"EntryPoint\",\"urlTemplate\":\"https:\/\/drpabloifran.com\/pt-br\/?s={search_term_string}\"},\"query-input\":{\"@type\":\"PropertyValueSpecification\",\"valueRequired\":true,\"valueName\":\"search_term_string\"}}],\"inLanguage\":\"pt-BR\"},{\"@type\":\"Organization\",\"@id\":\"https:\/\/drpabloifran.com\/pt-br\/#organization\",\"name\":\"Dr. Pablo Ifr\u00e1n\",\"url\":\"https:\/\/drpabloifran.com\/pt-br\/\",\"logo\":{\"@type\":\"ImageObject\",\"inLanguage\":\"pt-BR\",\"@id\":\"https:\/\/drpabloifran.com\/pt-br\/#\/schema\/logo\/image\/\",\"url\":\"https:\/\/drpabloifran.com\/wp-content\/uploads\/2026\/02\/2.png\",\"contentUrl\":\"https:\/\/drpabloifran.com\/wp-content\/uploads\/2026\/02\/2.png\",\"width\":500,\"height\":500,\"caption\":\"Dr. Pablo Ifr\u00e1n\"},\"image\":{\"@id\":\"https:\/\/drpabloifran.com\/pt-br\/#\/schema\/logo\/image\/\"},\"sameAs\":[\"https:\/\/facebook.com\/drpabloifran\",\"https:\/\/instagram.com\/drpabloifran\"]}]}<\/script>\n<!-- \/ Yoast SEO plugin. -->","yoast_head_json":{"title":"T\u00e9cnica FUE de Transplante Capilar - Dr. Pablo Ifr\u00e1n","robots":{"index":"index","follow":"follow","max-snippet":"max-snippet:-1","max-image-preview":"max-image-preview:large","max-video-preview":"max-video-preview:-1"},"canonical":"https:\/\/drpabloifran.com\/pt-br\/transplante-capilar\/tecnica-fue-de-transplante-capilar\/","og_locale":"pt_BR","og_type":"article","og_title":"T\u00e9cnica FUE de Transplante Capilar - Dr. Pablo Ifr\u00e1n","og_description":"O recurso mais avan\u00e7ado para combater a alopecia \u00cdndice O que \u00e9 a t\u00e9cnica de transplante capilar FUE? A t\u00e9cnica de transplante capilar FUE (Follicular Unit Extraction) \u00e9 a t\u00e9cnica de transplante capilar da mais alta qualidade at\u00e9 agora. Com ele, utiliza-se anestesia local e extraem-se unidades foliculares, uma a uma, para tratar a alopecia [&hellip;]","og_url":"https:\/\/drpabloifran.com\/pt-br\/transplante-capilar\/tecnica-fue-de-transplante-capilar\/","og_site_name":"Dr. Pablo Ifr\u00e1n","article_publisher":"https:\/\/facebook.com\/drpabloifran","article_modified_time":"2025-07-15T14:05:49+00:00","og_image":[{"width":1255,"height":709,"url":"https:\/\/drpabloifran.com\/wp-content\/uploads\/2023\/04\/paciente-antes-de-un-transplante-capilar.jpeg","type":"image\/jpeg"}],"twitter_card":"summary_large_image","twitter_misc":{"Est. tempo de leitura":"9 minutos"},"schema":{"@context":"https:\/\/schema.org","@graph":[{"@type":"WebPage","@id":"https:\/\/drpabloifran.com\/pt-br\/transplante-capilar\/tecnica-fue-de-transplante-capilar\/","url":"https:\/\/drpabloifran.com\/pt-br\/transplante-capilar\/tecnica-fue-de-transplante-capilar\/","name":"T\u00e9cnica FUE de Transplante Capilar - Dr. Pablo Ifr\u00e1n","isPartOf":{"@id":"https:\/\/drpabloifran.com\/pt-br\/#website"},"primaryImageOfPage":{"@id":"https:\/\/drpabloifran.com\/pt-br\/transplante-capilar\/tecnica-fue-de-transplante-capilar\/#primaryimage"},"image":{"@id":"https:\/\/drpabloifran.com\/pt-br\/transplante-capilar\/tecnica-fue-de-transplante-capilar\/#primaryimage"},"thumbnailUrl":"https:\/\/drpabloifran.com\/wp-content\/uploads\/2023\/04\/paciente-antes-de-un-transplante-capilar.jpeg","datePublished":"2023-04-21T13:47:43+00:00","dateModified":"2025-07-15T14:05:49+00:00","breadcrumb":{"@id":"https:\/\/drpabloifran.com\/pt-br\/transplante-capilar\/tecnica-fue-de-transplante-capilar\/#breadcrumb"},"inLanguage":"pt-BR","potentialAction":[{"@type":"ReadAction","target":["https:\/\/drpabloifran.com\/pt-br\/transplante-capilar\/tecnica-fue-de-transplante-capilar\/"]}]},{"@type":"ImageObject","inLanguage":"pt-BR","@id":"https:\/\/drpabloifran.com\/pt-br\/transplante-capilar\/tecnica-fue-de-transplante-capilar\/#primaryimage","url":"https:\/\/drpabloifran.com\/wp-content\/uploads\/2023\/04\/paciente-antes-de-un-transplante-capilar.jpeg","contentUrl":"https:\/\/drpabloifran.com\/wp-content\/uploads\/2023\/04\/paciente-antes-de-un-transplante-capilar.jpeg","width":1255,"height":709},{"@type":"BreadcrumbList","@id":"https:\/\/drpabloifran.com\/pt-br\/transplante-capilar\/tecnica-fue-de-transplante-capilar\/#breadcrumb","itemListElement":[{"@type":"ListItem","position":1,"name":"Portada","item":"https:\/\/drpabloifran.com\/pt-br\/principio\/"},{"@type":"ListItem","position":2,"name":"Transplante Capilar","item":"https:\/\/drpabloifran.com\/pt-br\/transplante-capilar\/"},{"@type":"ListItem","position":3,"name":"T\u00e9cnica FUE de Transplante Capilar"}]},{"@type":"WebSite","@id":"https:\/\/drpabloifran.com\/pt-br\/#website","url":"https:\/\/drpabloifran.com\/pt-br\/","name":"Dr. Pablo Ifr\u00e1n","description":"Medicina est\u00e9tica avanzada","publisher":{"@id":"https:\/\/drpabloifran.com\/pt-br\/#organization"},"potentialAction":[{"@type":"SearchAction","target":{"@type":"EntryPoint","urlTemplate":"https:\/\/drpabloifran.com\/pt-br\/?s={search_term_string}"},"query-input":{"@type":"PropertyValueSpecification","valueRequired":true,"valueName":"search_term_string"}}],"inLanguage":"pt-BR"},{"@type":"Organization","@id":"https:\/\/drpabloifran.com\/pt-br\/#organization","name":"Dr. Pablo Ifr\u00e1n","url":"https:\/\/drpabloifran.com\/pt-br\/","logo":{"@type":"ImageObject","inLanguage":"pt-BR","@id":"https:\/\/drpabloifran.com\/pt-br\/#\/schema\/logo\/image\/","url":"https:\/\/drpabloifran.com\/wp-content\/uploads\/2026\/02\/2.png","contentUrl":"https:\/\/drpabloifran.com\/wp-content\/uploads\/2026\/02\/2.png","width":500,"height":500,"caption":"Dr. Pablo Ifr\u00e1n"},"image":{"@id":"https:\/\/drpabloifran.com\/pt-br\/#\/schema\/logo\/image\/"},"sameAs":["https:\/\/facebook.com\/drpabloifran","https:\/\/instagram.com\/drpabloifran"]}]}},"_links":{"self":[{"href":"https:\/\/drpabloifran.com\/pt-br\/wp-json\/wp\/v2\/pages\/16433","targetHints":{"allow":["GET"]}}],"collection":[{"href":"https:\/\/drpabloifran.com\/pt-br\/wp-json\/wp\/v2\/pages"}],"about":[{"href":"https:\/\/drpabloifran.com\/pt-br\/wp-json\/wp\/v2\/types\/page"}],"author":[{"embeddable":true,"href":"https:\/\/drpabloifran.com\/pt-br\/wp-json\/wp\/v2\/users\/1"}],"replies":[{"embeddable":true,"href":"https:\/\/drpabloifran.com\/pt-br\/wp-json\/wp\/v2\/comments?post=16433"}],"version-history":[{"count":1,"href":"https:\/\/drpabloifran.com\/pt-br\/wp-json\/wp\/v2\/pages\/16433\/revisions"}],"predecessor-version":[{"id":16434,"href":"https:\/\/drpabloifran.com\/pt-br\/wp-json\/wp\/v2\/pages\/16433\/revisions\/16434"}],"up":[{"embeddable":true,"href":"https:\/\/drpabloifran.com\/pt-br\/wp-json\/wp\/v2\/pages\/16380"}],"wp:featuredmedia":[{"embeddable":true,"href":"https:\/\/drpabloifran.com\/pt-br\/wp-json\/wp\/v2\/media\/16287"}],"wp:attachment":[{"href":"https:\/\/drpabloifran.com\/pt-br\/wp-json\/wp\/v2\/media?parent=16433"}],"curies":[{"name":"wp","href":"https:\/\/api.w.org\/{rel}","templated":true}]}}