{"id":16485,"date":"2021-11-23T21:07:50","date_gmt":"2021-11-23T21:07:50","guid":{"rendered":"https:\/\/drpabloifran.com\/portfolio\/mesoterapia-anticelulite\/"},"modified":"2025-07-15T15:19:31","modified_gmt":"2025-07-15T15:19:31","slug":"mesoterapia-anticelulite","status":"publish","type":"portfolio","link":"https:\/\/drpabloifran.com\/pt-br\/portfolio\/mesoterapia-anticelulite\/","title":{"rendered":"Mesoterapia anticelulite"},"content":{"rendered":"\t\t<div data-elementor-type=\"wp-post\" data-elementor-id=\"16485\" class=\"elementor elementor-16485 elementor-11711\" data-elementor-post-type=\"portfolio\">\n\t\t\t\t\t\t<section class=\"elementor-section elementor-top-section elementor-element elementor-element-a2f1746 elementor-section-full_width elementor-section-height-default elementor-section-height-default elementor-invisible\" data-id=\"a2f1746\" data-element_type=\"section\" data-e-type=\"section\" data-settings=\"{&quot;animation&quot;:&quot;fadeIn&quot;}\">\n\t\t\t\t\t\t<div class=\"elementor-container elementor-column-gap-no\">\n\t\t\t\t\t<div class=\"elementor-column elementor-col-100 elementor-top-column elementor-element elementor-element-b51ec21\" data-id=\"b51ec21\" data-element_type=\"column\" data-e-type=\"column\">\n\t\t\t<div class=\"elementor-widget-wrap elementor-element-populated\">\n\t\t\t\t\t\t<section class=\"elementor-section elementor-inner-section elementor-element elementor-element-79303ad elementor-section-boxed elementor-section-height-default elementor-section-height-default\" data-id=\"79303ad\" data-element_type=\"section\" data-e-type=\"section\">\n\t\t\t\t\t\t<div class=\"elementor-container elementor-column-gap-extended\">\n\t\t\t\t\t<div class=\"elementor-column elementor-col-100 elementor-inner-column elementor-element elementor-element-a359c4d\" data-id=\"a359c4d\" data-element_type=\"column\" data-e-type=\"column\">\n\t\t\t<div class=\"elementor-widget-wrap elementor-element-populated\">\n\t\t\t\t\t\t<div class=\"elementor-element elementor-element-4686f13 elementor-widget elementor-widget-heading\" data-id=\"4686f13\" data-element_type=\"widget\" data-e-type=\"widget\" data-widget_type=\"heading.default\">\n\t\t\t\t<div class=\"elementor-widget-container\">\n\t\t\t\t\t<h5 class=\"elementor-heading-title elementor-size-default\">Tratamento com princ\u00edpios ativos espec\u00edficos contra a celulite<\/h5>\t\t\t\t<\/div>\n\t\t\t\t<\/div>\n\t\t\t\t<div class=\"elementor-element elementor-element-5208425 elementor-widget elementor-widget-heading\" data-id=\"5208425\" data-element_type=\"widget\" data-e-type=\"widget\" data-widget_type=\"heading.default\">\n\t\t\t\t<div class=\"elementor-widget-container\">\n\t\t\t\t\t<h4 class=\"elementor-heading-title elementor-size-default\">O que \u00e9?<\/h4>\t\t\t\t<\/div>\n\t\t\t\t<\/div>\n\t\t\t\t<div class=\"elementor-element elementor-element-434ae74 elementor-widget elementor-widget-text-editor\" data-id=\"434ae74\" data-element_type=\"widget\" data-e-type=\"widget\" data-widget_type=\"text-editor.default\">\n\t\t\t\t<div class=\"elementor-widget-container\">\n\t\t\t\t\t\t\t\t\t<div data-id=\"afee171\" data-element_type=\"widget\" data-widget_type=\"text-editor.default\"><p><span style=\"font-weight: 400;\">\u00c9 uma t\u00e9cnica m\u00e9dica realizada por microinje\u00e7\u00f5es superficiais na pele para facilitar a introdu\u00e7\u00e3o de medicamentos espec\u00edficos para reduzir a celulite. S\u00e3o utilizadas prepara\u00e7\u00f5es com diversos princ\u00edpios ativos que visam melhorar a circula\u00e7\u00e3o na \u00e1rea, proporcionar maior oxigena\u00e7\u00e3o e gerar lip\u00f3lise do tecido afetado. <\/span><\/p><\/div>\t\t\t\t\t\t\t\t<\/div>\n\t\t\t\t<\/div>\n\t\t\t\t\t<\/div>\n\t\t<\/div>\n\t\t\t\t\t<\/div>\n\t\t<\/section>\n\t\t        \t\t<section class=\"elementor-section elementor-inner-section elementor-element elementor-element-6fb54fc elementor-section-boxed elementor-section-height-default elementor-section-height-default\" data-id=\"6fb54fc\" data-element_type=\"section\" data-e-type=\"section\">\n\t\t\t\t\t\t<div class=\"elementor-container elementor-column-gap-extended\">\n\t\t\t\t\t<div class=\"elementor-column elementor-col-100 elementor-inner-column elementor-element elementor-element-c670c44\" data-id=\"c670c44\" data-element_type=\"column\" data-e-type=\"column\">\n\t\t\t<div class=\"elementor-widget-wrap elementor-element-populated\">\n\t\t\t\t\t\t<div class=\"elementor-element elementor-element-11c7e5e elementor-widget elementor-widget-spacer\" data-id=\"11c7e5e\" data-element_type=\"widget\" data-e-type=\"widget\" data-widget_type=\"spacer.default\">\n\t\t\t\t<div class=\"elementor-widget-container\">\n\t\t\t\t\t\t\t<div class=\"elementor-spacer\">\n\t\t\t<div class=\"elementor-spacer-inner\"><\/div>\n\t\t<\/div>\n\t\t\t\t\t\t<\/div>\n\t\t\t\t<\/div>\n\t\t\t\t<div class=\"elementor-element elementor-element-859cc45 elementor-widget elementor-widget-heading\" data-id=\"859cc45\" data-element_type=\"widget\" data-e-type=\"widget\" data-widget_type=\"heading.default\">\n\t\t\t\t<div class=\"elementor-widget-container\">\n\t\t\t\t\t<h4 class=\"elementor-heading-title elementor-size-default\">Em que consiste?  \n<\/h4>\t\t\t\t<\/div>\n\t\t\t\t<\/div>\n\t\t\t\t<div class=\"elementor-element elementor-element-ed52b35 elementor-widget elementor-widget-text-editor\" data-id=\"ed52b35\" data-element_type=\"widget\" data-e-type=\"widget\" data-widget_type=\"text-editor.default\">\n\t\t\t\t<div class=\"elementor-widget-container\">\n\t\t\t\t\t\t\t\t\t<div data-id=\"afee171\" data-element_type=\"widget\" data-widget_type=\"text-editor.default\"><p><span style=\"font-weight: 400;\">Ap\u00f3s a defini\u00e7\u00e3o da \u00e1rea a ser tratada, s\u00e3o selecionados os princ\u00edpios ativos ideais para o paciente e a infiltra\u00e7\u00e3o dos princ\u00edpios ativos na pele \u00e9 realizada por meio de microagulhas.  <\/span><\/p><\/div>\t\t\t\t\t\t\t\t<\/div>\n\t\t\t\t<\/div>\n\t\t\t\t\t<\/div>\n\t\t<\/div>\n\t\t\t\t\t<\/div>\n\t\t<\/section>\n\t\t        \t\t<section class=\"elementor-section elementor-inner-section elementor-element elementor-element-b902598 elementor-section-boxed elementor-section-height-default elementor-section-height-default\" data-id=\"b902598\" data-element_type=\"section\" data-e-type=\"section\">\n\t\t\t\t\t\t<div class=\"elementor-container elementor-column-gap-extended\">\n\t\t\t\t\t<div class=\"elementor-column elementor-col-100 elementor-inner-column elementor-element elementor-element-0514a5a\" data-id=\"0514a5a\" data-element_type=\"column\" data-e-type=\"column\">\n\t\t\t<div class=\"elementor-widget-wrap elementor-element-populated\">\n\t\t\t\t\t\t<div class=\"elementor-element elementor-element-c85eae8 elementor-widget elementor-widget-heading\" data-id=\"c85eae8\" data-element_type=\"widget\" data-e-type=\"widget\" data-widget_type=\"heading.default\">\n\t\t\t\t<div class=\"elementor-widget-container\">\n\t\t\t\t\t<h4 class=\"elementor-heading-title elementor-size-default\">Modos e tempos de recupera\u00e7\u00e3o:  <\/h4>\t\t\t\t<\/div>\n\t\t\t\t<\/div>\n\t\t\t\t<div class=\"elementor-element elementor-element-b5527fe elementor-widget elementor-widget-text-editor\" data-id=\"b5527fe\" data-element_type=\"widget\" data-e-type=\"widget\" data-widget_type=\"text-editor.default\">\n\t\t\t\t<div class=\"elementor-widget-container\">\n\t\t\t\t\t\t\t\t\t<div data-id=\"afee171\" data-element_type=\"widget\" data-widget_type=\"text-editor.default\"><p><span style=\"font-weight: 400;\">Ap\u00f3s o tratamento, muitas vezes percebe-se um leve desconforto na \u00e1rea tratada e uma pequena vermelhid\u00e3o que desaparece em poucas horas. Podem aparecer pequenos hematomas que desaparecem em poucos dias. As atividades habituais podem ser retomadas desde que fontes de calor excessivo, traumas ou exposi\u00e7\u00e3o ao sol sejam evitados por 48 horas.  <\/span><\/p><\/div>\t\t\t\t\t\t\t\t<\/div>\n\t\t\t\t<\/div>\n\t\t\t\t\t<\/div>\n\t\t<\/div>\n\t\t\t\t\t<\/div>\n\t\t<\/section>\n\t\t        \t\t<section class=\"elementor-section elementor-inner-section elementor-element elementor-element-5720d8c elementor-section-boxed elementor-section-height-default elementor-section-height-default\" data-id=\"5720d8c\" data-element_type=\"section\" data-e-type=\"section\">\n\t\t\t\t\t\t<div class=\"elementor-container elementor-column-gap-extended\">\n\t\t\t\t\t<div class=\"elementor-column elementor-col-100 elementor-inner-column elementor-element elementor-element-4fddfe8\" data-id=\"4fddfe8\" data-element_type=\"column\" data-e-type=\"column\">\n\t\t\t<div class=\"elementor-widget-wrap elementor-element-populated\">\n\t\t\t\t\t\t<div class=\"elementor-element elementor-element-8dfb45c elementor-widget elementor-widget-heading\" data-id=\"8dfb45c\" data-element_type=\"widget\" data-e-type=\"widget\" data-widget_type=\"heading.default\">\n\t\t\t\t<div class=\"elementor-widget-container\">\n\t\t\t\t\t<h4 class=\"elementor-heading-title elementor-size-default\">Resultados<\/h4>\t\t\t\t<\/div>\n\t\t\t\t<\/div>\n\t\t\t\t<div class=\"elementor-element elementor-element-9f2fec6 elementor-widget elementor-widget-text-editor\" data-id=\"9f2fec6\" data-element_type=\"widget\" data-e-type=\"widget\" data-widget_type=\"text-editor.default\">\n\t\t\t\t<div class=\"elementor-widget-container\">\n\t\t\t\t\t\t\t\t\t<div data-id=\"afee171\" data-element_type=\"widget\" data-widget_type=\"text-editor.default\"><p><span style=\"font-weight: 400;\">Os resultados s\u00e3o vis\u00edveis ap\u00f3s as primeiras semanas ap\u00f3s o tratamento. Um m\u00ednimo de 4-6 sess\u00f5es s\u00e3o realizadas com um intervalo de 7-10 dias. Este tratamento \u00e9 usado em combina\u00e7\u00e3o com outros para aumentar sua efic\u00e1cia.    <\/span><\/p><\/div>\t\t\t\t\t\t\t\t<\/div>\n\t\t\t\t<\/div>\n\t\t\t\t<div class=\"elementor-element elementor-element-908ddc4 elementor-widget elementor-widget-text-editor\" data-id=\"908ddc4\" data-element_type=\"widget\" data-e-type=\"widget\" data-widget_type=\"text-editor.default\">\n\t\t\t\t<div class=\"elementor-widget-container\">\n\t\t\t\t\t\t\t\t\t<div data-id=\"afee171\" data-element_type=\"widget\" data-widget_type=\"text-editor.default\"><p>Se voc\u00ea estiver interessado em outros tratamentos semelhantes, visite nossa se\u00e7\u00e3o sobre Tratamentos de <a href=\"https:\/\/drpabloifran.com\/pt-br\/celulite\/\" target=\"_blank\" rel=\"noopener\">celulite<\/a>.<\/p><\/div>\t\t\t\t\t\t\t\t<\/div>\n\t\t\t\t<\/div>\n\t\t\t\t<div class=\"elementor-element elementor-element-a6150fd elementor-widget elementor-widget-spacer\" data-id=\"a6150fd\" data-element_type=\"widget\" data-e-type=\"widget\" data-widget_type=\"spacer.default\">\n\t\t\t\t<div class=\"elementor-widget-container\">\n\t\t\t\t\t\t\t<div class=\"elementor-spacer\">\n\t\t\t<div class=\"elementor-spacer-inner\"><\/div>\n\t\t<\/div>\n\t\t\t\t\t\t<\/div>\n\t\t\t\t<\/div>\n\t\t\t\t\t<\/div>\n\t\t<\/div>\n\t\t\t\t\t<\/div>\n\t\t<\/section>\n\t\t        \t\t<section class=\"elementor-section elementor-inner-section elementor-element elementor-element-c25b235 elementor-section-boxed elementor-section-height-default elementor-section-height-default elementor-invisible\" data-id=\"c25b235\" data-element_type=\"section\" data-e-type=\"section\" data-settings=\"{&quot;animation&quot;:&quot;fadeIn&quot;}\">\n\t\t\t\t\t\t<div class=\"elementor-container elementor-column-gap-extended\">\n\t\t\t\t\t<div class=\"elementor-column elementor-col-100 elementor-inner-column elementor-element elementor-element-ebfa59e\" data-id=\"ebfa59e\" data-element_type=\"column\" data-e-type=\"column\">\n\t\t\t<div class=\"elementor-widget-wrap elementor-element-populated\">\n\t\t\t\t\t\t<div class=\"elementor-element elementor-element-a12f156 elementor-widget elementor-widget-text-editor\" data-id=\"a12f156\" data-element_type=\"widget\" data-e-type=\"widget\" data-widget_type=\"text-editor.default\">\n\t\t\t\t<div class=\"elementor-widget-container\">\n\t\t\t\t\t\t\t\t\t<p><h4 style=\"text-align:center\">\u00bfQuieres profundizar en este tema?<\/h4><br>\r\n<p style=\"text-align:center\">Escr\u00edbeme al WhatsApp para agendar una consulta<\/p><br>\r\n<div align=\"center\">\r\n\t<a href=\"https:\/\/api.whatsapp.com\/send?phone=59895867436\" target=\"_blank\">\r\n\t\t<img decoding=\"async\" src=\"https:\/\/drpabloifran.com\/wp-content\/uploads\/2021\/09\/whatsapp-4.png\" style=\"width:64px !important; height:64px !important;\/>\r\n\t<\/a>\r\n<\/div><\/p>\t\t\t\t\t\t\t\t<\/div>\n\t\t\t\t<\/div>\n\t\t\t\t\t<\/div>\n\t\t<\/div>\n\t\t\t\t\t<\/div>\n\t\t<\/section>\n\t\t        \t\t<section class=\"elementor-section elementor-inner-section elementor-element elementor-element-b809830 elementor-section-boxed elementor-section-height-default elementor-section-height-default elementor-invisible\" data-id=\"b809830\" data-element_type=\"section\" data-e-type=\"section\" data-settings=\"{&quot;animation&quot;:&quot;fadeIn&quot;}\">\n\t\t\t\t\t\t<div class=\"elementor-container elementor-column-gap-extended\">\n\t\t\t\t\t<div class=\"elementor-column elementor-col-100 elementor-inner-column elementor-element elementor-element-8928951\" data-id=\"8928951\" data-element_type=\"column\" data-e-type=\"column\">\n\t\t\t<div class=\"elementor-widget-wrap elementor-element-populated\">\n\t\t\t\t\t\t<div class=\"elementor-element elementor-element-f90fa15 elementor-widget elementor-widget-spacer\" data-id=\"f90fa15\" data-element_type=\"widget\" data-e-type=\"widget\" data-widget_type=\"spacer.default\">\n\t\t\t\t<div class=\"elementor-widget-container\">\n\t\t\t\t\t\t\t<div class=\"elementor-spacer\">\n\t\t\t<div class=\"elementor-spacer-inner\"><\/div>\n\t\t<\/div>\n\t\t\t\t\t\t<\/div>\n\t\t\t\t<\/div>\n\t\t\t\t\t<\/div>\n\t\t<\/div>\n\t\t\t\t\t<\/div>\n\t\t<\/section>\n\t\t        \t\t\t<\/div>\n\t\t<\/div>\n\t\t\t\t\t<\/div>\n\t\t<\/section>\n\t\t        \t\t<\/div>\n\t\t","protected":false},"excerpt":{"rendered":"<p>Tratamento com princ\u00edpios ativos espec\u00edficos contra a celulite O que \u00e9? \u00c9 uma t\u00e9cnica m\u00e9dica realizada por microinje\u00e7\u00f5es superficiais na pele para facilitar a introdu\u00e7\u00e3o de medicamentos espec\u00edficos para reduzir a celulite. S\u00e3o utilizadas prepara\u00e7\u00f5es com diversos princ\u00edpios ativos que visam melhorar a circula\u00e7\u00e3o na \u00e1rea, proporcionar maior oxigena\u00e7\u00e3o e gerar lip\u00f3lise do tecido afetado. [&hellip;]<\/p>\n","protected":false},"author":1,"featured_media":16185,"parent":0,"comment_status":"closed","ping_status":"closed","template":"","portfolio-tags":[],"portfolio-categories":[140],"class_list":["post-16485","portfolio","type-portfolio","status-publish","has-post-thumbnail","hentry","portfolio-categories-celulitis"],"yoast_head":"<!-- This site is optimized with the Yoast SEO plugin v26.9 - https:\/\/yoast.com\/product\/yoast-seo-wordpress\/ -->\n<title>Mesoterapia Anticelulite em Montevid\u00e9u, Uruguai<\/title>\n<meta name=\"robots\" content=\"index, follow, max-snippet:-1, max-image-preview:large, max-video-preview:-1\" \/>\n<link rel=\"canonical\" href=\"https:\/\/drpabloifran.com\/pt-br\/portfolio\/mesoterapia-anticelulite\/\" \/>\n<meta property=\"og:locale\" content=\"pt_BR\" \/>\n<meta property=\"og:type\" content=\"article\" \/>\n<meta property=\"og:title\" content=\"Mesoterapia Anticelulite em Montevid\u00e9u, Uruguai\" \/>\n<meta property=\"og:description\" content=\"Tratamento com princ\u00edpios ativos espec\u00edficos contra a celulite O que \u00e9? \u00c9 uma t\u00e9cnica m\u00e9dica realizada por microinje\u00e7\u00f5es superficiais na pele para facilitar a introdu\u00e7\u00e3o de medicamentos espec\u00edficos para reduzir a celulite. S\u00e3o utilizadas prepara\u00e7\u00f5es com diversos princ\u00edpios ativos que visam melhorar a circula\u00e7\u00e3o na \u00e1rea, proporcionar maior oxigena\u00e7\u00e3o e gerar lip\u00f3lise do tecido afetado. [&hellip;]\" \/>\n<meta property=\"og:url\" content=\"https:\/\/drpabloifran.com\/pt-br\/portfolio\/mesoterapia-anticelulite\/\" \/>\n<meta property=\"og:site_name\" content=\"Dr. Pablo Ifr\u00e1n\" \/>\n<meta property=\"article:publisher\" content=\"https:\/\/facebook.com\/drpabloifran\" \/>\n<meta property=\"article:modified_time\" content=\"2025-07-15T15:19:31+00:00\" \/>\n<meta property=\"og:image\" content=\"https:\/\/drpabloifran.com\/wp-content\/uploads\/2021\/12\/4.jpg\" \/>\n\t<meta property=\"og:image:width\" content=\"1024\" \/>\n\t<meta property=\"og:image:height\" content=\"768\" \/>\n\t<meta property=\"og:image:type\" content=\"image\/jpeg\" \/>\n<meta name=\"twitter:card\" content=\"summary_large_image\" \/>\n<meta name=\"twitter:label1\" content=\"Est. tempo de leitura\" \/>\n\t<meta name=\"twitter:data1\" content=\"1 minuto\" \/>\n<script type=\"application\/ld+json\" class=\"yoast-schema-graph\">{\"@context\":\"https:\/\/schema.org\",\"@graph\":[{\"@type\":\"WebPage\",\"@id\":\"https:\/\/drpabloifran.com\/pt-br\/portfolio\/mesoterapia-anticelulite\/\",\"url\":\"https:\/\/drpabloifran.com\/pt-br\/portfolio\/mesoterapia-anticelulite\/\",\"name\":\"Mesoterapia Anticelulite em Montevid\u00e9u, Uruguai\",\"isPartOf\":{\"@id\":\"https:\/\/drpabloifran.com\/pt-br\/#website\"},\"primaryImageOfPage\":{\"@id\":\"https:\/\/drpabloifran.com\/pt-br\/portfolio\/mesoterapia-anticelulite\/#primaryimage\"},\"image\":{\"@id\":\"https:\/\/drpabloifran.com\/pt-br\/portfolio\/mesoterapia-anticelulite\/#primaryimage\"},\"thumbnailUrl\":\"https:\/\/drpabloifran.com\/wp-content\/uploads\/2021\/12\/4.jpg\",\"datePublished\":\"2021-11-23T21:07:50+00:00\",\"dateModified\":\"2025-07-15T15:19:31+00:00\",\"breadcrumb\":{\"@id\":\"https:\/\/drpabloifran.com\/pt-br\/portfolio\/mesoterapia-anticelulite\/#breadcrumb\"},\"inLanguage\":\"pt-BR\",\"potentialAction\":[{\"@type\":\"ReadAction\",\"target\":[\"https:\/\/drpabloifran.com\/pt-br\/portfolio\/mesoterapia-anticelulite\/\"]}]},{\"@type\":\"ImageObject\",\"inLanguage\":\"pt-BR\",\"@id\":\"https:\/\/drpabloifran.com\/pt-br\/portfolio\/mesoterapia-anticelulite\/#primaryimage\",\"url\":\"https:\/\/drpabloifran.com\/wp-content\/uploads\/2021\/12\/4.jpg\",\"contentUrl\":\"https:\/\/drpabloifran.com\/wp-content\/uploads\/2021\/12\/4.jpg\",\"width\":1024,\"height\":768},{\"@type\":\"BreadcrumbList\",\"@id\":\"https:\/\/drpabloifran.com\/pt-br\/portfolio\/mesoterapia-anticelulite\/#breadcrumb\",\"itemListElement\":[{\"@type\":\"ListItem\",\"position\":1,\"name\":\"Portada\",\"item\":\"https:\/\/drpabloifran.com\/pt-br\/principio\/\"},{\"@type\":\"ListItem\",\"position\":2,\"name\":\"Portfolio\",\"item\":\"https:\/\/drpabloifran.com\/pt-br\/portfolio\/\"},{\"@type\":\"ListItem\",\"position\":3,\"name\":\"Mesoterapia anticelulite\"}]},{\"@type\":\"WebSite\",\"@id\":\"https:\/\/drpabloifran.com\/pt-br\/#website\",\"url\":\"https:\/\/drpabloifran.com\/pt-br\/\",\"name\":\"Dr. Pablo Ifr\u00e1n\",\"description\":\"Medicina est\u00e9tica avanzada\",\"publisher\":{\"@id\":\"https:\/\/drpabloifran.com\/pt-br\/#organization\"},\"potentialAction\":[{\"@type\":\"SearchAction\",\"target\":{\"@type\":\"EntryPoint\",\"urlTemplate\":\"https:\/\/drpabloifran.com\/pt-br\/?s={search_term_string}\"},\"query-input\":{\"@type\":\"PropertyValueSpecification\",\"valueRequired\":true,\"valueName\":\"search_term_string\"}}],\"inLanguage\":\"pt-BR\"},{\"@type\":\"Organization\",\"@id\":\"https:\/\/drpabloifran.com\/pt-br\/#organization\",\"name\":\"Dr. Pablo Ifr\u00e1n\",\"url\":\"https:\/\/drpabloifran.com\/pt-br\/\",\"logo\":{\"@type\":\"ImageObject\",\"inLanguage\":\"pt-BR\",\"@id\":\"https:\/\/drpabloifran.com\/pt-br\/#\/schema\/logo\/image\/\",\"url\":\"https:\/\/drpabloifran.com\/wp-content\/uploads\/2026\/02\/2.png\",\"contentUrl\":\"https:\/\/drpabloifran.com\/wp-content\/uploads\/2026\/02\/2.png\",\"width\":500,\"height\":500,\"caption\":\"Dr. Pablo Ifr\u00e1n\"},\"image\":{\"@id\":\"https:\/\/drpabloifran.com\/pt-br\/#\/schema\/logo\/image\/\"},\"sameAs\":[\"https:\/\/facebook.com\/drpabloifran\",\"https:\/\/instagram.com\/drpabloifran\"]}]}<\/script>\n<!-- \/ Yoast SEO plugin. -->","yoast_head_json":{"title":"Mesoterapia Anticelulite em Montevid\u00e9u, Uruguai","robots":{"index":"index","follow":"follow","max-snippet":"max-snippet:-1","max-image-preview":"max-image-preview:large","max-video-preview":"max-video-preview:-1"},"canonical":"https:\/\/drpabloifran.com\/pt-br\/portfolio\/mesoterapia-anticelulite\/","og_locale":"pt_BR","og_type":"article","og_title":"Mesoterapia Anticelulite em Montevid\u00e9u, Uruguai","og_description":"Tratamento com princ\u00edpios ativos espec\u00edficos contra a celulite O que \u00e9? \u00c9 uma t\u00e9cnica m\u00e9dica realizada por microinje\u00e7\u00f5es superficiais na pele para facilitar a introdu\u00e7\u00e3o de medicamentos espec\u00edficos para reduzir a celulite. S\u00e3o utilizadas prepara\u00e7\u00f5es com diversos princ\u00edpios ativos que visam melhorar a circula\u00e7\u00e3o na \u00e1rea, proporcionar maior oxigena\u00e7\u00e3o e gerar lip\u00f3lise do tecido afetado. [&hellip;]","og_url":"https:\/\/drpabloifran.com\/pt-br\/portfolio\/mesoterapia-anticelulite\/","og_site_name":"Dr. Pablo Ifr\u00e1n","article_publisher":"https:\/\/facebook.com\/drpabloifran","article_modified_time":"2025-07-15T15:19:31+00:00","og_image":[{"width":1024,"height":768,"url":"https:\/\/drpabloifran.com\/wp-content\/uploads\/2021\/12\/4.jpg","type":"image\/jpeg"}],"twitter_card":"summary_large_image","twitter_misc":{"Est. tempo de leitura":"1 minuto"},"schema":{"@context":"https:\/\/schema.org","@graph":[{"@type":"WebPage","@id":"https:\/\/drpabloifran.com\/pt-br\/portfolio\/mesoterapia-anticelulite\/","url":"https:\/\/drpabloifran.com\/pt-br\/portfolio\/mesoterapia-anticelulite\/","name":"Mesoterapia Anticelulite em Montevid\u00e9u, Uruguai","isPartOf":{"@id":"https:\/\/drpabloifran.com\/pt-br\/#website"},"primaryImageOfPage":{"@id":"https:\/\/drpabloifran.com\/pt-br\/portfolio\/mesoterapia-anticelulite\/#primaryimage"},"image":{"@id":"https:\/\/drpabloifran.com\/pt-br\/portfolio\/mesoterapia-anticelulite\/#primaryimage"},"thumbnailUrl":"https:\/\/drpabloifran.com\/wp-content\/uploads\/2021\/12\/4.jpg","datePublished":"2021-11-23T21:07:50+00:00","dateModified":"2025-07-15T15:19:31+00:00","breadcrumb":{"@id":"https:\/\/drpabloifran.com\/pt-br\/portfolio\/mesoterapia-anticelulite\/#breadcrumb"},"inLanguage":"pt-BR","potentialAction":[{"@type":"ReadAction","target":["https:\/\/drpabloifran.com\/pt-br\/portfolio\/mesoterapia-anticelulite\/"]}]},{"@type":"ImageObject","inLanguage":"pt-BR","@id":"https:\/\/drpabloifran.com\/pt-br\/portfolio\/mesoterapia-anticelulite\/#primaryimage","url":"https:\/\/drpabloifran.com\/wp-content\/uploads\/2021\/12\/4.jpg","contentUrl":"https:\/\/drpabloifran.com\/wp-content\/uploads\/2021\/12\/4.jpg","width":1024,"height":768},{"@type":"BreadcrumbList","@id":"https:\/\/drpabloifran.com\/pt-br\/portfolio\/mesoterapia-anticelulite\/#breadcrumb","itemListElement":[{"@type":"ListItem","position":1,"name":"Portada","item":"https:\/\/drpabloifran.com\/pt-br\/principio\/"},{"@type":"ListItem","position":2,"name":"Portfolio","item":"https:\/\/drpabloifran.com\/pt-br\/portfolio\/"},{"@type":"ListItem","position":3,"name":"Mesoterapia anticelulite"}]},{"@type":"WebSite","@id":"https:\/\/drpabloifran.com\/pt-br\/#website","url":"https:\/\/drpabloifran.com\/pt-br\/","name":"Dr. Pablo Ifr\u00e1n","description":"Medicina est\u00e9tica avanzada","publisher":{"@id":"https:\/\/drpabloifran.com\/pt-br\/#organization"},"potentialAction":[{"@type":"SearchAction","target":{"@type":"EntryPoint","urlTemplate":"https:\/\/drpabloifran.com\/pt-br\/?s={search_term_string}"},"query-input":{"@type":"PropertyValueSpecification","valueRequired":true,"valueName":"search_term_string"}}],"inLanguage":"pt-BR"},{"@type":"Organization","@id":"https:\/\/drpabloifran.com\/pt-br\/#organization","name":"Dr. Pablo Ifr\u00e1n","url":"https:\/\/drpabloifran.com\/pt-br\/","logo":{"@type":"ImageObject","inLanguage":"pt-BR","@id":"https:\/\/drpabloifran.com\/pt-br\/#\/schema\/logo\/image\/","url":"https:\/\/drpabloifran.com\/wp-content\/uploads\/2026\/02\/2.png","contentUrl":"https:\/\/drpabloifran.com\/wp-content\/uploads\/2026\/02\/2.png","width":500,"height":500,"caption":"Dr. Pablo Ifr\u00e1n"},"image":{"@id":"https:\/\/drpabloifran.com\/pt-br\/#\/schema\/logo\/image\/"},"sameAs":["https:\/\/facebook.com\/drpabloifran","https:\/\/instagram.com\/drpabloifran"]}]}},"_links":{"self":[{"href":"https:\/\/drpabloifran.com\/pt-br\/wp-json\/wp\/v2\/portfolio\/16485","targetHints":{"allow":["GET"]}}],"collection":[{"href":"https:\/\/drpabloifran.com\/pt-br\/wp-json\/wp\/v2\/portfolio"}],"about":[{"href":"https:\/\/drpabloifran.com\/pt-br\/wp-json\/wp\/v2\/types\/portfolio"}],"author":[{"embeddable":true,"href":"https:\/\/drpabloifran.com\/pt-br\/wp-json\/wp\/v2\/users\/1"}],"replies":[{"embeddable":true,"href":"https:\/\/drpabloifran.com\/pt-br\/wp-json\/wp\/v2\/comments?post=16485"}],"version-history":[{"count":1,"href":"https:\/\/drpabloifran.com\/pt-br\/wp-json\/wp\/v2\/portfolio\/16485\/revisions"}],"predecessor-version":[{"id":16486,"href":"https:\/\/drpabloifran.com\/pt-br\/wp-json\/wp\/v2\/portfolio\/16485\/revisions\/16486"}],"wp:featuredmedia":[{"embeddable":true,"href":"https:\/\/drpabloifran.com\/pt-br\/wp-json\/wp\/v2\/media\/16185"}],"wp:attachment":[{"href":"https:\/\/drpabloifran.com\/pt-br\/wp-json\/wp\/v2\/media?parent=16485"}],"wp:term":[{"taxonomy":"portfolio-tags","embeddable":true,"href":"https:\/\/drpabloifran.com\/pt-br\/wp-json\/wp\/v2\/portfolio-tags?post=16485"},{"taxonomy":"portfolio-categories","embeddable":true,"href":"https:\/\/drpabloifran.com\/pt-br\/wp-json\/wp\/v2\/portfolio-categories?post=16485"}],"curies":[{"name":"wp","href":"https:\/\/api.w.org\/{rel}","templated":true}]}}