{"id":16513,"date":"2021-11-04T01:02:08","date_gmt":"2021-11-04T01:02:08","guid":{"rendered":"https:\/\/drpabloifran.com\/portfolio\/clareamento-a-laser-de-olheiras-spectra\/"},"modified":"2025-07-15T15:20:49","modified_gmt":"2025-07-15T15:20:49","slug":"clareamento-a-laser-de-olheiras-spectra","status":"publish","type":"portfolio","link":"https:\/\/drpabloifran.com\/pt-br\/portfolio\/clareamento-a-laser-de-olheiras-spectra\/","title":{"rendered":"Clareamento a laser de olheiras (Spectra)"},"content":{"rendered":"\t\t<div data-elementor-type=\"wp-post\" data-elementor-id=\"16513\" class=\"elementor elementor-16513 elementor-11398\" data-elementor-post-type=\"portfolio\">\n\t\t\t\t\t\t<section class=\"elementor-section elementor-top-section elementor-element elementor-element-b491017 elementor-section-boxed elementor-section-height-default elementor-section-height-default\" data-id=\"b491017\" data-element_type=\"section\" data-e-type=\"section\">\n\t\t\t\t\t\t<div class=\"elementor-container elementor-column-gap-default\">\n\t\t\t\t\t<div class=\"elementor-column elementor-col-100 elementor-top-column elementor-element elementor-element-f47ec76\" data-id=\"f47ec76\" data-element_type=\"column\" data-e-type=\"column\">\n\t\t\t<div class=\"elementor-widget-wrap\">\n\t\t\t\t\t\t\t<\/div>\n\t\t<\/div>\n\t\t\t\t\t<\/div>\n\t\t<\/section>\n\t\t        \t\t<section class=\"elementor-section elementor-top-section elementor-element elementor-element-a2f1746 elementor-section-full_width elementor-section-height-default elementor-section-height-default elementor-invisible\" data-id=\"a2f1746\" data-element_type=\"section\" data-e-type=\"section\" data-settings=\"{&quot;animation&quot;:&quot;fadeIn&quot;}\">\n\t\t\t\t\t\t<div class=\"elementor-container elementor-column-gap-no\">\n\t\t\t\t\t<div class=\"elementor-column elementor-col-100 elementor-top-column elementor-element elementor-element-b51ec21\" data-id=\"b51ec21\" data-element_type=\"column\" data-e-type=\"column\">\n\t\t\t<div class=\"elementor-widget-wrap elementor-element-populated\">\n\t\t\t\t\t\t<section class=\"elementor-section elementor-inner-section elementor-element elementor-element-79303ad elementor-section-boxed elementor-section-height-default elementor-section-height-default\" data-id=\"79303ad\" data-element_type=\"section\" data-e-type=\"section\">\n\t\t\t\t\t\t<div class=\"elementor-container elementor-column-gap-extended\">\n\t\t\t\t\t<div class=\"elementor-column elementor-col-100 elementor-inner-column elementor-element elementor-element-a359c4d\" data-id=\"a359c4d\" data-element_type=\"column\" data-e-type=\"column\">\n\t\t\t<div class=\"elementor-widget-wrap elementor-element-populated\">\n\t\t\t\t\t\t<div class=\"elementor-element elementor-element-b06c5fe elementor-widget elementor-widget-heading\" data-id=\"b06c5fe\" data-element_type=\"widget\" data-e-type=\"widget\" data-widget_type=\"heading.default\">\n\t\t\t\t<div class=\"elementor-widget-container\">\n\t\t\t\t\t<h5 class=\"elementor-heading-title elementor-size-default\">Despigmenta\u00e7\u00e3o n\u00e3o invasiva de olheiras  <\/h5>\t\t\t\t<\/div>\n\t\t\t\t<\/div>\n\t\t\t\t<div class=\"elementor-element elementor-element-c652bb1 elementor-widget elementor-widget-heading\" data-id=\"c652bb1\" data-element_type=\"widget\" data-e-type=\"widget\" data-widget_type=\"heading.default\">\n\t\t\t\t<div class=\"elementor-widget-container\">\n\t\t\t\t\t<h3 class=\"elementor-heading-title elementor-size-default\">O que \u00e9?<\/h3>\t\t\t\t<\/div>\n\t\t\t\t<\/div>\n\t\t\t\t<div class=\"elementor-element elementor-element-434ae74 elementor-widget elementor-widget-text-editor\" data-id=\"434ae74\" data-element_type=\"widget\" data-e-type=\"widget\" data-widget_type=\"text-editor.default\">\n\t\t\t\t<div class=\"elementor-widget-container\">\n\t\t\t\t\t\t\t\t\t<div style=\"display: none;\"> <\/div><div style=\"display: none;\"> <\/div><div data-id=\"afee171\" data-element_type=\"widget\" data-widget_type=\"text-editor.default\"><p><span style=\"font-weight: 400;\">\u00c9 um tratamento a laser n\u00e3o invasivo que remove o pigmento das olheiras. As olheiras pigmentadas s\u00e3o causadas por uma altera\u00e7\u00e3o na cor da pele localizada sob os olhos, pela produ\u00e7\u00e3o excessiva de melanina ou pela dilata\u00e7\u00e3o dos capilares pr\u00f3ximos \u00e0 superf\u00edcie da pele ou uma combina\u00e7\u00e3o destes.   <\/span><\/p><\/div>\t\t\t\t\t\t\t\t<\/div>\n\t\t\t\t<\/div>\n\t\t\t\t<div class=\"elementor-element elementor-element-35f37d7 elementor-widget elementor-widget-heading\" data-id=\"35f37d7\" data-element_type=\"widget\" data-e-type=\"widget\" data-widget_type=\"heading.default\">\n\t\t\t\t<div class=\"elementor-widget-container\">\n\t\t\t\t\t<h3 class=\"elementor-heading-title elementor-size-default\">Em que consiste?<\/h3>\t\t\t\t<\/div>\n\t\t\t\t<\/div>\n\t\t\t\t<div class=\"elementor-element elementor-element-9de6ae1 elementor-widget elementor-widget-text-editor\" data-id=\"9de6ae1\" data-element_type=\"widget\" data-e-type=\"widget\" data-widget_type=\"text-editor.default\">\n\t\t\t\t<div class=\"elementor-widget-container\">\n\t\t\t\t\t\t\t\t\t<div style=\"display: none;\"> <\/div><div style=\"display: none;\"> <\/div><div data-id=\"afee171\" data-element_type=\"widget\" data-widget_type=\"text-editor.default\"><p><span style=\"font-weight: 400;\">O laser Spectra Q-Switched gera seletivamente uma energia por melanina ou hemoglobina a partir dos capilares da olheira, produzindo assim uma rea\u00e7\u00e3o fotoac\u00fastica que destr\u00f3i o pigmento. Desta forma, h\u00e1 uma melhora natural na apar\u00eancia das olheiras atrav\u00e9s de seu pr\u00f3prio sistema imunol\u00f3gico.   <\/span><\/p><\/div>\t\t\t\t\t\t\t\t<\/div>\n\t\t\t\t<\/div>\n\t\t\t\t<div class=\"elementor-element elementor-element-dc3906f elementor-widget elementor-widget-heading\" data-id=\"dc3906f\" data-element_type=\"widget\" data-e-type=\"widget\" data-widget_type=\"heading.default\">\n\t\t\t\t<div class=\"elementor-widget-container\">\n\t\t\t\t\t<h3 class=\"elementor-heading-title elementor-size-default\">Modos e tempos de recupera\u00e7\u00e3o:<\/h3>\t\t\t\t<\/div>\n\t\t\t\t<\/div>\n\t\t\t\t<div class=\"elementor-element elementor-element-01736d9 elementor-widget elementor-widget-text-editor\" data-id=\"01736d9\" data-element_type=\"widget\" data-e-type=\"widget\" data-widget_type=\"text-editor.default\">\n\t\t\t\t<div class=\"elementor-widget-container\">\n\t\t\t\t\t\t\t\t\t<div style=\"display: none;\"> <\/div><div style=\"display: none;\"> <\/div><div data-id=\"afee171\" data-element_type=\"widget\" data-widget_type=\"text-editor.default\"><p><span style=\"font-weight: 400;\">\u00c9 um procedimento indolor e de recupera\u00e7\u00e3o imediata. O n\u00famero de sess\u00f5es varia de acordo com a quantidade de melanina depositada e a profundidade do pigmento, geralmente s\u00e3o necess\u00e1rias de 4 a 6 sess\u00f5es. <\/span><\/p><\/div>\t\t\t\t\t\t\t\t<\/div>\n\t\t\t\t<\/div>\n\t\t\t\t<div class=\"elementor-element elementor-element-76df6af elementor-widget elementor-widget-heading\" data-id=\"76df6af\" data-element_type=\"widget\" data-e-type=\"widget\" data-widget_type=\"heading.default\">\n\t\t\t\t<div class=\"elementor-widget-container\">\n\t\t\t\t\t<h3 class=\"elementor-heading-title elementor-size-default\">Resultados:<\/h3>\t\t\t\t<\/div>\n\t\t\t\t<\/div>\n\t\t\t\t<div class=\"elementor-element elementor-element-006fba4 elementor-widget elementor-widget-text-editor\" data-id=\"006fba4\" data-element_type=\"widget\" data-e-type=\"widget\" data-widget_type=\"text-editor.default\">\n\t\t\t\t<div class=\"elementor-widget-container\">\n\t\t\t\t\t\t\t\t\t<div style=\"display: none;\"> <\/div><div style=\"display: none;\"> <\/div><div data-id=\"afee171\" data-element_type=\"widget\" data-widget_type=\"text-editor.default\"><p><span style=\"font-weight: 400;\">Os resultados s\u00e3o vis\u00edveis a partir de um m\u00eas ap\u00f3s o in\u00edcio do tratamento.  <\/span><\/p><\/div>\t\t\t\t\t\t\t\t<\/div>\n\t\t\t\t<\/div>\n\t\t\t\t<div class=\"elementor-element elementor-element-8a23088 elementor-widget elementor-widget-heading\" data-id=\"8a23088\" data-element_type=\"widget\" data-e-type=\"widget\" data-widget_type=\"heading.default\">\n\t\t\t\t<div class=\"elementor-widget-container\">\n\t\t\t\t\t<h3 class=\"elementor-heading-title elementor-size-default\">Tecnologia Laser<\/h3>\t\t\t\t<\/div>\n\t\t\t\t<\/div>\n\t\t\t\t<div class=\"elementor-element elementor-element-2cd1870 elementor-widget elementor-widget-text-editor\" data-id=\"2cd1870\" data-element_type=\"widget\" data-e-type=\"widget\" data-widget_type=\"text-editor.default\">\n\t\t\t\t<div class=\"elementor-widget-container\">\n\t\t\t\t\t\t\t\t\t<div style=\"display: none;\"> <\/div><div style=\"display: none;\"> <\/div><div data-id=\"afee171\" data-element_type=\"widget\" data-widget_type=\"text-editor.default\"><p><span style=\"background-color: var(--jkd-bg-color); font-weight: 400; letter-spacing: 0px;\">Neste tratamento utilizamos o laser <\/span>Espectros (Lutronic)<span style=\"font-weight: 400;\"> &#8211; 1064 QS e 1064 espectros laser.<\/span><\/p><h6> <\/h6><\/div>\t\t\t\t\t\t\t\t<\/div>\n\t\t\t\t<\/div>\n\t\t\t\t<div class=\"elementor-element elementor-element-3af2d3d elementor-widget elementor-widget-text-editor\" data-id=\"3af2d3d\" data-element_type=\"widget\" data-e-type=\"widget\" data-widget_type=\"text-editor.default\">\n\t\t\t\t<div class=\"elementor-widget-container\">\n\t\t\t\t\t\t\t\t\t<div data-id=\"afee171\" data-element_type=\"widget\" data-widget_type=\"text-editor.default\"><p>Se voc\u00ea estiver interessado em outros tratamentos semelhantes, visite nossa se\u00e7\u00e3o sobre <a href=\"https:\/\/drpabloifran.com\/pt-br\/rugas-e-perda-de-elasticidade\/\" target=\"_blank\" rel=\"noopener\">Tratamentos para perda de rugas e elasticidade<\/a>.<\/p><\/div>\t\t\t\t\t\t\t\t<\/div>\n\t\t\t\t<\/div>\n\t\t\t\t<div class=\"elementor-element elementor-element-ebee95a elementor-widget elementor-widget-spacer\" data-id=\"ebee95a\" data-element_type=\"widget\" data-e-type=\"widget\" data-widget_type=\"spacer.default\">\n\t\t\t\t<div class=\"elementor-widget-container\">\n\t\t\t\t\t\t\t<div class=\"elementor-spacer\">\n\t\t\t<div class=\"elementor-spacer-inner\"><\/div>\n\t\t<\/div>\n\t\t\t\t\t\t<\/div>\n\t\t\t\t<\/div>\n\t\t\t\t\t<\/div>\n\t\t<\/div>\n\t\t\t\t\t<\/div>\n\t\t<\/section>\n\t\t        \t\t<section class=\"elementor-section elementor-inner-section elementor-element elementor-element-c25b235 elementor-section-boxed elementor-section-height-default elementor-section-height-default elementor-invisible\" data-id=\"c25b235\" data-element_type=\"section\" data-e-type=\"section\" data-settings=\"{&quot;animation&quot;:&quot;fadeIn&quot;}\">\n\t\t\t\t\t\t<div class=\"elementor-container elementor-column-gap-extended\">\n\t\t\t\t\t<div class=\"elementor-column elementor-col-100 elementor-inner-column elementor-element elementor-element-ebfa59e\" data-id=\"ebfa59e\" data-element_type=\"column\" data-e-type=\"column\">\n\t\t\t<div class=\"elementor-widget-wrap\">\n\t\t\t\t\t\t\t<\/div>\n\t\t<\/div>\n\t\t\t\t\t<\/div>\n\t\t<\/section>\n\t\t        \t\t<section class=\"elementor-section elementor-inner-section elementor-element elementor-element-b809830 elementor-section-boxed elementor-section-height-default elementor-section-height-default elementor-invisible\" data-id=\"b809830\" data-element_type=\"section\" data-e-type=\"section\" data-settings=\"{&quot;animation&quot;:&quot;fadeIn&quot;}\">\n\t\t\t\t\t\t<div class=\"elementor-container elementor-column-gap-extended\">\n\t\t\t\t\t<div class=\"elementor-column elementor-col-100 elementor-inner-column elementor-element elementor-element-8928951\" data-id=\"8928951\" data-element_type=\"column\" data-e-type=\"column\">\n\t\t\t<div class=\"elementor-widget-wrap elementor-element-populated\">\n\t\t\t\t\t\t<div class=\"elementor-element elementor-element-4bbbeb1 elementor-widget elementor-widget-text-editor\" data-id=\"4bbbeb1\" data-element_type=\"widget\" data-e-type=\"widget\" data-widget_type=\"text-editor.default\">\n\t\t\t\t<div class=\"elementor-widget-container\">\n\t\t\t\t\t\t\t\t\t<p><h4 style=\"text-align:center\">\u00bfQuieres profundizar en este tema?<\/h4><br>\r\n<p style=\"text-align:center\">Escr\u00edbeme al WhatsApp para agendar una consulta<\/p><br>\r\n<div align=\"center\">\r\n\t<a href=\"https:\/\/api.whatsapp.com\/send?phone=59895867436\" target=\"_blank\">\r\n\t\t<img decoding=\"async\" src=\"https:\/\/drpabloifran.com\/wp-content\/uploads\/2021\/09\/whatsapp-4.png\" style=\"width:64px !important; height:64px !important;\/>\r\n\t<\/a>\r\n<\/div><\/p>\t\t\t\t\t\t\t\t<\/div>\n\t\t\t\t<\/div>\n\t\t\t\t<div class=\"elementor-element elementor-element-f90fa15 elementor-widget elementor-widget-spacer\" data-id=\"f90fa15\" data-element_type=\"widget\" data-e-type=\"widget\" data-widget_type=\"spacer.default\">\n\t\t\t\t<div class=\"elementor-widget-container\">\n\t\t\t\t\t\t\t<div class=\"elementor-spacer\">\n\t\t\t<div class=\"elementor-spacer-inner\"><\/div>\n\t\t<\/div>\n\t\t\t\t\t\t<\/div>\n\t\t\t\t<\/div>\n\t\t\t\t\t<\/div>\n\t\t<\/div>\n\t\t\t\t\t<\/div>\n\t\t<\/section>\n\t\t        \t\t\t<\/div>\n\t\t<\/div>\n\t\t\t\t\t<\/div>\n\t\t<\/section>\n\t\t        \t\t<\/div>\n\t\t","protected":false},"excerpt":{"rendered":"<p>Despigmenta\u00e7\u00e3o n\u00e3o invasiva de olheiras O que \u00e9? \u00c9 um tratamento a laser n\u00e3o invasivo que remove o pigmento das olheiras. As olheiras pigmentadas s\u00e3o causadas por uma altera\u00e7\u00e3o na cor da pele localizada sob os olhos, pela produ\u00e7\u00e3o excessiva de melanina ou pela dilata\u00e7\u00e3o dos capilares pr\u00f3ximos \u00e0 superf\u00edcie da pele ou uma combina\u00e7\u00e3o [&hellip;]<\/p>\n","protected":false},"author":1,"featured_media":16197,"parent":0,"comment_status":"closed","ping_status":"closed","template":"","portfolio-tags":[],"portfolio-categories":[130],"class_list":["post-16513","portfolio","type-portfolio","status-publish","has-post-thumbnail","hentry","portfolio-categories-arrugas-y-perdida-de-elasticidad"],"yoast_head":"<!-- This site is optimized with the Yoast SEO plugin v26.9 - https:\/\/yoast.com\/product\/yoast-seo-wordpress\/ -->\n<title>Escurecimento a laser em Montevid\u00e9u, Uruguai<\/title>\n<meta name=\"robots\" content=\"index, follow, max-snippet:-1, max-image-preview:large, max-video-preview:-1\" \/>\n<link rel=\"canonical\" href=\"https:\/\/drpabloifran.com\/pt-br\/portfolio\/clareamento-a-laser-de-olheiras-spectra\/\" \/>\n<meta property=\"og:locale\" content=\"pt_BR\" \/>\n<meta property=\"og:type\" content=\"article\" \/>\n<meta property=\"og:title\" content=\"Escurecimento a laser em Montevid\u00e9u, Uruguai\" \/>\n<meta property=\"og:description\" content=\"Despigmenta\u00e7\u00e3o n\u00e3o invasiva de olheiras O que \u00e9? \u00c9 um tratamento a laser n\u00e3o invasivo que remove o pigmento das olheiras. As olheiras pigmentadas s\u00e3o causadas por uma altera\u00e7\u00e3o na cor da pele localizada sob os olhos, pela produ\u00e7\u00e3o excessiva de melanina ou pela dilata\u00e7\u00e3o dos capilares pr\u00f3ximos \u00e0 superf\u00edcie da pele ou uma combina\u00e7\u00e3o [&hellip;]\" \/>\n<meta property=\"og:url\" content=\"https:\/\/drpabloifran.com\/pt-br\/portfolio\/clareamento-a-laser-de-olheiras-spectra\/\" \/>\n<meta property=\"og:site_name\" content=\"Dr. Pablo Ifr\u00e1n\" \/>\n<meta property=\"article:publisher\" content=\"https:\/\/facebook.com\/drpabloifran\" \/>\n<meta property=\"article:modified_time\" content=\"2025-07-15T15:20:49+00:00\" \/>\n<meta property=\"og:image\" content=\"https:\/\/drpabloifran.com\/wp-content\/uploads\/2021\/11\/Fotolia_165227387_S.jpg\" \/>\n\t<meta property=\"og:image:width\" content=\"900\" \/>\n\t<meta property=\"og:image:height\" content=\"600\" \/>\n\t<meta property=\"og:image:type\" content=\"image\/jpeg\" \/>\n<meta name=\"twitter:card\" content=\"summary_large_image\" \/>\n<meta name=\"twitter:label1\" content=\"Est. tempo de leitura\" \/>\n\t<meta name=\"twitter:data1\" content=\"1 minuto\" \/>\n<script type=\"application\/ld+json\" class=\"yoast-schema-graph\">{\"@context\":\"https:\/\/schema.org\",\"@graph\":[{\"@type\":\"WebPage\",\"@id\":\"https:\/\/drpabloifran.com\/pt-br\/portfolio\/clareamento-a-laser-de-olheiras-spectra\/\",\"url\":\"https:\/\/drpabloifran.com\/pt-br\/portfolio\/clareamento-a-laser-de-olheiras-spectra\/\",\"name\":\"Escurecimento a laser em Montevid\u00e9u, Uruguai\",\"isPartOf\":{\"@id\":\"https:\/\/drpabloifran.com\/pt-br\/#website\"},\"primaryImageOfPage\":{\"@id\":\"https:\/\/drpabloifran.com\/pt-br\/portfolio\/clareamento-a-laser-de-olheiras-spectra\/#primaryimage\"},\"image\":{\"@id\":\"https:\/\/drpabloifran.com\/pt-br\/portfolio\/clareamento-a-laser-de-olheiras-spectra\/#primaryimage\"},\"thumbnailUrl\":\"https:\/\/drpabloifran.com\/wp-content\/uploads\/2021\/11\/Fotolia_165227387_S.jpg\",\"datePublished\":\"2021-11-04T01:02:08+00:00\",\"dateModified\":\"2025-07-15T15:20:49+00:00\",\"breadcrumb\":{\"@id\":\"https:\/\/drpabloifran.com\/pt-br\/portfolio\/clareamento-a-laser-de-olheiras-spectra\/#breadcrumb\"},\"inLanguage\":\"pt-BR\",\"potentialAction\":[{\"@type\":\"ReadAction\",\"target\":[\"https:\/\/drpabloifran.com\/pt-br\/portfolio\/clareamento-a-laser-de-olheiras-spectra\/\"]}]},{\"@type\":\"ImageObject\",\"inLanguage\":\"pt-BR\",\"@id\":\"https:\/\/drpabloifran.com\/pt-br\/portfolio\/clareamento-a-laser-de-olheiras-spectra\/#primaryimage\",\"url\":\"https:\/\/drpabloifran.com\/wp-content\/uploads\/2021\/11\/Fotolia_165227387_S.jpg\",\"contentUrl\":\"https:\/\/drpabloifran.com\/wp-content\/uploads\/2021\/11\/Fotolia_165227387_S.jpg\",\"width\":900,\"height\":600,\"caption\":\"Young woman before and after exhaustion caused by sleep deprivation on white background\"},{\"@type\":\"BreadcrumbList\",\"@id\":\"https:\/\/drpabloifran.com\/pt-br\/portfolio\/clareamento-a-laser-de-olheiras-spectra\/#breadcrumb\",\"itemListElement\":[{\"@type\":\"ListItem\",\"position\":1,\"name\":\"Portada\",\"item\":\"https:\/\/drpabloifran.com\/pt-br\/principio\/\"},{\"@type\":\"ListItem\",\"position\":2,\"name\":\"Portfolio\",\"item\":\"https:\/\/drpabloifran.com\/pt-br\/portfolio\/\"},{\"@type\":\"ListItem\",\"position\":3,\"name\":\"Clareamento a laser de olheiras (Spectra)\"}]},{\"@type\":\"WebSite\",\"@id\":\"https:\/\/drpabloifran.com\/pt-br\/#website\",\"url\":\"https:\/\/drpabloifran.com\/pt-br\/\",\"name\":\"Dr. Pablo Ifr\u00e1n\",\"description\":\"Medicina est\u00e9tica avanzada\",\"publisher\":{\"@id\":\"https:\/\/drpabloifran.com\/pt-br\/#organization\"},\"potentialAction\":[{\"@type\":\"SearchAction\",\"target\":{\"@type\":\"EntryPoint\",\"urlTemplate\":\"https:\/\/drpabloifran.com\/pt-br\/?s={search_term_string}\"},\"query-input\":{\"@type\":\"PropertyValueSpecification\",\"valueRequired\":true,\"valueName\":\"search_term_string\"}}],\"inLanguage\":\"pt-BR\"},{\"@type\":\"Organization\",\"@id\":\"https:\/\/drpabloifran.com\/pt-br\/#organization\",\"name\":\"Dr. Pablo Ifr\u00e1n\",\"url\":\"https:\/\/drpabloifran.com\/pt-br\/\",\"logo\":{\"@type\":\"ImageObject\",\"inLanguage\":\"pt-BR\",\"@id\":\"https:\/\/drpabloifran.com\/pt-br\/#\/schema\/logo\/image\/\",\"url\":\"https:\/\/drpabloifran.com\/wp-content\/uploads\/2026\/02\/2.png\",\"contentUrl\":\"https:\/\/drpabloifran.com\/wp-content\/uploads\/2026\/02\/2.png\",\"width\":500,\"height\":500,\"caption\":\"Dr. Pablo Ifr\u00e1n\"},\"image\":{\"@id\":\"https:\/\/drpabloifran.com\/pt-br\/#\/schema\/logo\/image\/\"},\"sameAs\":[\"https:\/\/facebook.com\/drpabloifran\",\"https:\/\/instagram.com\/drpabloifran\"]}]}<\/script>\n<!-- \/ Yoast SEO plugin. -->","yoast_head_json":{"title":"Escurecimento a laser em Montevid\u00e9u, Uruguai","robots":{"index":"index","follow":"follow","max-snippet":"max-snippet:-1","max-image-preview":"max-image-preview:large","max-video-preview":"max-video-preview:-1"},"canonical":"https:\/\/drpabloifran.com\/pt-br\/portfolio\/clareamento-a-laser-de-olheiras-spectra\/","og_locale":"pt_BR","og_type":"article","og_title":"Escurecimento a laser em Montevid\u00e9u, Uruguai","og_description":"Despigmenta\u00e7\u00e3o n\u00e3o invasiva de olheiras O que \u00e9? \u00c9 um tratamento a laser n\u00e3o invasivo que remove o pigmento das olheiras. As olheiras pigmentadas s\u00e3o causadas por uma altera\u00e7\u00e3o na cor da pele localizada sob os olhos, pela produ\u00e7\u00e3o excessiva de melanina ou pela dilata\u00e7\u00e3o dos capilares pr\u00f3ximos \u00e0 superf\u00edcie da pele ou uma combina\u00e7\u00e3o [&hellip;]","og_url":"https:\/\/drpabloifran.com\/pt-br\/portfolio\/clareamento-a-laser-de-olheiras-spectra\/","og_site_name":"Dr. Pablo Ifr\u00e1n","article_publisher":"https:\/\/facebook.com\/drpabloifran","article_modified_time":"2025-07-15T15:20:49+00:00","og_image":[{"width":900,"height":600,"url":"https:\/\/drpabloifran.com\/wp-content\/uploads\/2021\/11\/Fotolia_165227387_S.jpg","type":"image\/jpeg"}],"twitter_card":"summary_large_image","twitter_misc":{"Est. tempo de leitura":"1 minuto"},"schema":{"@context":"https:\/\/schema.org","@graph":[{"@type":"WebPage","@id":"https:\/\/drpabloifran.com\/pt-br\/portfolio\/clareamento-a-laser-de-olheiras-spectra\/","url":"https:\/\/drpabloifran.com\/pt-br\/portfolio\/clareamento-a-laser-de-olheiras-spectra\/","name":"Escurecimento a laser em Montevid\u00e9u, Uruguai","isPartOf":{"@id":"https:\/\/drpabloifran.com\/pt-br\/#website"},"primaryImageOfPage":{"@id":"https:\/\/drpabloifran.com\/pt-br\/portfolio\/clareamento-a-laser-de-olheiras-spectra\/#primaryimage"},"image":{"@id":"https:\/\/drpabloifran.com\/pt-br\/portfolio\/clareamento-a-laser-de-olheiras-spectra\/#primaryimage"},"thumbnailUrl":"https:\/\/drpabloifran.com\/wp-content\/uploads\/2021\/11\/Fotolia_165227387_S.jpg","datePublished":"2021-11-04T01:02:08+00:00","dateModified":"2025-07-15T15:20:49+00:00","breadcrumb":{"@id":"https:\/\/drpabloifran.com\/pt-br\/portfolio\/clareamento-a-laser-de-olheiras-spectra\/#breadcrumb"},"inLanguage":"pt-BR","potentialAction":[{"@type":"ReadAction","target":["https:\/\/drpabloifran.com\/pt-br\/portfolio\/clareamento-a-laser-de-olheiras-spectra\/"]}]},{"@type":"ImageObject","inLanguage":"pt-BR","@id":"https:\/\/drpabloifran.com\/pt-br\/portfolio\/clareamento-a-laser-de-olheiras-spectra\/#primaryimage","url":"https:\/\/drpabloifran.com\/wp-content\/uploads\/2021\/11\/Fotolia_165227387_S.jpg","contentUrl":"https:\/\/drpabloifran.com\/wp-content\/uploads\/2021\/11\/Fotolia_165227387_S.jpg","width":900,"height":600,"caption":"Young woman before and after exhaustion caused by sleep deprivation on white background"},{"@type":"BreadcrumbList","@id":"https:\/\/drpabloifran.com\/pt-br\/portfolio\/clareamento-a-laser-de-olheiras-spectra\/#breadcrumb","itemListElement":[{"@type":"ListItem","position":1,"name":"Portada","item":"https:\/\/drpabloifran.com\/pt-br\/principio\/"},{"@type":"ListItem","position":2,"name":"Portfolio","item":"https:\/\/drpabloifran.com\/pt-br\/portfolio\/"},{"@type":"ListItem","position":3,"name":"Clareamento a laser de olheiras (Spectra)"}]},{"@type":"WebSite","@id":"https:\/\/drpabloifran.com\/pt-br\/#website","url":"https:\/\/drpabloifran.com\/pt-br\/","name":"Dr. Pablo Ifr\u00e1n","description":"Medicina est\u00e9tica avanzada","publisher":{"@id":"https:\/\/drpabloifran.com\/pt-br\/#organization"},"potentialAction":[{"@type":"SearchAction","target":{"@type":"EntryPoint","urlTemplate":"https:\/\/drpabloifran.com\/pt-br\/?s={search_term_string}"},"query-input":{"@type":"PropertyValueSpecification","valueRequired":true,"valueName":"search_term_string"}}],"inLanguage":"pt-BR"},{"@type":"Organization","@id":"https:\/\/drpabloifran.com\/pt-br\/#organization","name":"Dr. Pablo Ifr\u00e1n","url":"https:\/\/drpabloifran.com\/pt-br\/","logo":{"@type":"ImageObject","inLanguage":"pt-BR","@id":"https:\/\/drpabloifran.com\/pt-br\/#\/schema\/logo\/image\/","url":"https:\/\/drpabloifran.com\/wp-content\/uploads\/2026\/02\/2.png","contentUrl":"https:\/\/drpabloifran.com\/wp-content\/uploads\/2026\/02\/2.png","width":500,"height":500,"caption":"Dr. Pablo Ifr\u00e1n"},"image":{"@id":"https:\/\/drpabloifran.com\/pt-br\/#\/schema\/logo\/image\/"},"sameAs":["https:\/\/facebook.com\/drpabloifran","https:\/\/instagram.com\/drpabloifran"]}]}},"_links":{"self":[{"href":"https:\/\/drpabloifran.com\/pt-br\/wp-json\/wp\/v2\/portfolio\/16513","targetHints":{"allow":["GET"]}}],"collection":[{"href":"https:\/\/drpabloifran.com\/pt-br\/wp-json\/wp\/v2\/portfolio"}],"about":[{"href":"https:\/\/drpabloifran.com\/pt-br\/wp-json\/wp\/v2\/types\/portfolio"}],"author":[{"embeddable":true,"href":"https:\/\/drpabloifran.com\/pt-br\/wp-json\/wp\/v2\/users\/1"}],"replies":[{"embeddable":true,"href":"https:\/\/drpabloifran.com\/pt-br\/wp-json\/wp\/v2\/comments?post=16513"}],"version-history":[{"count":1,"href":"https:\/\/drpabloifran.com\/pt-br\/wp-json\/wp\/v2\/portfolio\/16513\/revisions"}],"predecessor-version":[{"id":16515,"href":"https:\/\/drpabloifran.com\/pt-br\/wp-json\/wp\/v2\/portfolio\/16513\/revisions\/16515"}],"wp:featuredmedia":[{"embeddable":true,"href":"https:\/\/drpabloifran.com\/pt-br\/wp-json\/wp\/v2\/media\/16197"}],"wp:attachment":[{"href":"https:\/\/drpabloifran.com\/pt-br\/wp-json\/wp\/v2\/media?parent=16513"}],"wp:term":[{"taxonomy":"portfolio-tags","embeddable":true,"href":"https:\/\/drpabloifran.com\/pt-br\/wp-json\/wp\/v2\/portfolio-tags?post=16513"},{"taxonomy":"portfolio-categories","embeddable":true,"href":"https:\/\/drpabloifran.com\/pt-br\/wp-json\/wp\/v2\/portfolio-categories?post=16513"}],"curies":[{"name":"wp","href":"https:\/\/api.w.org\/{rel}","templated":true}]}}