{"id":16521,"date":"2021-11-04T02:50:39","date_gmt":"2021-11-04T02:50:39","guid":{"rendered":"https:\/\/drpabloifran.com\/portfolio\/remocao-de-micropigmentacao\/"},"modified":"2025-07-15T15:20:49","modified_gmt":"2025-07-15T15:20:49","slug":"remocao-de-micropigmentacao","status":"publish","type":"portfolio","link":"https:\/\/drpabloifran.com\/pt-br\/portfolio\/remocao-de-micropigmentacao\/","title":{"rendered":"Remo\u00e7\u00e3o de micropigmenta\u00e7\u00e3o"},"content":{"rendered":"\t\t<div data-elementor-type=\"wp-post\" data-elementor-id=\"16521\" class=\"elementor elementor-16521 elementor-11686\" data-elementor-post-type=\"portfolio\">\n\t\t\t\t\t\t<section class=\"elementor-section elementor-top-section elementor-element elementor-element-a2f1746 elementor-section-full_width elementor-section-height-default elementor-section-height-default elementor-invisible\" data-id=\"a2f1746\" data-element_type=\"section\" data-e-type=\"section\" data-settings=\"{&quot;animation&quot;:&quot;fadeIn&quot;}\">\n\t\t\t\t\t\t<div class=\"elementor-container elementor-column-gap-no\">\n\t\t\t\t\t<div class=\"elementor-column elementor-col-100 elementor-top-column elementor-element elementor-element-b51ec21\" data-id=\"b51ec21\" data-element_type=\"column\" data-e-type=\"column\">\n\t\t\t<div class=\"elementor-widget-wrap elementor-element-populated\">\n\t\t\t\t\t\t<section class=\"elementor-section elementor-inner-section elementor-element elementor-element-79303ad elementor-section-boxed elementor-section-height-default elementor-section-height-default\" data-id=\"79303ad\" data-element_type=\"section\" data-e-type=\"section\">\n\t\t\t\t\t\t<div class=\"elementor-container elementor-column-gap-extended\">\n\t\t\t\t\t<div class=\"elementor-column elementor-col-100 elementor-inner-column elementor-element elementor-element-a359c4d\" data-id=\"a359c4d\" data-element_type=\"column\" data-e-type=\"column\">\n\t\t\t<div class=\"elementor-widget-wrap elementor-element-populated\">\n\t\t\t\t\t\t<div class=\"elementor-element elementor-element-061ffab elementor-widget elementor-widget-heading\" data-id=\"061ffab\" data-element_type=\"widget\" data-e-type=\"widget\" data-widget_type=\"heading.default\">\n\t\t\t\t<div class=\"elementor-widget-container\">\n\t\t\t\t\t<h5 class=\"elementor-heading-title elementor-size-default\">Remove eficazmente a micropigmenta\u00e7\u00e3o nas sobrancelhas, l\u00e1bios, couro cabeludo ou qualquer setor.<\/h5>\t\t\t\t<\/div>\n\t\t\t\t<\/div>\n\t\t\t\t<div class=\"elementor-element elementor-element-4686f13 elementor-widget elementor-widget-heading\" data-id=\"4686f13\" data-element_type=\"widget\" data-e-type=\"widget\" data-widget_type=\"heading.default\">\n\t\t\t\t<div class=\"elementor-widget-container\">\n\t\t\t\t\t<h4 class=\"elementor-heading-title elementor-size-default\">O que \u00e9?<\/h4>\t\t\t\t<\/div>\n\t\t\t\t<\/div>\n\t\t\t\t<div class=\"elementor-element elementor-element-434ae74 elementor-widget elementor-widget-text-editor\" data-id=\"434ae74\" data-element_type=\"widget\" data-e-type=\"widget\" data-widget_type=\"text-editor.default\">\n\t\t\t\t<div class=\"elementor-widget-container\">\n\t\t\t\t\t\t\t\t\t<div data-id=\"afee171\" data-element_type=\"widget\" data-widget_type=\"text-editor.default\"><p><span style=\"font-weight: 400;\">\u00c9 um tratamento a laser de \u00faltima gera\u00e7\u00e3o que atua contra o pigmento depositado na pele, quebrando seus ingredientes ativos (principalmente metais) para que o pr\u00f3prio sistema imunol\u00f3gico atrav\u00e9s de suas c\u00e9lulas elimine naturalmente e mais rapidamente a pigmenta\u00e7\u00e3o.  <\/span><\/p><\/div>\t\t\t\t\t\t\t\t<\/div>\n\t\t\t\t<\/div>\n\t\t\t\t\t<\/div>\n\t\t<\/div>\n\t\t\t\t\t<\/div>\n\t\t<\/section>\n\t\t        \t\t<section class=\"elementor-section elementor-inner-section elementor-element elementor-element-6fb54fc elementor-section-boxed elementor-section-height-default elementor-section-height-default\" data-id=\"6fb54fc\" data-element_type=\"section\" data-e-type=\"section\">\n\t\t\t\t\t\t<div class=\"elementor-container elementor-column-gap-extended\">\n\t\t\t\t\t<div class=\"elementor-column elementor-col-100 elementor-inner-column elementor-element elementor-element-c670c44\" data-id=\"c670c44\" data-element_type=\"column\" data-e-type=\"column\">\n\t\t\t<div class=\"elementor-widget-wrap elementor-element-populated\">\n\t\t\t\t\t\t<div class=\"elementor-element elementor-element-11c7e5e elementor-widget elementor-widget-spacer\" data-id=\"11c7e5e\" data-element_type=\"widget\" data-e-type=\"widget\" data-widget_type=\"spacer.default\">\n\t\t\t\t<div class=\"elementor-widget-container\">\n\t\t\t\t\t\t\t<div class=\"elementor-spacer\">\n\t\t\t<div class=\"elementor-spacer-inner\"><\/div>\n\t\t<\/div>\n\t\t\t\t\t\t<\/div>\n\t\t\t\t<\/div>\n\t\t\t\t<div class=\"elementor-element elementor-element-859cc45 elementor-widget elementor-widget-heading\" data-id=\"859cc45\" data-element_type=\"widget\" data-e-type=\"widget\" data-widget_type=\"heading.default\">\n\t\t\t\t<div class=\"elementor-widget-container\">\n\t\t\t\t\t<h4 class=\"elementor-heading-title elementor-size-default\">Em que consiste?  \n<\/h4>\t\t\t\t<\/div>\n\t\t\t\t<\/div>\n\t\t\t\t<div class=\"elementor-element elementor-element-ed52b35 elementor-widget elementor-widget-text-editor\" data-id=\"ed52b35\" data-element_type=\"widget\" data-e-type=\"widget\" data-widget_type=\"text-editor.default\">\n\t\t\t\t<div class=\"elementor-widget-container\">\n\t\t\t\t\t\t\t\t\t<div data-id=\"afee171\" data-element_type=\"widget\" data-widget_type=\"text-editor.default\"><p><span style=\"font-weight: 400;\">A anestesia t\u00f3pica \u00e9 colocada na \u00e1rea a ser tratada anteriormente. O tratamento \u00e9 indolor ou com a percep\u00e7\u00e3o de um leve desconforto que dura alguns segundos.   <\/span><\/p><\/div>\t\t\t\t\t\t\t\t<\/div>\n\t\t\t\t<\/div>\n\t\t\t\t\t<\/div>\n\t\t<\/div>\n\t\t\t\t\t<\/div>\n\t\t<\/section>\n\t\t        \t\t<section class=\"elementor-section elementor-inner-section elementor-element elementor-element-b902598 elementor-section-boxed elementor-section-height-default elementor-section-height-default\" data-id=\"b902598\" data-element_type=\"section\" data-e-type=\"section\">\n\t\t\t\t\t\t<div class=\"elementor-container elementor-column-gap-extended\">\n\t\t\t\t\t<div class=\"elementor-column elementor-col-100 elementor-inner-column elementor-element elementor-element-0514a5a\" data-id=\"0514a5a\" data-element_type=\"column\" data-e-type=\"column\">\n\t\t\t<div class=\"elementor-widget-wrap elementor-element-populated\">\n\t\t\t\t\t\t<div class=\"elementor-element elementor-element-c85eae8 elementor-widget elementor-widget-heading\" data-id=\"c85eae8\" data-element_type=\"widget\" data-e-type=\"widget\" data-widget_type=\"heading.default\">\n\t\t\t\t<div class=\"elementor-widget-container\">\n\t\t\t\t\t<h4 class=\"elementor-heading-title elementor-size-default\">Modos e tempos de recupera\u00e7\u00e3o:  <\/h4>\t\t\t\t<\/div>\n\t\t\t\t<\/div>\n\t\t\t\t<div class=\"elementor-element elementor-element-b5527fe elementor-widget elementor-widget-text-editor\" data-id=\"b5527fe\" data-element_type=\"widget\" data-e-type=\"widget\" data-widget_type=\"text-editor.default\">\n\t\t\t\t<div class=\"elementor-widget-container\">\n\t\t\t\t\t\t\t\t\t<div data-id=\"afee171\" data-element_type=\"widget\" data-widget_type=\"text-editor.default\"><p><span style=\"font-weight: 400;\">Imediatamente ap\u00f3s o tratamento, o paciente pode retomar suas atividades sem nenhum problema. Medidas de prote\u00e7\u00e3o solar ser\u00e3o indicadas <\/span><\/p><\/div>\t\t\t\t\t\t\t\t<\/div>\n\t\t\t\t<\/div>\n\t\t\t\t\t<\/div>\n\t\t<\/div>\n\t\t\t\t\t<\/div>\n\t\t<\/section>\n\t\t        \t\t<section class=\"elementor-section elementor-inner-section elementor-element elementor-element-5720d8c elementor-section-boxed elementor-section-height-default elementor-section-height-default\" data-id=\"5720d8c\" data-element_type=\"section\" data-e-type=\"section\">\n\t\t\t\t\t\t<div class=\"elementor-container elementor-column-gap-extended\">\n\t\t\t\t\t<div class=\"elementor-column elementor-col-100 elementor-inner-column elementor-element elementor-element-4fddfe8\" data-id=\"4fddfe8\" data-element_type=\"column\" data-e-type=\"column\">\n\t\t\t<div class=\"elementor-widget-wrap elementor-element-populated\">\n\t\t\t\t\t\t<div class=\"elementor-element elementor-element-8dfb45c elementor-widget elementor-widget-heading\" data-id=\"8dfb45c\" data-element_type=\"widget\" data-e-type=\"widget\" data-widget_type=\"heading.default\">\n\t\t\t\t<div class=\"elementor-widget-container\">\n\t\t\t\t\t<h4 class=\"elementor-heading-title elementor-size-default\">Resultados<\/h4>\t\t\t\t<\/div>\n\t\t\t\t<\/div>\n\t\t\t\t<div class=\"elementor-element elementor-element-9f2fec6 elementor-widget elementor-widget-text-editor\" data-id=\"9f2fec6\" data-element_type=\"widget\" data-e-type=\"widget\" data-widget_type=\"text-editor.default\">\n\t\t\t\t<div class=\"elementor-widget-container\">\n\t\t\t\t\t\t\t\t\t<div data-id=\"afee171\" data-element_type=\"widget\" data-widget_type=\"text-editor.default\"><p><span style=\"font-weight: 400;\">Os resultados s\u00e3o de longo prazo e s\u00e3o necess\u00e1rias pelo menos 2-3 sess\u00f5es de tratamento a laser para remover a micropigmenta\u00e7\u00e3o. O resultado depende de muitos fatores externos, como o tipo de pigmento, o profissionalismo da micropigmenta\u00e7\u00e3o e o tempo desde sua realiza\u00e7\u00e3o.   <\/span><\/p><\/div>\t\t\t\t\t\t\t\t<\/div>\n\t\t\t\t<\/div>\n\t\t\t\t<div class=\"elementor-element elementor-element-2f5e868 elementor-widget elementor-widget-text-editor\" data-id=\"2f5e868\" data-element_type=\"widget\" data-e-type=\"widget\" data-widget_type=\"text-editor.default\">\n\t\t\t\t<div class=\"elementor-widget-container\">\n\t\t\t\t\t\t\t\t\t<div data-id=\"afee171\" data-element_type=\"widget\" data-widget_type=\"text-editor.default\"><p><span style=\"font-weight: 400;\"><strong>Laser: Espectros (Lutronic) &#8211;<\/strong> Laser de espectros 1064 QS e 1064<\/span><\/p><\/div>\t\t\t\t\t\t\t\t<\/div>\n\t\t\t\t<\/div>\n\t\t\t\t<div class=\"elementor-element elementor-element-e62249f elementor-widget elementor-widget-text-editor\" data-id=\"e62249f\" data-element_type=\"widget\" data-e-type=\"widget\" data-widget_type=\"text-editor.default\">\n\t\t\t\t<div class=\"elementor-widget-container\">\n\t\t\t\t\t\t\t\t\t<div data-id=\"afee171\" data-element_type=\"widget\" data-widget_type=\"text-editor.default\"><p>Se voc\u00ea estiver interessado em outros tratamentos semelhantes, visite nossa se\u00e7\u00e3o sobre <a href=\"https:\/\/drpabloifran.com\/pt-br\/cicatrizes-e-lesoes-cutaneas\/\" target=\"_blank\" rel=\"noopener\">Tratamentos contra cicatrizes e les\u00f5es cut\u00e2neas<\/a>.<\/p><\/div>\t\t\t\t\t\t\t\t<\/div>\n\t\t\t\t<\/div>\n\t\t\t\t<div class=\"elementor-element elementor-element-5b1a3fc elementor-widget elementor-widget-spacer\" data-id=\"5b1a3fc\" data-element_type=\"widget\" data-e-type=\"widget\" data-widget_type=\"spacer.default\">\n\t\t\t\t<div class=\"elementor-widget-container\">\n\t\t\t\t\t\t\t<div class=\"elementor-spacer\">\n\t\t\t<div class=\"elementor-spacer-inner\"><\/div>\n\t\t<\/div>\n\t\t\t\t\t\t<\/div>\n\t\t\t\t<\/div>\n\t\t\t\t\t<\/div>\n\t\t<\/div>\n\t\t\t\t\t<\/div>\n\t\t<\/section>\n\t\t        \t\t<section class=\"elementor-section elementor-inner-section elementor-element elementor-element-c25b235 elementor-section-boxed elementor-section-height-default elementor-section-height-default elementor-invisible\" data-id=\"c25b235\" data-element_type=\"section\" data-e-type=\"section\" data-settings=\"{&quot;animation&quot;:&quot;fadeIn&quot;}\">\n\t\t\t\t\t\t<div class=\"elementor-container elementor-column-gap-extended\">\n\t\t\t\t\t<div class=\"elementor-column elementor-col-100 elementor-inner-column elementor-element elementor-element-ebfa59e\" data-id=\"ebfa59e\" data-element_type=\"column\" data-e-type=\"column\">\n\t\t\t<div class=\"elementor-widget-wrap\">\n\t\t\t\t\t\t\t<\/div>\n\t\t<\/div>\n\t\t\t\t\t<\/div>\n\t\t<\/section>\n\t\t        \t\t<section class=\"elementor-section elementor-inner-section elementor-element elementor-element-b809830 elementor-section-boxed elementor-section-height-default elementor-section-height-default elementor-invisible\" data-id=\"b809830\" data-element_type=\"section\" data-e-type=\"section\" data-settings=\"{&quot;animation&quot;:&quot;fadeIn&quot;}\">\n\t\t\t\t\t\t<div class=\"elementor-container elementor-column-gap-extended\">\n\t\t\t\t\t<div class=\"elementor-column elementor-col-100 elementor-inner-column elementor-element elementor-element-8928951\" data-id=\"8928951\" data-element_type=\"column\" data-e-type=\"column\">\n\t\t\t<div class=\"elementor-widget-wrap elementor-element-populated\">\n\t\t\t\t\t\t<div class=\"elementor-element elementor-element-cb07993 elementor-widget elementor-widget-text-editor\" data-id=\"cb07993\" data-element_type=\"widget\" data-e-type=\"widget\" data-widget_type=\"text-editor.default\">\n\t\t\t\t<div class=\"elementor-widget-container\">\n\t\t\t\t\t\t\t\t\t<p><h4 style=\"text-align:center\">\u00bfQuieres profundizar en este tema?<\/h4><br>\r\n<p style=\"text-align:center\">Escr\u00edbeme al WhatsApp para agendar una consulta<\/p><br>\r\n<div align=\"center\">\r\n\t<a href=\"https:\/\/api.whatsapp.com\/send?phone=59895867436\" target=\"_blank\">\r\n\t\t<img decoding=\"async\" src=\"https:\/\/drpabloifran.com\/wp-content\/uploads\/2021\/09\/whatsapp-4.png\" style=\"width:64px !important; height:64px !important;\/>\r\n\t<\/a>\r\n<\/div><\/p>\t\t\t\t\t\t\t\t<\/div>\n\t\t\t\t<\/div>\n\t\t\t\t<div class=\"elementor-element elementor-element-f90fa15 elementor-widget elementor-widget-spacer\" data-id=\"f90fa15\" data-element_type=\"widget\" data-e-type=\"widget\" data-widget_type=\"spacer.default\">\n\t\t\t\t<div class=\"elementor-widget-container\">\n\t\t\t\t\t\t\t<div class=\"elementor-spacer\">\n\t\t\t<div class=\"elementor-spacer-inner\"><\/div>\n\t\t<\/div>\n\t\t\t\t\t\t<\/div>\n\t\t\t\t<\/div>\n\t\t\t\t\t<\/div>\n\t\t<\/div>\n\t\t\t\t\t<\/div>\n\t\t<\/section>\n\t\t        \t\t\t<\/div>\n\t\t<\/div>\n\t\t\t\t\t<\/div>\n\t\t<\/section>\n\t\t        \t\t<\/div>\n\t\t","protected":false},"excerpt":{"rendered":"<p>Remove eficazmente a micropigmenta\u00e7\u00e3o nas sobrancelhas, l\u00e1bios, couro cabeludo ou qualquer setor. O que \u00e9? \u00c9 um tratamento a laser de \u00faltima gera\u00e7\u00e3o que atua contra o pigmento depositado na pele, quebrando seus ingredientes ativos (principalmente metais) para que o pr\u00f3prio sistema imunol\u00f3gico atrav\u00e9s de suas c\u00e9lulas elimine naturalmente e mais rapidamente a pigmenta\u00e7\u00e3o. Em [&hellip;]<\/p>\n","protected":false},"author":1,"featured_media":16123,"parent":0,"comment_status":"closed","ping_status":"closed","template":"","portfolio-tags":[],"portfolio-categories":[128],"class_list":["post-16521","portfolio","type-portfolio","status-publish","has-post-thumbnail","hentry","portfolio-categories-cicatrices-y-lesiones-de-la-piel"],"yoast_head":"<!-- This site is optimized with the Yoast SEO plugin v26.9 - https:\/\/yoast.com\/product\/yoast-seo-wordpress\/ -->\n<title>Remo\u00e7\u00e3o de micropigmenta\u00e7\u00e3o em Montevid\u00e9u, Uruguai<\/title>\n<meta name=\"robots\" content=\"index, follow, max-snippet:-1, max-image-preview:large, max-video-preview:-1\" \/>\n<link rel=\"canonical\" href=\"https:\/\/drpabloifran.com\/pt-br\/portfolio\/remocao-de-micropigmentacao\/\" \/>\n<meta property=\"og:locale\" content=\"pt_BR\" \/>\n<meta property=\"og:type\" content=\"article\" \/>\n<meta property=\"og:title\" content=\"Remo\u00e7\u00e3o de micropigmenta\u00e7\u00e3o em Montevid\u00e9u, Uruguai\" \/>\n<meta property=\"og:description\" content=\"Remove eficazmente a micropigmenta\u00e7\u00e3o nas sobrancelhas, l\u00e1bios, couro cabeludo ou qualquer setor. O que \u00e9? \u00c9 um tratamento a laser de \u00faltima gera\u00e7\u00e3o que atua contra o pigmento depositado na pele, quebrando seus ingredientes ativos (principalmente metais) para que o pr\u00f3prio sistema imunol\u00f3gico atrav\u00e9s de suas c\u00e9lulas elimine naturalmente e mais rapidamente a pigmenta\u00e7\u00e3o. Em [&hellip;]\" \/>\n<meta property=\"og:url\" content=\"https:\/\/drpabloifran.com\/pt-br\/portfolio\/remocao-de-micropigmentacao\/\" \/>\n<meta property=\"og:site_name\" content=\"Dr. Pablo Ifr\u00e1n\" \/>\n<meta property=\"article:publisher\" content=\"https:\/\/facebook.com\/drpabloifran\" \/>\n<meta property=\"article:modified_time\" content=\"2025-07-15T15:20:49+00:00\" \/>\n<meta property=\"og:image\" content=\"https:\/\/drpabloifran.com\/wp-content\/uploads\/2021\/11\/IMG_3114.jpg-scaled.jpg\" \/>\n\t<meta property=\"og:image:width\" content=\"1707\" \/>\n\t<meta property=\"og:image:height\" content=\"2560\" \/>\n\t<meta property=\"og:image:type\" content=\"image\/jpeg\" \/>\n<meta name=\"twitter:card\" content=\"summary_large_image\" \/>\n<meta name=\"twitter:label1\" content=\"Est. tempo de leitura\" \/>\n\t<meta name=\"twitter:data1\" content=\"1 minuto\" \/>\n<script type=\"application\/ld+json\" class=\"yoast-schema-graph\">{\"@context\":\"https:\/\/schema.org\",\"@graph\":[{\"@type\":\"WebPage\",\"@id\":\"https:\/\/drpabloifran.com\/pt-br\/portfolio\/remocao-de-micropigmentacao\/\",\"url\":\"https:\/\/drpabloifran.com\/pt-br\/portfolio\/remocao-de-micropigmentacao\/\",\"name\":\"Remo\u00e7\u00e3o de micropigmenta\u00e7\u00e3o em Montevid\u00e9u, Uruguai\",\"isPartOf\":{\"@id\":\"https:\/\/drpabloifran.com\/pt-br\/#website\"},\"primaryImageOfPage\":{\"@id\":\"https:\/\/drpabloifran.com\/pt-br\/portfolio\/remocao-de-micropigmentacao\/#primaryimage\"},\"image\":{\"@id\":\"https:\/\/drpabloifran.com\/pt-br\/portfolio\/remocao-de-micropigmentacao\/#primaryimage\"},\"thumbnailUrl\":\"https:\/\/drpabloifran.com\/wp-content\/uploads\/2021\/11\/IMG_3114.jpg-scaled.jpg\",\"datePublished\":\"2021-11-04T02:50:39+00:00\",\"dateModified\":\"2025-07-15T15:20:49+00:00\",\"breadcrumb\":{\"@id\":\"https:\/\/drpabloifran.com\/pt-br\/portfolio\/remocao-de-micropigmentacao\/#breadcrumb\"},\"inLanguage\":\"pt-BR\",\"potentialAction\":[{\"@type\":\"ReadAction\",\"target\":[\"https:\/\/drpabloifran.com\/pt-br\/portfolio\/remocao-de-micropigmentacao\/\"]}]},{\"@type\":\"ImageObject\",\"inLanguage\":\"pt-BR\",\"@id\":\"https:\/\/drpabloifran.com\/pt-br\/portfolio\/remocao-de-micropigmentacao\/#primaryimage\",\"url\":\"https:\/\/drpabloifran.com\/wp-content\/uploads\/2021\/11\/IMG_3114.jpg-scaled.jpg\",\"contentUrl\":\"https:\/\/drpabloifran.com\/wp-content\/uploads\/2021\/11\/IMG_3114.jpg-scaled.jpg\",\"width\":1707,\"height\":2560},{\"@type\":\"BreadcrumbList\",\"@id\":\"https:\/\/drpabloifran.com\/pt-br\/portfolio\/remocao-de-micropigmentacao\/#breadcrumb\",\"itemListElement\":[{\"@type\":\"ListItem\",\"position\":1,\"name\":\"Portada\",\"item\":\"https:\/\/drpabloifran.com\/pt-br\/principio\/\"},{\"@type\":\"ListItem\",\"position\":2,\"name\":\"Portfolio\",\"item\":\"https:\/\/drpabloifran.com\/pt-br\/portfolio\/\"},{\"@type\":\"ListItem\",\"position\":3,\"name\":\"Remo\u00e7\u00e3o de micropigmenta\u00e7\u00e3o\"}]},{\"@type\":\"WebSite\",\"@id\":\"https:\/\/drpabloifran.com\/pt-br\/#website\",\"url\":\"https:\/\/drpabloifran.com\/pt-br\/\",\"name\":\"Dr. Pablo Ifr\u00e1n\",\"description\":\"Medicina est\u00e9tica avanzada\",\"publisher\":{\"@id\":\"https:\/\/drpabloifran.com\/pt-br\/#organization\"},\"potentialAction\":[{\"@type\":\"SearchAction\",\"target\":{\"@type\":\"EntryPoint\",\"urlTemplate\":\"https:\/\/drpabloifran.com\/pt-br\/?s={search_term_string}\"},\"query-input\":{\"@type\":\"PropertyValueSpecification\",\"valueRequired\":true,\"valueName\":\"search_term_string\"}}],\"inLanguage\":\"pt-BR\"},{\"@type\":\"Organization\",\"@id\":\"https:\/\/drpabloifran.com\/pt-br\/#organization\",\"name\":\"Dr. Pablo Ifr\u00e1n\",\"url\":\"https:\/\/drpabloifran.com\/pt-br\/\",\"logo\":{\"@type\":\"ImageObject\",\"inLanguage\":\"pt-BR\",\"@id\":\"https:\/\/drpabloifran.com\/pt-br\/#\/schema\/logo\/image\/\",\"url\":\"https:\/\/drpabloifran.com\/wp-content\/uploads\/2026\/02\/2.png\",\"contentUrl\":\"https:\/\/drpabloifran.com\/wp-content\/uploads\/2026\/02\/2.png\",\"width\":500,\"height\":500,\"caption\":\"Dr. Pablo Ifr\u00e1n\"},\"image\":{\"@id\":\"https:\/\/drpabloifran.com\/pt-br\/#\/schema\/logo\/image\/\"},\"sameAs\":[\"https:\/\/facebook.com\/drpabloifran\",\"https:\/\/instagram.com\/drpabloifran\"]}]}<\/script>\n<!-- \/ Yoast SEO plugin. -->","yoast_head_json":{"title":"Remo\u00e7\u00e3o de micropigmenta\u00e7\u00e3o em Montevid\u00e9u, Uruguai","robots":{"index":"index","follow":"follow","max-snippet":"max-snippet:-1","max-image-preview":"max-image-preview:large","max-video-preview":"max-video-preview:-1"},"canonical":"https:\/\/drpabloifran.com\/pt-br\/portfolio\/remocao-de-micropigmentacao\/","og_locale":"pt_BR","og_type":"article","og_title":"Remo\u00e7\u00e3o de micropigmenta\u00e7\u00e3o em Montevid\u00e9u, Uruguai","og_description":"Remove eficazmente a micropigmenta\u00e7\u00e3o nas sobrancelhas, l\u00e1bios, couro cabeludo ou qualquer setor. O que \u00e9? \u00c9 um tratamento a laser de \u00faltima gera\u00e7\u00e3o que atua contra o pigmento depositado na pele, quebrando seus ingredientes ativos (principalmente metais) para que o pr\u00f3prio sistema imunol\u00f3gico atrav\u00e9s de suas c\u00e9lulas elimine naturalmente e mais rapidamente a pigmenta\u00e7\u00e3o. Em [&hellip;]","og_url":"https:\/\/drpabloifran.com\/pt-br\/portfolio\/remocao-de-micropigmentacao\/","og_site_name":"Dr. Pablo Ifr\u00e1n","article_publisher":"https:\/\/facebook.com\/drpabloifran","article_modified_time":"2025-07-15T15:20:49+00:00","og_image":[{"width":1707,"height":2560,"url":"https:\/\/drpabloifran.com\/wp-content\/uploads\/2021\/11\/IMG_3114.jpg-scaled.jpg","type":"image\/jpeg"}],"twitter_card":"summary_large_image","twitter_misc":{"Est. tempo de leitura":"1 minuto"},"schema":{"@context":"https:\/\/schema.org","@graph":[{"@type":"WebPage","@id":"https:\/\/drpabloifran.com\/pt-br\/portfolio\/remocao-de-micropigmentacao\/","url":"https:\/\/drpabloifran.com\/pt-br\/portfolio\/remocao-de-micropigmentacao\/","name":"Remo\u00e7\u00e3o de micropigmenta\u00e7\u00e3o em Montevid\u00e9u, Uruguai","isPartOf":{"@id":"https:\/\/drpabloifran.com\/pt-br\/#website"},"primaryImageOfPage":{"@id":"https:\/\/drpabloifran.com\/pt-br\/portfolio\/remocao-de-micropigmentacao\/#primaryimage"},"image":{"@id":"https:\/\/drpabloifran.com\/pt-br\/portfolio\/remocao-de-micropigmentacao\/#primaryimage"},"thumbnailUrl":"https:\/\/drpabloifran.com\/wp-content\/uploads\/2021\/11\/IMG_3114.jpg-scaled.jpg","datePublished":"2021-11-04T02:50:39+00:00","dateModified":"2025-07-15T15:20:49+00:00","breadcrumb":{"@id":"https:\/\/drpabloifran.com\/pt-br\/portfolio\/remocao-de-micropigmentacao\/#breadcrumb"},"inLanguage":"pt-BR","potentialAction":[{"@type":"ReadAction","target":["https:\/\/drpabloifran.com\/pt-br\/portfolio\/remocao-de-micropigmentacao\/"]}]},{"@type":"ImageObject","inLanguage":"pt-BR","@id":"https:\/\/drpabloifran.com\/pt-br\/portfolio\/remocao-de-micropigmentacao\/#primaryimage","url":"https:\/\/drpabloifran.com\/wp-content\/uploads\/2021\/11\/IMG_3114.jpg-scaled.jpg","contentUrl":"https:\/\/drpabloifran.com\/wp-content\/uploads\/2021\/11\/IMG_3114.jpg-scaled.jpg","width":1707,"height":2560},{"@type":"BreadcrumbList","@id":"https:\/\/drpabloifran.com\/pt-br\/portfolio\/remocao-de-micropigmentacao\/#breadcrumb","itemListElement":[{"@type":"ListItem","position":1,"name":"Portada","item":"https:\/\/drpabloifran.com\/pt-br\/principio\/"},{"@type":"ListItem","position":2,"name":"Portfolio","item":"https:\/\/drpabloifran.com\/pt-br\/portfolio\/"},{"@type":"ListItem","position":3,"name":"Remo\u00e7\u00e3o de micropigmenta\u00e7\u00e3o"}]},{"@type":"WebSite","@id":"https:\/\/drpabloifran.com\/pt-br\/#website","url":"https:\/\/drpabloifran.com\/pt-br\/","name":"Dr. Pablo Ifr\u00e1n","description":"Medicina est\u00e9tica avanzada","publisher":{"@id":"https:\/\/drpabloifran.com\/pt-br\/#organization"},"potentialAction":[{"@type":"SearchAction","target":{"@type":"EntryPoint","urlTemplate":"https:\/\/drpabloifran.com\/pt-br\/?s={search_term_string}"},"query-input":{"@type":"PropertyValueSpecification","valueRequired":true,"valueName":"search_term_string"}}],"inLanguage":"pt-BR"},{"@type":"Organization","@id":"https:\/\/drpabloifran.com\/pt-br\/#organization","name":"Dr. Pablo Ifr\u00e1n","url":"https:\/\/drpabloifran.com\/pt-br\/","logo":{"@type":"ImageObject","inLanguage":"pt-BR","@id":"https:\/\/drpabloifran.com\/pt-br\/#\/schema\/logo\/image\/","url":"https:\/\/drpabloifran.com\/wp-content\/uploads\/2026\/02\/2.png","contentUrl":"https:\/\/drpabloifran.com\/wp-content\/uploads\/2026\/02\/2.png","width":500,"height":500,"caption":"Dr. Pablo Ifr\u00e1n"},"image":{"@id":"https:\/\/drpabloifran.com\/pt-br\/#\/schema\/logo\/image\/"},"sameAs":["https:\/\/facebook.com\/drpabloifran","https:\/\/instagram.com\/drpabloifran"]}]}},"_links":{"self":[{"href":"https:\/\/drpabloifran.com\/pt-br\/wp-json\/wp\/v2\/portfolio\/16521","targetHints":{"allow":["GET"]}}],"collection":[{"href":"https:\/\/drpabloifran.com\/pt-br\/wp-json\/wp\/v2\/portfolio"}],"about":[{"href":"https:\/\/drpabloifran.com\/pt-br\/wp-json\/wp\/v2\/types\/portfolio"}],"author":[{"embeddable":true,"href":"https:\/\/drpabloifran.com\/pt-br\/wp-json\/wp\/v2\/users\/1"}],"replies":[{"embeddable":true,"href":"https:\/\/drpabloifran.com\/pt-br\/wp-json\/wp\/v2\/comments?post=16521"}],"version-history":[{"count":1,"href":"https:\/\/drpabloifran.com\/pt-br\/wp-json\/wp\/v2\/portfolio\/16521\/revisions"}],"predecessor-version":[{"id":16523,"href":"https:\/\/drpabloifran.com\/pt-br\/wp-json\/wp\/v2\/portfolio\/16521\/revisions\/16523"}],"wp:featuredmedia":[{"embeddable":true,"href":"https:\/\/drpabloifran.com\/pt-br\/wp-json\/wp\/v2\/media\/16123"}],"wp:attachment":[{"href":"https:\/\/drpabloifran.com\/pt-br\/wp-json\/wp\/v2\/media?parent=16521"}],"wp:term":[{"taxonomy":"portfolio-tags","embeddable":true,"href":"https:\/\/drpabloifran.com\/pt-br\/wp-json\/wp\/v2\/portfolio-tags?post=16521"},{"taxonomy":"portfolio-categories","embeddable":true,"href":"https:\/\/drpabloifran.com\/pt-br\/wp-json\/wp\/v2\/portfolio-categories?post=16521"}],"curies":[{"name":"wp","href":"https:\/\/api.w.org\/{rel}","templated":true}]}}