{"id":16530,"date":"2021-11-04T05:40:51","date_gmt":"2021-11-04T05:40:51","guid":{"rendered":"https:\/\/drpabloifran.com\/portfolio\/varizes-e-vasinhos-vbeam-candela\/"},"modified":"2025-07-15T15:20:49","modified_gmt":"2025-07-15T15:20:49","slug":"varizes-e-vasinhos-vbeam-candela","status":"publish","type":"portfolio","link":"https:\/\/drpabloifran.com\/pt-br\/portfolio\/varizes-e-vasinhos-vbeam-candela\/","title":{"rendered":"Varizes e vasinhos (Vbeam-Candela)"},"content":{"rendered":"\t\t<div data-elementor-type=\"wp-post\" data-elementor-id=\"16530\" class=\"elementor elementor-16530 elementor-11666\" data-elementor-post-type=\"portfolio\">\n\t\t\t\t\t\t<section class=\"elementor-section elementor-top-section elementor-element elementor-element-a2f1746 elementor-section-full_width elementor-section-height-default elementor-section-height-default elementor-invisible\" data-id=\"a2f1746\" data-element_type=\"section\" data-e-type=\"section\" data-settings=\"{&quot;animation&quot;:&quot;fadeIn&quot;}\">\n\t\t\t\t\t\t<div class=\"elementor-container elementor-column-gap-no\">\n\t\t\t\t\t<div class=\"elementor-column elementor-col-100 elementor-top-column elementor-element elementor-element-b51ec21\" data-id=\"b51ec21\" data-element_type=\"column\" data-e-type=\"column\">\n\t\t\t<div class=\"elementor-widget-wrap elementor-element-populated\">\n\t\t\t\t\t\t<section class=\"elementor-section elementor-inner-section elementor-element elementor-element-79303ad elementor-section-boxed elementor-section-height-default elementor-section-height-default\" data-id=\"79303ad\" data-element_type=\"section\" data-e-type=\"section\">\n\t\t\t\t\t\t<div class=\"elementor-container elementor-column-gap-extended\">\n\t\t\t\t\t<div class=\"elementor-column elementor-col-100 elementor-inner-column elementor-element elementor-element-a359c4d\" data-id=\"a359c4d\" data-element_type=\"column\" data-e-type=\"column\">\n\t\t\t<div class=\"elementor-widget-wrap elementor-element-populated\">\n\t\t\t\t\t\t<div class=\"elementor-element elementor-element-061ffab elementor-widget elementor-widget-heading\" data-id=\"061ffab\" data-element_type=\"widget\" data-e-type=\"widget\" data-widget_type=\"heading.default\">\n\t\t\t\t<div class=\"elementor-widget-container\">\n\t\t\t\t\t<h5 class=\"elementor-heading-title elementor-size-default\">Apague com seguran\u00e7a as veias da aranha em seu corpo<\/h5>\t\t\t\t<\/div>\n\t\t\t\t<\/div>\n\t\t\t\t<div class=\"elementor-element elementor-element-4686f13 elementor-widget elementor-widget-heading\" data-id=\"4686f13\" data-element_type=\"widget\" data-e-type=\"widget\" data-widget_type=\"heading.default\">\n\t\t\t\t<div class=\"elementor-widget-container\">\n\t\t\t\t\t<h4 class=\"elementor-heading-title elementor-size-default\">O que \u00e9?<\/h4>\t\t\t\t<\/div>\n\t\t\t\t<\/div>\n\t\t\t\t<div class=\"elementor-element elementor-element-434ae74 elementor-widget elementor-widget-text-editor\" data-id=\"434ae74\" data-element_type=\"widget\" data-e-type=\"widget\" data-widget_type=\"text-editor.default\">\n\t\t\t\t<div class=\"elementor-widget-container\">\n\t\t\t\t\t\t\t\t\t<div data-id=\"afee171\" data-element_type=\"widget\" data-widget_type=\"text-editor.default\"><p><span style=\"font-weight: 400;\">As vasinhos s\u00e3o as dilata\u00e7\u00f5es de vasos pequenos (menos de 1 mm) e m\u00e9dios (1 a 2,5 mm) que se encontram ao n\u00edvel da derme e da hipoderme. Este tratamento a laser trata com sucesso var\u00edculas desse di\u00e2metro que s\u00e3o dif\u00edceis de tratar com outros procedimentos (por exemplo, escleroterapia qu\u00edmica). <\/span><\/p><\/div>\t\t\t\t\t\t\t\t<\/div>\n\t\t\t\t<\/div>\n\t\t\t\t\t<\/div>\n\t\t<\/div>\n\t\t\t\t\t<\/div>\n\t\t<\/section>\n\t\t        \t\t<section class=\"elementor-section elementor-inner-section elementor-element elementor-element-6fb54fc elementor-section-boxed elementor-section-height-default elementor-section-height-default\" data-id=\"6fb54fc\" data-element_type=\"section\" data-e-type=\"section\">\n\t\t\t\t\t\t<div class=\"elementor-container elementor-column-gap-extended\">\n\t\t\t\t\t<div class=\"elementor-column elementor-col-100 elementor-inner-column elementor-element elementor-element-c670c44\" data-id=\"c670c44\" data-element_type=\"column\" data-e-type=\"column\">\n\t\t\t<div class=\"elementor-widget-wrap elementor-element-populated\">\n\t\t\t\t\t\t<div class=\"elementor-element elementor-element-11c7e5e elementor-widget elementor-widget-spacer\" data-id=\"11c7e5e\" data-element_type=\"widget\" data-e-type=\"widget\" data-widget_type=\"spacer.default\">\n\t\t\t\t<div class=\"elementor-widget-container\">\n\t\t\t\t\t\t\t<div class=\"elementor-spacer\">\n\t\t\t<div class=\"elementor-spacer-inner\"><\/div>\n\t\t<\/div>\n\t\t\t\t\t\t<\/div>\n\t\t\t\t<\/div>\n\t\t\t\t<div class=\"elementor-element elementor-element-859cc45 elementor-widget elementor-widget-heading\" data-id=\"859cc45\" data-element_type=\"widget\" data-e-type=\"widget\" data-widget_type=\"heading.default\">\n\t\t\t\t<div class=\"elementor-widget-container\">\n\t\t\t\t\t<h4 class=\"elementor-heading-title elementor-size-default\">Em que consiste?  \n<\/h4>\t\t\t\t<\/div>\n\t\t\t\t<\/div>\n\t\t\t\t<div class=\"elementor-element elementor-element-ed52b35 elementor-widget elementor-widget-text-editor\" data-id=\"ed52b35\" data-element_type=\"widget\" data-e-type=\"widget\" data-widget_type=\"text-editor.default\">\n\t\t\t\t<div class=\"elementor-widget-container\">\n\t\t\t\t\t\t\t\t\t<div data-id=\"afee171\" data-element_type=\"widget\" data-widget_type=\"text-editor.default\"><p><span style=\"font-weight: 400;\">O laser V-BEAM \u00e9 um laser de corante pulsado, capaz de fixar sua energia na hemoglobina presente nos vasos sangu\u00edneos e capilares da pele, eliminando assim de forma eficaz e segura as les\u00f5es vasculares. O processo de selamento das varizes \u00e9 produzido por fotocoagula\u00e7\u00e3o e, em seguida, o pr\u00f3prio sistema imunol\u00f3gico do paciente \u00e9 respons\u00e1vel pela elimina\u00e7\u00e3o das pequenas varizes j\u00e1 seladas. <\/span><\/p><\/div>\t\t\t\t\t\t\t\t<\/div>\n\t\t\t\t<\/div>\n\t\t\t\t\t<\/div>\n\t\t<\/div>\n\t\t\t\t\t<\/div>\n\t\t<\/section>\n\t\t        \t\t<section class=\"elementor-section elementor-inner-section elementor-element elementor-element-b902598 elementor-section-boxed elementor-section-height-default elementor-section-height-default\" data-id=\"b902598\" data-element_type=\"section\" data-e-type=\"section\">\n\t\t\t\t\t\t<div class=\"elementor-container elementor-column-gap-extended\">\n\t\t\t\t\t<div class=\"elementor-column elementor-col-100 elementor-inner-column elementor-element elementor-element-0514a5a\" data-id=\"0514a5a\" data-element_type=\"column\" data-e-type=\"column\">\n\t\t\t<div class=\"elementor-widget-wrap elementor-element-populated\">\n\t\t\t\t\t\t<div class=\"elementor-element elementor-element-c85eae8 elementor-widget elementor-widget-heading\" data-id=\"c85eae8\" data-element_type=\"widget\" data-e-type=\"widget\" data-widget_type=\"heading.default\">\n\t\t\t\t<div class=\"elementor-widget-container\">\n\t\t\t\t\t<h4 class=\"elementor-heading-title elementor-size-default\">Modos e tempos de recupera\u00e7\u00e3o:  <\/h4>\t\t\t\t<\/div>\n\t\t\t\t<\/div>\n\t\t\t\t<div class=\"elementor-element elementor-element-b5527fe elementor-widget elementor-widget-text-editor\" data-id=\"b5527fe\" data-element_type=\"widget\" data-e-type=\"widget\" data-widget_type=\"text-editor.default\">\n\t\t\t\t<div class=\"elementor-widget-container\">\n\t\t\t\t\t\t\t\t\t<div data-id=\"afee171\" data-element_type=\"widget\" data-widget_type=\"text-editor.default\"><p><span style=\"font-weight: 400;\">Recomenda-se evitar atividade f\u00edsica intensa nas 24-48 horas ap\u00f3s o tratamento, bem como a exposi\u00e7\u00e3o direta ao sol.<br>A prote\u00e7\u00e3o solar ser\u00e1 indicada nas \u00e1reas tratadas e as massagens de drenagem linf\u00e1tica ser\u00e3o indicadas para encurtar a recupera\u00e7\u00e3o.<\/span><\/p><\/div>\t\t\t\t\t\t\t\t<\/div>\n\t\t\t\t<\/div>\n\t\t\t\t\t<\/div>\n\t\t<\/div>\n\t\t\t\t\t<\/div>\n\t\t<\/section>\n\t\t        \t\t<section class=\"elementor-section elementor-inner-section elementor-element elementor-element-5720d8c elementor-section-boxed elementor-section-height-default elementor-section-height-default\" data-id=\"5720d8c\" data-element_type=\"section\" data-e-type=\"section\">\n\t\t\t\t\t\t<div class=\"elementor-container elementor-column-gap-extended\">\n\t\t\t\t\t<div class=\"elementor-column elementor-col-100 elementor-inner-column elementor-element elementor-element-4fddfe8\" data-id=\"4fddfe8\" data-element_type=\"column\" data-e-type=\"column\">\n\t\t\t<div class=\"elementor-widget-wrap elementor-element-populated\">\n\t\t\t\t\t\t<div class=\"elementor-element elementor-element-8dfb45c elementor-widget elementor-widget-heading\" data-id=\"8dfb45c\" data-element_type=\"widget\" data-e-type=\"widget\" data-widget_type=\"heading.default\">\n\t\t\t\t<div class=\"elementor-widget-container\">\n\t\t\t\t\t<h4 class=\"elementor-heading-title elementor-size-default\">Resultados<\/h4>\t\t\t\t<\/div>\n\t\t\t\t<\/div>\n\t\t\t\t<div class=\"elementor-element elementor-element-9f2fec6 elementor-widget elementor-widget-text-editor\" data-id=\"9f2fec6\" data-element_type=\"widget\" data-e-type=\"widget\" data-widget_type=\"text-editor.default\">\n\t\t\t\t<div class=\"elementor-widget-container\">\n\t\t\t\t\t\t\t\t\t<div data-id=\"afee171\" data-element_type=\"widget\" data-widget_type=\"text-editor.default\"><p><span style=\"font-weight: 400;\">Imediato, mas deve levar v\u00e1rias semanas para o corpo reabsorver as les\u00f5es tratadas.<\/span><\/p><\/div>\t\t\t\t\t\t\t\t<\/div>\n\t\t\t\t<\/div>\n\t\t\t\t<div class=\"elementor-element elementor-element-2f5e868 elementor-widget elementor-widget-text-editor\" data-id=\"2f5e868\" data-element_type=\"widget\" data-e-type=\"widget\" data-widget_type=\"text-editor.default\">\n\t\t\t\t<div class=\"elementor-widget-container\">\n\t\t\t\t\t\t\t\t\t<div data-id=\"afee171\" data-element_type=\"widget\" data-widget_type=\"text-editor.default\"><p><span style=\"font-weight: 400;\"><strong>Laser: Vbeam Prima (Candela) &#8211;<\/strong> Alvejante a laser pulsado (DYE) &#8211; NY Laser 1064nm  <\/span><\/p><\/div>\t\t\t\t\t\t\t\t<\/div>\n\t\t\t\t<\/div>\n\t\t\t\t<div class=\"elementor-element elementor-element-57202a5 elementor-widget elementor-widget-text-editor\" data-id=\"57202a5\" data-element_type=\"widget\" data-e-type=\"widget\" data-widget_type=\"text-editor.default\">\n\t\t\t\t<div class=\"elementor-widget-container\">\n\t\t\t\t\t\t\t\t\t<div data-id=\"afee171\" data-element_type=\"widget\" data-widget_type=\"text-editor.default\"><p>Se voc\u00ea estiver interessado em outros tratamentos semelhantes, visite nossa se\u00e7\u00e3o sobre <a href=\"https:\/\/drpabloifran.com\/pt-br\/cicatrizes-e-lesoes-cutaneas\/\" target=\"_blank\" rel=\"noopener\">Tratamentos contra cicatrizes e les\u00f5es cut\u00e2neas<\/a>.<\/p><\/div>\t\t\t\t\t\t\t\t<\/div>\n\t\t\t\t<\/div>\n\t\t\t\t<div class=\"elementor-element elementor-element-f5a197d elementor-widget elementor-widget-spacer\" data-id=\"f5a197d\" data-element_type=\"widget\" data-e-type=\"widget\" data-widget_type=\"spacer.default\">\n\t\t\t\t<div class=\"elementor-widget-container\">\n\t\t\t\t\t\t\t<div class=\"elementor-spacer\">\n\t\t\t<div class=\"elementor-spacer-inner\"><\/div>\n\t\t<\/div>\n\t\t\t\t\t\t<\/div>\n\t\t\t\t<\/div>\n\t\t\t\t\t<\/div>\n\t\t<\/div>\n\t\t\t\t\t<\/div>\n\t\t<\/section>\n\t\t        \t\t<section class=\"elementor-section elementor-inner-section elementor-element elementor-element-c25b235 elementor-section-boxed elementor-section-height-default elementor-section-height-default elementor-invisible\" data-id=\"c25b235\" data-element_type=\"section\" data-e-type=\"section\" data-settings=\"{&quot;animation&quot;:&quot;fadeIn&quot;}\">\n\t\t\t\t\t\t<div class=\"elementor-container elementor-column-gap-extended\">\n\t\t\t\t\t<div class=\"elementor-column elementor-col-100 elementor-inner-column elementor-element elementor-element-ebfa59e\" data-id=\"ebfa59e\" data-element_type=\"column\" data-e-type=\"column\">\n\t\t\t<div class=\"elementor-widget-wrap elementor-element-populated\">\n\t\t\t\t\t\t<div class=\"elementor-element elementor-element-a85cdfa elementor-widget elementor-widget-text-editor\" data-id=\"a85cdfa\" data-element_type=\"widget\" data-e-type=\"widget\" data-widget_type=\"text-editor.default\">\n\t\t\t\t<div class=\"elementor-widget-container\">\n\t\t\t\t\t\t\t\t\t<p><h4 style=\"text-align:center\">\u00bfQuieres profundizar en este tema?<\/h4><br>\r\n<p style=\"text-align:center\">Escr\u00edbeme al WhatsApp para agendar una consulta<\/p><br>\r\n<div align=\"center\">\r\n\t<a href=\"https:\/\/api.whatsapp.com\/send?phone=59895867436\" target=\"_blank\">\r\n\t\t<img decoding=\"async\" src=\"https:\/\/drpabloifran.com\/wp-content\/uploads\/2021\/09\/whatsapp-4.png\" style=\"width:64px !important; height:64px !important;\/>\r\n\t<\/a>\r\n<\/div><\/p>\t\t\t\t\t\t\t\t<\/div>\n\t\t\t\t<\/div>\n\t\t\t\t\t<\/div>\n\t\t<\/div>\n\t\t\t\t\t<\/div>\n\t\t<\/section>\n\t\t        \t\t<section class=\"elementor-section elementor-inner-section elementor-element elementor-element-b809830 elementor-section-boxed elementor-section-height-default elementor-section-height-default elementor-invisible\" data-id=\"b809830\" data-element_type=\"section\" data-e-type=\"section\" data-settings=\"{&quot;animation&quot;:&quot;fadeIn&quot;}\">\n\t\t\t\t\t\t<div class=\"elementor-container elementor-column-gap-extended\">\n\t\t\t\t\t<div class=\"elementor-column elementor-col-100 elementor-inner-column elementor-element elementor-element-8928951\" data-id=\"8928951\" data-element_type=\"column\" data-e-type=\"column\">\n\t\t\t<div class=\"elementor-widget-wrap elementor-element-populated\">\n\t\t\t\t\t\t<div class=\"elementor-element elementor-element-f90fa15 elementor-widget elementor-widget-spacer\" data-id=\"f90fa15\" data-element_type=\"widget\" data-e-type=\"widget\" data-widget_type=\"spacer.default\">\n\t\t\t\t<div class=\"elementor-widget-container\">\n\t\t\t\t\t\t\t<div class=\"elementor-spacer\">\n\t\t\t<div class=\"elementor-spacer-inner\"><\/div>\n\t\t<\/div>\n\t\t\t\t\t\t<\/div>\n\t\t\t\t<\/div>\n\t\t\t\t\t<\/div>\n\t\t<\/div>\n\t\t\t\t\t<\/div>\n\t\t<\/section>\n\t\t        \t\t\t<\/div>\n\t\t<\/div>\n\t\t\t\t\t<\/div>\n\t\t<\/section>\n\t\t        \t\t<section class=\"elementor-section elementor-top-section elementor-element elementor-element-fa362d2 elementor-section-boxed elementor-section-height-default elementor-section-height-default\" data-id=\"fa362d2\" data-element_type=\"section\" data-e-type=\"section\">\n\t\t\t\t\t\t<div class=\"elementor-container elementor-column-gap-default\">\n\t\t\t\t\t<div class=\"elementor-column elementor-col-33 elementor-top-column elementor-element elementor-element-952ad30\" data-id=\"952ad30\" data-element_type=\"column\" data-e-type=\"column\">\n\t\t\t<div class=\"elementor-widget-wrap\">\n\t\t\t\t\t\t\t<\/div>\n\t\t<\/div>\n\t\t\t\t<div class=\"elementor-column elementor-col-33 elementor-top-column elementor-element elementor-element-16df38f\" data-id=\"16df38f\" data-element_type=\"column\" data-e-type=\"column\">\n\t\t\t<div class=\"elementor-widget-wrap elementor-element-populated\">\n\t\t\t\t\t\t<div class=\"elementor-element elementor-element-6c0906a elementor-grid-1 elementor-grid-tablet-2 elementor-grid-mobile-1 elementor-posts--thumbnail-top elementor-widget elementor-widget-posts\" data-id=\"6c0906a\" data-element_type=\"widget\" data-e-type=\"widget\" data-settings=\"{&quot;classic_columns&quot;:&quot;1&quot;,&quot;classic_columns_tablet&quot;:&quot;2&quot;,&quot;classic_columns_mobile&quot;:&quot;1&quot;,&quot;classic_row_gap&quot;:{&quot;unit&quot;:&quot;px&quot;,&quot;size&quot;:35,&quot;sizes&quot;:[]},&quot;classic_row_gap_tablet&quot;:{&quot;unit&quot;:&quot;px&quot;,&quot;size&quot;:&quot;&quot;,&quot;sizes&quot;:[]},&quot;classic_row_gap_mobile&quot;:{&quot;unit&quot;:&quot;px&quot;,&quot;size&quot;:&quot;&quot;,&quot;sizes&quot;:[]}}\" data-widget_type=\"posts.classic\">\n\t\t\t\t<div class=\"elementor-widget-container\">\n\t\t\t\t\t\t\t<div class=\"elementor-posts-container elementor-posts elementor-posts--skin-classic elementor-grid\" role=\"list\">\n\t\t\t\t<article class=\"elementor-post elementor-grid-item post-16355 post type-post status-publish format-standard has-post-thumbnail hentry category-cicatrizes-e-lesoes-cutaneas category-noticia tag-varizes\" role=\"listitem\">\n\t\t\t\t<a class=\"elementor-post__thumbnail__link\" href=\"https:\/\/drpabloifran.com\/pt-br\/o-que-sao-varizes-causas-sintomas-e-tratamentos\/\" tabindex=\"-1\" >\n\t\t\t<div class=\"elementor-post__thumbnail\"><img fetchpriority=\"high\" decoding=\"async\" width=\"300\" height=\"240\" src=\"https:\/\/drpabloifran.com\/wp-content\/uploads\/2022\/01\/2-300x240.jpg\" class=\"attachment-medium size-medium wp-image-16219\" alt=\"\" srcset=\"https:\/\/drpabloifran.com\/wp-content\/uploads\/2022\/01\/2-300x240.jpg 300w, https:\/\/drpabloifran.com\/wp-content\/uploads\/2022\/01\/2-600x480.jpg 600w, https:\/\/drpabloifran.com\/wp-content\/uploads\/2022\/01\/2-900x720.jpg 900w, https:\/\/drpabloifran.com\/wp-content\/uploads\/2022\/01\/2-1024x819.jpg 1024w, https:\/\/drpabloifran.com\/wp-content\/uploads\/2022\/01\/2-768x614.jpg 768w, https:\/\/drpabloifran.com\/wp-content\/uploads\/2022\/01\/2-1536x1229.jpg 1536w, https:\/\/drpabloifran.com\/wp-content\/uploads\/2022\/01\/2.jpg 2000w\" sizes=\"(max-width: 300px) 100vw, 300px\" \/><\/div>\n\t\t<\/a>\n\t\t\t\t<div class=\"elementor-post__text\">\n\t\t\t\t<h3 class=\"elementor-post__title\">\n\t\t\t<a href=\"https:\/\/drpabloifran.com\/pt-br\/o-que-sao-varizes-causas-sintomas-e-tratamentos\/\" >\n\t\t\t\tO que s\u00e3o varizes? Causas, sintomas e tratamentos\t\t\t<\/a>\n\t\t<\/h3>\n\t\t\t\t<div class=\"elementor-post__meta-data\">\n\t\t\t\t\t<span class=\"elementor-post-date\">\n\t\t\tjaneiro 13, 2022\t\t<\/span>\n\t\t\t\t<span class=\"elementor-post-avatar\">\n\t\t\tNenhum coment\u00e1rio\t\t<\/span>\n\t\t\t\t<\/div>\n\t\t\t\t<div class=\"elementor-post__excerpt\">\n\t\t\t<p>O que s\u00e3o varizes e como combat\u00ea-las? Descubra tudo sobre varizes, causas, sintomas e tratamentos. <\/p>\n\t\t<\/div>\n\t\t\n\t\t<a class=\"elementor-post__read-more\" href=\"https:\/\/drpabloifran.com\/pt-br\/o-que-sao-varizes-causas-sintomas-e-tratamentos\/\" aria-label=\"Leia mais sobre O que s\u00e3o varizes? Causas, sintomas e tratamentos\" tabindex=\"-1\" >\n\t\t\tVer mais \u00bb\t\t<\/a>\n\n\t\t\t\t<\/div>\n\t\t\t\t<\/article>\n\t\t\t\t<\/div>\n\t\t\n\t\t\t\t\t\t<\/div>\n\t\t\t\t<\/div>\n\t\t\t\t\t<\/div>\n\t\t<\/div>\n\t\t\t\t<div class=\"elementor-column elementor-col-33 elementor-top-column elementor-element elementor-element-f21142e\" data-id=\"f21142e\" data-element_type=\"column\" data-e-type=\"column\">\n\t\t\t<div class=\"elementor-widget-wrap\">\n\t\t\t\t\t\t\t<\/div>\n\t\t<\/div>\n\t\t\t\t\t<\/div>\n\t\t<\/section>\n\t\t        \t\t<\/div>\n\t\t","protected":false},"excerpt":{"rendered":"<p>Apague com seguran\u00e7a as veias da aranha em seu corpo O que \u00e9? As vasinhos s\u00e3o as dilata\u00e7\u00f5es de vasos pequenos (menos de 1 mm) e m\u00e9dios (1 a 2,5 mm) que se encontram ao n\u00edvel da derme e da hipoderme. Este tratamento a laser trata com sucesso var\u00edculas desse di\u00e2metro que s\u00e3o dif\u00edceis de [&hellip;]<\/p>\n","protected":false},"author":1,"featured_media":16131,"parent":0,"comment_status":"closed","ping_status":"closed","template":"","portfolio-tags":[],"portfolio-categories":[128],"class_list":["post-16530","portfolio","type-portfolio","status-publish","has-post-thumbnail","hentry","portfolio-categories-cicatrices-y-lesiones-de-la-piel"],"yoast_head":"<!-- This site is optimized with the Yoast SEO plugin v26.9 - https:\/\/yoast.com\/product\/yoast-seo-wordpress\/ -->\n<title>Tratamento de varizes e vasinhos em Montevid\u00e9u, Uruguai<\/title>\n<meta name=\"robots\" content=\"index, follow, max-snippet:-1, max-image-preview:large, max-video-preview:-1\" \/>\n<link rel=\"canonical\" href=\"https:\/\/drpabloifran.com\/pt-br\/portfolio\/varizes-e-vasinhos-vbeam-candela\/\" \/>\n<meta property=\"og:locale\" content=\"pt_BR\" \/>\n<meta property=\"og:type\" content=\"article\" \/>\n<meta property=\"og:title\" content=\"Tratamento de varizes e vasinhos em Montevid\u00e9u, Uruguai\" \/>\n<meta property=\"og:description\" content=\"Apague com seguran\u00e7a as veias da aranha em seu corpo O que \u00e9? As vasinhos s\u00e3o as dilata\u00e7\u00f5es de vasos pequenos (menos de 1 mm) e m\u00e9dios (1 a 2,5 mm) que se encontram ao n\u00edvel da derme e da hipoderme. Este tratamento a laser trata com sucesso var\u00edculas desse di\u00e2metro que s\u00e3o dif\u00edceis de [&hellip;]\" \/>\n<meta property=\"og:url\" content=\"https:\/\/drpabloifran.com\/pt-br\/portfolio\/varizes-e-vasinhos-vbeam-candela\/\" \/>\n<meta property=\"og:site_name\" content=\"Dr. Pablo Ifr\u00e1n\" \/>\n<meta property=\"article:publisher\" content=\"https:\/\/facebook.com\/drpabloifran\" \/>\n<meta property=\"article:modified_time\" content=\"2025-07-15T15:20:49+00:00\" \/>\n<meta property=\"og:image\" content=\"https:\/\/drpabloifran.com\/wp-content\/uploads\/2021\/11\/3-e1637152396134.jpg\" \/>\n\t<meta property=\"og:image:width\" content=\"606\" \/>\n\t<meta property=\"og:image:height\" content=\"768\" \/>\n\t<meta property=\"og:image:type\" content=\"image\/jpeg\" \/>\n<meta name=\"twitter:card\" content=\"summary_large_image\" \/>\n<meta name=\"twitter:label1\" content=\"Est. tempo de leitura\" \/>\n\t<meta name=\"twitter:data1\" content=\"1 minuto\" \/>\n<script type=\"application\/ld+json\" class=\"yoast-schema-graph\">{\"@context\":\"https:\/\/schema.org\",\"@graph\":[{\"@type\":\"WebPage\",\"@id\":\"https:\/\/drpabloifran.com\/pt-br\/portfolio\/varizes-e-vasinhos-vbeam-candela\/\",\"url\":\"https:\/\/drpabloifran.com\/pt-br\/portfolio\/varizes-e-vasinhos-vbeam-candela\/\",\"name\":\"Tratamento de varizes e vasinhos em Montevid\u00e9u, Uruguai\",\"isPartOf\":{\"@id\":\"https:\/\/drpabloifran.com\/pt-br\/#website\"},\"primaryImageOfPage\":{\"@id\":\"https:\/\/drpabloifran.com\/pt-br\/portfolio\/varizes-e-vasinhos-vbeam-candela\/#primaryimage\"},\"image\":{\"@id\":\"https:\/\/drpabloifran.com\/pt-br\/portfolio\/varizes-e-vasinhos-vbeam-candela\/#primaryimage\"},\"thumbnailUrl\":\"https:\/\/drpabloifran.com\/wp-content\/uploads\/2021\/11\/3-e1637152396134.jpg\",\"datePublished\":\"2021-11-04T05:40:51+00:00\",\"dateModified\":\"2025-07-15T15:20:49+00:00\",\"breadcrumb\":{\"@id\":\"https:\/\/drpabloifran.com\/pt-br\/portfolio\/varizes-e-vasinhos-vbeam-candela\/#breadcrumb\"},\"inLanguage\":\"pt-BR\",\"potentialAction\":[{\"@type\":\"ReadAction\",\"target\":[\"https:\/\/drpabloifran.com\/pt-br\/portfolio\/varizes-e-vasinhos-vbeam-candela\/\"]}]},{\"@type\":\"ImageObject\",\"inLanguage\":\"pt-BR\",\"@id\":\"https:\/\/drpabloifran.com\/pt-br\/portfolio\/varizes-e-vasinhos-vbeam-candela\/#primaryimage\",\"url\":\"https:\/\/drpabloifran.com\/wp-content\/uploads\/2021\/11\/3-e1637152396134.jpg\",\"contentUrl\":\"https:\/\/drpabloifran.com\/wp-content\/uploads\/2021\/11\/3-e1637152396134.jpg\",\"width\":606,\"height\":768},{\"@type\":\"BreadcrumbList\",\"@id\":\"https:\/\/drpabloifran.com\/pt-br\/portfolio\/varizes-e-vasinhos-vbeam-candela\/#breadcrumb\",\"itemListElement\":[{\"@type\":\"ListItem\",\"position\":1,\"name\":\"Portada\",\"item\":\"https:\/\/drpabloifran.com\/pt-br\/principio\/\"},{\"@type\":\"ListItem\",\"position\":2,\"name\":\"Portfolio\",\"item\":\"https:\/\/drpabloifran.com\/pt-br\/portfolio\/\"},{\"@type\":\"ListItem\",\"position\":3,\"name\":\"Varizes e vasinhos (Vbeam-Candela)\"}]},{\"@type\":\"WebSite\",\"@id\":\"https:\/\/drpabloifran.com\/pt-br\/#website\",\"url\":\"https:\/\/drpabloifran.com\/pt-br\/\",\"name\":\"Dr. Pablo Ifr\u00e1n\",\"description\":\"Medicina est\u00e9tica avanzada\",\"publisher\":{\"@id\":\"https:\/\/drpabloifran.com\/pt-br\/#organization\"},\"potentialAction\":[{\"@type\":\"SearchAction\",\"target\":{\"@type\":\"EntryPoint\",\"urlTemplate\":\"https:\/\/drpabloifran.com\/pt-br\/?s={search_term_string}\"},\"query-input\":{\"@type\":\"PropertyValueSpecification\",\"valueRequired\":true,\"valueName\":\"search_term_string\"}}],\"inLanguage\":\"pt-BR\"},{\"@type\":\"Organization\",\"@id\":\"https:\/\/drpabloifran.com\/pt-br\/#organization\",\"name\":\"Dr. Pablo Ifr\u00e1n\",\"url\":\"https:\/\/drpabloifran.com\/pt-br\/\",\"logo\":{\"@type\":\"ImageObject\",\"inLanguage\":\"pt-BR\",\"@id\":\"https:\/\/drpabloifran.com\/pt-br\/#\/schema\/logo\/image\/\",\"url\":\"https:\/\/drpabloifran.com\/wp-content\/uploads\/2026\/02\/2.png\",\"contentUrl\":\"https:\/\/drpabloifran.com\/wp-content\/uploads\/2026\/02\/2.png\",\"width\":500,\"height\":500,\"caption\":\"Dr. Pablo Ifr\u00e1n\"},\"image\":{\"@id\":\"https:\/\/drpabloifran.com\/pt-br\/#\/schema\/logo\/image\/\"},\"sameAs\":[\"https:\/\/facebook.com\/drpabloifran\",\"https:\/\/instagram.com\/drpabloifran\"]}]}<\/script>\n<!-- \/ Yoast SEO plugin. -->","yoast_head_json":{"title":"Tratamento de varizes e vasinhos em Montevid\u00e9u, Uruguai","robots":{"index":"index","follow":"follow","max-snippet":"max-snippet:-1","max-image-preview":"max-image-preview:large","max-video-preview":"max-video-preview:-1"},"canonical":"https:\/\/drpabloifran.com\/pt-br\/portfolio\/varizes-e-vasinhos-vbeam-candela\/","og_locale":"pt_BR","og_type":"article","og_title":"Tratamento de varizes e vasinhos em Montevid\u00e9u, Uruguai","og_description":"Apague com seguran\u00e7a as veias da aranha em seu corpo O que \u00e9? As vasinhos s\u00e3o as dilata\u00e7\u00f5es de vasos pequenos (menos de 1 mm) e m\u00e9dios (1 a 2,5 mm) que se encontram ao n\u00edvel da derme e da hipoderme. Este tratamento a laser trata com sucesso var\u00edculas desse di\u00e2metro que s\u00e3o dif\u00edceis de [&hellip;]","og_url":"https:\/\/drpabloifran.com\/pt-br\/portfolio\/varizes-e-vasinhos-vbeam-candela\/","og_site_name":"Dr. Pablo Ifr\u00e1n","article_publisher":"https:\/\/facebook.com\/drpabloifran","article_modified_time":"2025-07-15T15:20:49+00:00","og_image":[{"width":606,"height":768,"url":"https:\/\/drpabloifran.com\/wp-content\/uploads\/2021\/11\/3-e1637152396134.jpg","type":"image\/jpeg"}],"twitter_card":"summary_large_image","twitter_misc":{"Est. tempo de leitura":"1 minuto"},"schema":{"@context":"https:\/\/schema.org","@graph":[{"@type":"WebPage","@id":"https:\/\/drpabloifran.com\/pt-br\/portfolio\/varizes-e-vasinhos-vbeam-candela\/","url":"https:\/\/drpabloifran.com\/pt-br\/portfolio\/varizes-e-vasinhos-vbeam-candela\/","name":"Tratamento de varizes e vasinhos em Montevid\u00e9u, Uruguai","isPartOf":{"@id":"https:\/\/drpabloifran.com\/pt-br\/#website"},"primaryImageOfPage":{"@id":"https:\/\/drpabloifran.com\/pt-br\/portfolio\/varizes-e-vasinhos-vbeam-candela\/#primaryimage"},"image":{"@id":"https:\/\/drpabloifran.com\/pt-br\/portfolio\/varizes-e-vasinhos-vbeam-candela\/#primaryimage"},"thumbnailUrl":"https:\/\/drpabloifran.com\/wp-content\/uploads\/2021\/11\/3-e1637152396134.jpg","datePublished":"2021-11-04T05:40:51+00:00","dateModified":"2025-07-15T15:20:49+00:00","breadcrumb":{"@id":"https:\/\/drpabloifran.com\/pt-br\/portfolio\/varizes-e-vasinhos-vbeam-candela\/#breadcrumb"},"inLanguage":"pt-BR","potentialAction":[{"@type":"ReadAction","target":["https:\/\/drpabloifran.com\/pt-br\/portfolio\/varizes-e-vasinhos-vbeam-candela\/"]}]},{"@type":"ImageObject","inLanguage":"pt-BR","@id":"https:\/\/drpabloifran.com\/pt-br\/portfolio\/varizes-e-vasinhos-vbeam-candela\/#primaryimage","url":"https:\/\/drpabloifran.com\/wp-content\/uploads\/2021\/11\/3-e1637152396134.jpg","contentUrl":"https:\/\/drpabloifran.com\/wp-content\/uploads\/2021\/11\/3-e1637152396134.jpg","width":606,"height":768},{"@type":"BreadcrumbList","@id":"https:\/\/drpabloifran.com\/pt-br\/portfolio\/varizes-e-vasinhos-vbeam-candela\/#breadcrumb","itemListElement":[{"@type":"ListItem","position":1,"name":"Portada","item":"https:\/\/drpabloifran.com\/pt-br\/principio\/"},{"@type":"ListItem","position":2,"name":"Portfolio","item":"https:\/\/drpabloifran.com\/pt-br\/portfolio\/"},{"@type":"ListItem","position":3,"name":"Varizes e vasinhos (Vbeam-Candela)"}]},{"@type":"WebSite","@id":"https:\/\/drpabloifran.com\/pt-br\/#website","url":"https:\/\/drpabloifran.com\/pt-br\/","name":"Dr. Pablo Ifr\u00e1n","description":"Medicina est\u00e9tica avanzada","publisher":{"@id":"https:\/\/drpabloifran.com\/pt-br\/#organization"},"potentialAction":[{"@type":"SearchAction","target":{"@type":"EntryPoint","urlTemplate":"https:\/\/drpabloifran.com\/pt-br\/?s={search_term_string}"},"query-input":{"@type":"PropertyValueSpecification","valueRequired":true,"valueName":"search_term_string"}}],"inLanguage":"pt-BR"},{"@type":"Organization","@id":"https:\/\/drpabloifran.com\/pt-br\/#organization","name":"Dr. Pablo Ifr\u00e1n","url":"https:\/\/drpabloifran.com\/pt-br\/","logo":{"@type":"ImageObject","inLanguage":"pt-BR","@id":"https:\/\/drpabloifran.com\/pt-br\/#\/schema\/logo\/image\/","url":"https:\/\/drpabloifran.com\/wp-content\/uploads\/2026\/02\/2.png","contentUrl":"https:\/\/drpabloifran.com\/wp-content\/uploads\/2026\/02\/2.png","width":500,"height":500,"caption":"Dr. Pablo Ifr\u00e1n"},"image":{"@id":"https:\/\/drpabloifran.com\/pt-br\/#\/schema\/logo\/image\/"},"sameAs":["https:\/\/facebook.com\/drpabloifran","https:\/\/instagram.com\/drpabloifran"]}]}},"_links":{"self":[{"href":"https:\/\/drpabloifran.com\/pt-br\/wp-json\/wp\/v2\/portfolio\/16530","targetHints":{"allow":["GET"]}}],"collection":[{"href":"https:\/\/drpabloifran.com\/pt-br\/wp-json\/wp\/v2\/portfolio"}],"about":[{"href":"https:\/\/drpabloifran.com\/pt-br\/wp-json\/wp\/v2\/types\/portfolio"}],"author":[{"embeddable":true,"href":"https:\/\/drpabloifran.com\/pt-br\/wp-json\/wp\/v2\/users\/1"}],"replies":[{"embeddable":true,"href":"https:\/\/drpabloifran.com\/pt-br\/wp-json\/wp\/v2\/comments?post=16530"}],"version-history":[{"count":1,"href":"https:\/\/drpabloifran.com\/pt-br\/wp-json\/wp\/v2\/portfolio\/16530\/revisions"}],"predecessor-version":[{"id":16532,"href":"https:\/\/drpabloifran.com\/pt-br\/wp-json\/wp\/v2\/portfolio\/16530\/revisions\/16532"}],"wp:featuredmedia":[{"embeddable":true,"href":"https:\/\/drpabloifran.com\/pt-br\/wp-json\/wp\/v2\/media\/16131"}],"wp:attachment":[{"href":"https:\/\/drpabloifran.com\/pt-br\/wp-json\/wp\/v2\/media?parent=16530"}],"wp:term":[{"taxonomy":"portfolio-tags","embeddable":true,"href":"https:\/\/drpabloifran.com\/pt-br\/wp-json\/wp\/v2\/portfolio-tags?post=16530"},{"taxonomy":"portfolio-categories","embeddable":true,"href":"https:\/\/drpabloifran.com\/pt-br\/wp-json\/wp\/v2\/portfolio-categories?post=16530"}],"curies":[{"name":"wp","href":"https:\/\/api.w.org\/{rel}","templated":true}]}}