{"id":16533,"date":"2021-11-04T05:59:13","date_gmt":"2021-11-04T05:59:13","guid":{"rendered":"https:\/\/drpabloifran.com\/portfolio\/skin-booster-tratamento-de-preenchimento-leve\/"},"modified":"2025-07-15T15:20:57","modified_gmt":"2025-07-15T15:20:57","slug":"skin-booster-tratamento-de-preenchimento-leve","status":"publish","type":"portfolio","link":"https:\/\/drpabloifran.com\/pt-br\/portfolio\/skin-booster-tratamento-de-preenchimento-leve\/","title":{"rendered":"Skin Booster (Tratamento de preenchimento leve)"},"content":{"rendered":"\t\t<div data-elementor-type=\"wp-post\" data-elementor-id=\"16533\" class=\"elementor elementor-16533 elementor-11261\" data-elementor-post-type=\"portfolio\">\n\t\t\t\t\t\t<section class=\"elementor-section elementor-top-section elementor-element elementor-element-a2f1746 elementor-section-full_width elementor-section-height-default elementor-section-height-default elementor-invisible\" data-id=\"a2f1746\" data-element_type=\"section\" data-e-type=\"section\" data-settings=\"{&quot;animation&quot;:&quot;fadeIn&quot;}\">\n\t\t\t\t\t\t<div class=\"elementor-container elementor-column-gap-no\">\n\t\t\t\t\t<div class=\"elementor-column elementor-col-100 elementor-top-column elementor-element elementor-element-b51ec21\" data-id=\"b51ec21\" data-element_type=\"column\" data-e-type=\"column\">\n\t\t\t<div class=\"elementor-widget-wrap elementor-element-populated\">\n\t\t\t\t\t\t<section class=\"elementor-section elementor-inner-section elementor-element elementor-element-79303ad elementor-section-boxed elementor-section-height-default elementor-section-height-default\" data-id=\"79303ad\" data-element_type=\"section\" data-e-type=\"section\">\n\t\t\t\t\t\t<div class=\"elementor-container elementor-column-gap-extended\">\n\t\t\t\t\t<div class=\"elementor-column elementor-col-100 elementor-inner-column elementor-element elementor-element-a359c4d\" data-id=\"a359c4d\" data-element_type=\"column\" data-e-type=\"column\">\n\t\t\t<div class=\"elementor-widget-wrap elementor-element-populated\">\n\t\t\t\t\t\t<div class=\"elementor-element elementor-element-4686f13 elementor-widget elementor-widget-heading\" data-id=\"4686f13\" data-element_type=\"widget\" data-e-type=\"widget\" data-widget_type=\"heading.default\">\n\t\t\t\t<div class=\"elementor-widget-container\">\n\t\t\t\t\t<h5 class=\"elementor-heading-title elementor-size-default\">Previne o envelhecimento, restaura o tom da pele, elasticidade e luminosidade.  <\/h5>\t\t\t\t<\/div>\n\t\t\t\t<\/div>\n\t\t\t\t<div class=\"elementor-element elementor-element-55179d3 elementor-widget elementor-widget-heading\" data-id=\"55179d3\" data-element_type=\"widget\" data-e-type=\"widget\" data-widget_type=\"heading.default\">\n\t\t\t\t<div class=\"elementor-widget-container\">\n\t\t\t\t\t<h4 class=\"elementor-heading-title elementor-size-default\">O que \u00e9?<\/h4>\t\t\t\t<\/div>\n\t\t\t\t<\/div>\n\t\t\t\t<div class=\"elementor-element elementor-element-434ae74 elementor-widget elementor-widget-text-editor\" data-id=\"434ae74\" data-element_type=\"widget\" data-e-type=\"widget\" data-widget_type=\"text-editor.default\">\n\t\t\t\t<div class=\"elementor-widget-container\">\n\t\t\t\t\t\t\t\t\t<div data-id=\"afee171\" data-element_type=\"widget\" data-widget_type=\"text-editor.default\"><p><span style=\"font-weight: 400;\">\u00c9 um procedimento espec\u00edfico para restaurar a hidrata\u00e7\u00e3o, luminosidade e tom da pele atrav\u00e9s de um \u00e1cido hialur\u00f4nico n\u00e3o reticulado. Este tipo de &#8220;preenchimento leve&#8221; \u00e9 projetado para tratar a pele opaca, rugas de express\u00e3o fina e pele desidratada no rosto, pesco\u00e7o, decote e m\u00e3os. <\/span><\/p><\/div>\t\t\t\t\t\t\t\t<\/div>\n\t\t\t\t<\/div>\n\t\t\t\t\t<\/div>\n\t\t<\/div>\n\t\t\t\t\t<\/div>\n\t\t<\/section>\n\t\t        \t\t<section class=\"elementor-section elementor-inner-section elementor-element elementor-element-6fb54fc elementor-section-boxed elementor-section-height-default elementor-section-height-default\" data-id=\"6fb54fc\" data-element_type=\"section\" data-e-type=\"section\">\n\t\t\t\t\t\t<div class=\"elementor-container elementor-column-gap-extended\">\n\t\t\t\t\t<div class=\"elementor-column elementor-col-100 elementor-inner-column elementor-element elementor-element-c670c44\" data-id=\"c670c44\" data-element_type=\"column\" data-e-type=\"column\">\n\t\t\t<div class=\"elementor-widget-wrap elementor-element-populated\">\n\t\t\t\t\t\t<div class=\"elementor-element elementor-element-11c7e5e elementor-widget elementor-widget-spacer\" data-id=\"11c7e5e\" data-element_type=\"widget\" data-e-type=\"widget\" data-widget_type=\"spacer.default\">\n\t\t\t\t<div class=\"elementor-widget-container\">\n\t\t\t\t\t\t\t<div class=\"elementor-spacer\">\n\t\t\t<div class=\"elementor-spacer-inner\"><\/div>\n\t\t<\/div>\n\t\t\t\t\t\t<\/div>\n\t\t\t\t<\/div>\n\t\t\t\t<div class=\"elementor-element elementor-element-859cc45 elementor-widget elementor-widget-heading\" data-id=\"859cc45\" data-element_type=\"widget\" data-e-type=\"widget\" data-widget_type=\"heading.default\">\n\t\t\t\t<div class=\"elementor-widget-container\">\n\t\t\t\t\t<h4 class=\"elementor-heading-title elementor-size-default\">Em que consiste?  \n<\/h4>\t\t\t\t<\/div>\n\t\t\t\t<\/div>\n\t\t\t\t<div class=\"elementor-element elementor-element-ed52b35 elementor-widget elementor-widget-text-editor\" data-id=\"ed52b35\" data-element_type=\"widget\" data-e-type=\"widget\" data-widget_type=\"text-editor.default\">\n\t\t\t\t<div class=\"elementor-widget-container\">\n\t\t\t\t\t\t\t\t\t<div data-id=\"afee171\" data-element_type=\"widget\" data-widget_type=\"text-editor.default\"><p><span style=\"font-weight: 400;\">\u00c9 um procedimento n\u00e3o invasivo que \u00e9 realizado no consult\u00f3rio. Microinje\u00e7\u00f5es de \u00e1cido hialur\u00f4nico n\u00e3o reticulado s\u00e3o usadas junto com subst\u00e2ncias de &#8220;desintoxica\u00e7\u00e3o&#8221; nas \u00e1reas a serem tratadas.   <\/span><\/p><\/div>\t\t\t\t\t\t\t\t<\/div>\n\t\t\t\t<\/div>\n\t\t\t\t\t<\/div>\n\t\t<\/div>\n\t\t\t\t\t<\/div>\n\t\t<\/section>\n\t\t        \t\t<section class=\"elementor-section elementor-inner-section elementor-element elementor-element-b902598 elementor-section-boxed elementor-section-height-default elementor-section-height-default\" data-id=\"b902598\" data-element_type=\"section\" data-e-type=\"section\">\n\t\t\t\t\t\t<div class=\"elementor-container elementor-column-gap-extended\">\n\t\t\t\t\t<div class=\"elementor-column elementor-col-100 elementor-inner-column elementor-element elementor-element-0514a5a\" data-id=\"0514a5a\" data-element_type=\"column\" data-e-type=\"column\">\n\t\t\t<div class=\"elementor-widget-wrap elementor-element-populated\">\n\t\t\t\t\t\t<div class=\"elementor-element elementor-element-c85eae8 elementor-widget elementor-widget-heading\" data-id=\"c85eae8\" data-element_type=\"widget\" data-e-type=\"widget\" data-widget_type=\"heading.default\">\n\t\t\t\t<div class=\"elementor-widget-container\">\n\t\t\t\t\t<h4 class=\"elementor-heading-title elementor-size-default\">Modos e tempos de recupera\u00e7\u00e3o:  <\/h4>\t\t\t\t<\/div>\n\t\t\t\t<\/div>\n\t\t\t\t<div class=\"elementor-element elementor-element-b5527fe elementor-widget elementor-widget-text-editor\" data-id=\"b5527fe\" data-element_type=\"widget\" data-e-type=\"widget\" data-widget_type=\"text-editor.default\">\n\t\t\t\t<div class=\"elementor-widget-container\">\n\t\t\t\t\t\t\t\t\t<div data-id=\"afee171\" data-element_type=\"widget\" data-widget_type=\"text-editor.default\"><p><span style=\"font-weight: 400;\">Ap\u00f3s o tratamento, o paciente pode retomar suas atividades habituais. Fotoprote\u00e7\u00e3o rigorosa deve ser usada durante a recupera\u00e7\u00e3o. <\/span><\/p><\/div>\t\t\t\t\t\t\t\t<\/div>\n\t\t\t\t<\/div>\n\t\t\t\t\t<\/div>\n\t\t<\/div>\n\t\t\t\t\t<\/div>\n\t\t<\/section>\n\t\t        \t\t<section class=\"elementor-section elementor-inner-section elementor-element elementor-element-5720d8c elementor-section-boxed elementor-section-height-default elementor-section-height-default\" data-id=\"5720d8c\" data-element_type=\"section\" data-e-type=\"section\">\n\t\t\t\t\t\t<div class=\"elementor-container elementor-column-gap-extended\">\n\t\t\t\t\t<div class=\"elementor-column elementor-col-100 elementor-inner-column elementor-element elementor-element-4fddfe8\" data-id=\"4fddfe8\" data-element_type=\"column\" data-e-type=\"column\">\n\t\t\t<div class=\"elementor-widget-wrap elementor-element-populated\">\n\t\t\t\t\t\t<div class=\"elementor-element elementor-element-8dfb45c elementor-widget elementor-widget-heading\" data-id=\"8dfb45c\" data-element_type=\"widget\" data-e-type=\"widget\" data-widget_type=\"heading.default\">\n\t\t\t\t<div class=\"elementor-widget-container\">\n\t\t\t\t\t<h4 class=\"elementor-heading-title elementor-size-default\">Resultados<\/h4>\t\t\t\t<\/div>\n\t\t\t\t<\/div>\n\t\t\t\t<div class=\"elementor-element elementor-element-9f2fec6 elementor-widget elementor-widget-text-editor\" data-id=\"9f2fec6\" data-element_type=\"widget\" data-e-type=\"widget\" data-widget_type=\"text-editor.default\">\n\t\t\t\t<div class=\"elementor-widget-container\">\n\t\t\t\t\t\t\t\t\t<div data-id=\"afee171\" data-element_type=\"widget\" data-widget_type=\"text-editor.default\"><p><span style=\"font-weight: 400;\">Um protocolo de 3 sess\u00f5es a cada 3 semanas \u00e9 usado com resultados vis\u00edveis e cumulativos desde a primeira <\/span><span style=\"font-weight: normal;\">sess\u00e3o<\/span><span style=\"font-weight: 400;\">. <\/span> <\/p><\/div>\t\t\t\t\t\t\t\t<\/div>\n\t\t\t\t<\/div>\n\t\t\t\t<div class=\"elementor-element elementor-element-c47cc7b elementor-widget elementor-widget-text-editor\" data-id=\"c47cc7b\" data-element_type=\"widget\" data-e-type=\"widget\" data-widget_type=\"text-editor.default\">\n\t\t\t\t<div class=\"elementor-widget-container\">\n\t\t\t\t\t\t\t\t\t<div data-id=\"afee171\" data-element_type=\"widget\" data-widget_type=\"text-editor.default\"><p>Se voc\u00ea estiver interessado em outros tratamentos semelhantes, visite nossa se\u00e7\u00e3o sobre <a href=\"https:\/\/drpabloifran.com\/pt-br\/rugas-e-perda-de-elasticidade\/\" target=\"_blank\" rel=\"noopener\">Tratamentos para perda de rugas e elasticidade<\/a>.<\/p><\/div>\t\t\t\t\t\t\t\t<\/div>\n\t\t\t\t<\/div>\n\t\t\t\t\t<\/div>\n\t\t<\/div>\n\t\t\t\t\t<\/div>\n\t\t<\/section>\n\t\t        \t\t<div class=\"elementor-element elementor-element-a1cbcb3 elementor-widget elementor-widget-spacer\" data-id=\"a1cbcb3\" data-element_type=\"widget\" data-e-type=\"widget\" data-widget_type=\"spacer.default\">\n\t\t\t\t<div class=\"elementor-widget-container\">\n\t\t\t\t\t\t\t<div class=\"elementor-spacer\">\n\t\t\t<div class=\"elementor-spacer-inner\"><\/div>\n\t\t<\/div>\n\t\t\t\t\t\t<\/div>\n\t\t\t\t<\/div>\n\t\t\t\t<section class=\"elementor-section elementor-inner-section elementor-element elementor-element-c25b235 elementor-section-boxed elementor-section-height-default elementor-section-height-default elementor-invisible\" data-id=\"c25b235\" data-element_type=\"section\" data-e-type=\"section\" data-settings=\"{&quot;animation&quot;:&quot;fadeIn&quot;}\">\n\t\t\t\t\t\t<div class=\"elementor-container elementor-column-gap-extended\">\n\t\t\t\t\t<div class=\"elementor-column elementor-col-100 elementor-inner-column elementor-element elementor-element-ebfa59e\" data-id=\"ebfa59e\" data-element_type=\"column\" data-e-type=\"column\">\n\t\t\t<div class=\"elementor-widget-wrap elementor-element-populated\">\n\t\t\t\t\t\t<div class=\"elementor-element elementor-element-5f385ed elementor-widget elementor-widget-text-editor\" data-id=\"5f385ed\" data-element_type=\"widget\" data-e-type=\"widget\" data-widget_type=\"text-editor.default\">\n\t\t\t\t<div class=\"elementor-widget-container\">\n\t\t\t\t\t\t\t\t\t<p><h4 style=\"text-align:center\">\u00bfQuieres profundizar en este tema?<\/h4><br>\r\n<p style=\"text-align:center\">Escr\u00edbeme al WhatsApp para agendar una consulta<\/p><br>\r\n<div align=\"center\">\r\n\t<a href=\"https:\/\/api.whatsapp.com\/send?phone=59895867436\" target=\"_blank\">\r\n\t\t<img decoding=\"async\" src=\"https:\/\/drpabloifran.com\/wp-content\/uploads\/2021\/09\/whatsapp-4.png\" style=\"width:64px !important; height:64px !important;\/>\r\n\t<\/a>\r\n<\/div><\/p>\t\t\t\t\t\t\t\t<\/div>\n\t\t\t\t<\/div>\n\t\t\t\t\t<\/div>\n\t\t<\/div>\n\t\t\t\t\t<\/div>\n\t\t<\/section>\n\t\t        \t\t<section class=\"elementor-section elementor-inner-section elementor-element elementor-element-b809830 elementor-section-boxed elementor-section-height-default elementor-section-height-default elementor-invisible\" data-id=\"b809830\" data-element_type=\"section\" data-e-type=\"section\" data-settings=\"{&quot;animation&quot;:&quot;fadeIn&quot;}\">\n\t\t\t\t\t\t<div class=\"elementor-container elementor-column-gap-extended\">\n\t\t\t\t\t<div class=\"elementor-column elementor-col-100 elementor-inner-column elementor-element elementor-element-8928951\" data-id=\"8928951\" data-element_type=\"column\" data-e-type=\"column\">\n\t\t\t<div class=\"elementor-widget-wrap elementor-element-populated\">\n\t\t\t\t\t\t<div class=\"elementor-element elementor-element-f90fa15 elementor-widget elementor-widget-spacer\" data-id=\"f90fa15\" data-element_type=\"widget\" data-e-type=\"widget\" data-widget_type=\"spacer.default\">\n\t\t\t\t<div class=\"elementor-widget-container\">\n\t\t\t\t\t\t\t<div class=\"elementor-spacer\">\n\t\t\t<div class=\"elementor-spacer-inner\"><\/div>\n\t\t<\/div>\n\t\t\t\t\t\t<\/div>\n\t\t\t\t<\/div>\n\t\t\t\t\t<\/div>\n\t\t<\/div>\n\t\t\t\t\t<\/div>\n\t\t<\/section>\n\t\t        \t\t\t<\/div>\n\t\t<\/div>\n\t\t\t\t\t<\/div>\n\t\t<\/section>\n\t\t        \t\t<\/div>\n\t\t","protected":false},"excerpt":{"rendered":"<p>Previne o envelhecimento, restaura o tom da pele, elasticidade e luminosidade. O que \u00e9? \u00c9 um procedimento espec\u00edfico para restaurar a hidrata\u00e7\u00e3o, luminosidade e tom da pele atrav\u00e9s de um \u00e1cido hialur\u00f4nico n\u00e3o reticulado. Este tipo de &#8220;preenchimento leve&#8221; \u00e9 projetado para tratar a pele opaca, rugas de express\u00e3o fina e pele desidratada no rosto, [&hellip;]<\/p>\n","protected":false},"author":1,"featured_media":16199,"parent":0,"comment_status":"closed","ping_status":"closed","template":"","portfolio-tags":[],"portfolio-categories":[130],"class_list":["post-16533","portfolio","type-portfolio","status-publish","has-post-thumbnail","hentry","portfolio-categories-arrugas-y-perdida-de-elasticidad"],"yoast_head":"<!-- This site is optimized with the Yoast SEO plugin v26.9 - https:\/\/yoast.com\/product\/yoast-seo-wordpress\/ -->\n<title>Skin Booster Montevid\u00e9u Uruguai<\/title>\n<meta name=\"robots\" content=\"index, follow, max-snippet:-1, max-image-preview:large, max-video-preview:-1\" \/>\n<link rel=\"canonical\" href=\"https:\/\/drpabloifran.com\/pt-br\/portfolio\/skin-booster-tratamento-de-preenchimento-leve\/\" \/>\n<meta property=\"og:locale\" content=\"pt_BR\" \/>\n<meta property=\"og:type\" content=\"article\" \/>\n<meta property=\"og:title\" content=\"Skin Booster Montevid\u00e9u Uruguai\" \/>\n<meta property=\"og:description\" content=\"Previne o envelhecimento, restaura o tom da pele, elasticidade e luminosidade. O que \u00e9? \u00c9 um procedimento espec\u00edfico para restaurar a hidrata\u00e7\u00e3o, luminosidade e tom da pele atrav\u00e9s de um \u00e1cido hialur\u00f4nico n\u00e3o reticulado. Este tipo de &#8220;preenchimento leve&#8221; \u00e9 projetado para tratar a pele opaca, rugas de express\u00e3o fina e pele desidratada no rosto, [&hellip;]\" \/>\n<meta property=\"og:url\" content=\"https:\/\/drpabloifran.com\/pt-br\/portfolio\/skin-booster-tratamento-de-preenchimento-leve\/\" \/>\n<meta property=\"og:site_name\" content=\"Dr. Pablo Ifr\u00e1n\" \/>\n<meta property=\"article:publisher\" content=\"https:\/\/facebook.com\/drpabloifran\" \/>\n<meta property=\"article:modified_time\" content=\"2025-07-15T15:20:57+00:00\" \/>\n<meta property=\"og:image\" content=\"https:\/\/drpabloifran.com\/wp-content\/uploads\/2021\/11\/jj.jpg\" \/>\n\t<meta property=\"og:image:width\" content=\"1024\" \/>\n\t<meta property=\"og:image:height\" content=\"768\" \/>\n\t<meta property=\"og:image:type\" content=\"image\/jpeg\" \/>\n<meta name=\"twitter:card\" content=\"summary_large_image\" \/>\n<meta name=\"twitter:label1\" content=\"Est. tempo de leitura\" \/>\n\t<meta name=\"twitter:data1\" content=\"1 minuto\" \/>\n<script type=\"application\/ld+json\" class=\"yoast-schema-graph\">{\"@context\":\"https:\/\/schema.org\",\"@graph\":[{\"@type\":\"WebPage\",\"@id\":\"https:\/\/drpabloifran.com\/pt-br\/portfolio\/skin-booster-tratamento-de-preenchimento-leve\/\",\"url\":\"https:\/\/drpabloifran.com\/pt-br\/portfolio\/skin-booster-tratamento-de-preenchimento-leve\/\",\"name\":\"Skin Booster Montevid\u00e9u Uruguai\",\"isPartOf\":{\"@id\":\"https:\/\/drpabloifran.com\/pt-br\/#website\"},\"primaryImageOfPage\":{\"@id\":\"https:\/\/drpabloifran.com\/pt-br\/portfolio\/skin-booster-tratamento-de-preenchimento-leve\/#primaryimage\"},\"image\":{\"@id\":\"https:\/\/drpabloifran.com\/pt-br\/portfolio\/skin-booster-tratamento-de-preenchimento-leve\/#primaryimage\"},\"thumbnailUrl\":\"https:\/\/drpabloifran.com\/wp-content\/uploads\/2021\/11\/jj.jpg\",\"datePublished\":\"2021-11-04T05:59:13+00:00\",\"dateModified\":\"2025-07-15T15:20:57+00:00\",\"breadcrumb\":{\"@id\":\"https:\/\/drpabloifran.com\/pt-br\/portfolio\/skin-booster-tratamento-de-preenchimento-leve\/#breadcrumb\"},\"inLanguage\":\"pt-BR\",\"potentialAction\":[{\"@type\":\"ReadAction\",\"target\":[\"https:\/\/drpabloifran.com\/pt-br\/portfolio\/skin-booster-tratamento-de-preenchimento-leve\/\"]}]},{\"@type\":\"ImageObject\",\"inLanguage\":\"pt-BR\",\"@id\":\"https:\/\/drpabloifran.com\/pt-br\/portfolio\/skin-booster-tratamento-de-preenchimento-leve\/#primaryimage\",\"url\":\"https:\/\/drpabloifran.com\/wp-content\/uploads\/2021\/11\/jj.jpg\",\"contentUrl\":\"https:\/\/drpabloifran.com\/wp-content\/uploads\/2021\/11\/jj.jpg\",\"width\":1024,\"height\":768},{\"@type\":\"BreadcrumbList\",\"@id\":\"https:\/\/drpabloifran.com\/pt-br\/portfolio\/skin-booster-tratamento-de-preenchimento-leve\/#breadcrumb\",\"itemListElement\":[{\"@type\":\"ListItem\",\"position\":1,\"name\":\"Portada\",\"item\":\"https:\/\/drpabloifran.com\/pt-br\/principio\/\"},{\"@type\":\"ListItem\",\"position\":2,\"name\":\"Portfolio\",\"item\":\"https:\/\/drpabloifran.com\/pt-br\/portfolio\/\"},{\"@type\":\"ListItem\",\"position\":3,\"name\":\"Skin Booster (Tratamento de preenchimento leve)\"}]},{\"@type\":\"WebSite\",\"@id\":\"https:\/\/drpabloifran.com\/pt-br\/#website\",\"url\":\"https:\/\/drpabloifran.com\/pt-br\/\",\"name\":\"Dr. Pablo Ifr\u00e1n\",\"description\":\"Medicina est\u00e9tica avanzada\",\"publisher\":{\"@id\":\"https:\/\/drpabloifran.com\/pt-br\/#organization\"},\"potentialAction\":[{\"@type\":\"SearchAction\",\"target\":{\"@type\":\"EntryPoint\",\"urlTemplate\":\"https:\/\/drpabloifran.com\/pt-br\/?s={search_term_string}\"},\"query-input\":{\"@type\":\"PropertyValueSpecification\",\"valueRequired\":true,\"valueName\":\"search_term_string\"}}],\"inLanguage\":\"pt-BR\"},{\"@type\":\"Organization\",\"@id\":\"https:\/\/drpabloifran.com\/pt-br\/#organization\",\"name\":\"Dr. Pablo Ifr\u00e1n\",\"url\":\"https:\/\/drpabloifran.com\/pt-br\/\",\"logo\":{\"@type\":\"ImageObject\",\"inLanguage\":\"pt-BR\",\"@id\":\"https:\/\/drpabloifran.com\/pt-br\/#\/schema\/logo\/image\/\",\"url\":\"https:\/\/drpabloifran.com\/wp-content\/uploads\/2026\/02\/2.png\",\"contentUrl\":\"https:\/\/drpabloifran.com\/wp-content\/uploads\/2026\/02\/2.png\",\"width\":500,\"height\":500,\"caption\":\"Dr. Pablo Ifr\u00e1n\"},\"image\":{\"@id\":\"https:\/\/drpabloifran.com\/pt-br\/#\/schema\/logo\/image\/\"},\"sameAs\":[\"https:\/\/facebook.com\/drpabloifran\",\"https:\/\/instagram.com\/drpabloifran\"]}]}<\/script>\n<!-- \/ Yoast SEO plugin. -->","yoast_head_json":{"title":"Skin Booster Montevid\u00e9u Uruguai","robots":{"index":"index","follow":"follow","max-snippet":"max-snippet:-1","max-image-preview":"max-image-preview:large","max-video-preview":"max-video-preview:-1"},"canonical":"https:\/\/drpabloifran.com\/pt-br\/portfolio\/skin-booster-tratamento-de-preenchimento-leve\/","og_locale":"pt_BR","og_type":"article","og_title":"Skin Booster Montevid\u00e9u Uruguai","og_description":"Previne o envelhecimento, restaura o tom da pele, elasticidade e luminosidade. O que \u00e9? \u00c9 um procedimento espec\u00edfico para restaurar a hidrata\u00e7\u00e3o, luminosidade e tom da pele atrav\u00e9s de um \u00e1cido hialur\u00f4nico n\u00e3o reticulado. Este tipo de &#8220;preenchimento leve&#8221; \u00e9 projetado para tratar a pele opaca, rugas de express\u00e3o fina e pele desidratada no rosto, [&hellip;]","og_url":"https:\/\/drpabloifran.com\/pt-br\/portfolio\/skin-booster-tratamento-de-preenchimento-leve\/","og_site_name":"Dr. Pablo Ifr\u00e1n","article_publisher":"https:\/\/facebook.com\/drpabloifran","article_modified_time":"2025-07-15T15:20:57+00:00","og_image":[{"width":1024,"height":768,"url":"https:\/\/drpabloifran.com\/wp-content\/uploads\/2021\/11\/jj.jpg","type":"image\/jpeg"}],"twitter_card":"summary_large_image","twitter_misc":{"Est. tempo de leitura":"1 minuto"},"schema":{"@context":"https:\/\/schema.org","@graph":[{"@type":"WebPage","@id":"https:\/\/drpabloifran.com\/pt-br\/portfolio\/skin-booster-tratamento-de-preenchimento-leve\/","url":"https:\/\/drpabloifran.com\/pt-br\/portfolio\/skin-booster-tratamento-de-preenchimento-leve\/","name":"Skin Booster Montevid\u00e9u Uruguai","isPartOf":{"@id":"https:\/\/drpabloifran.com\/pt-br\/#website"},"primaryImageOfPage":{"@id":"https:\/\/drpabloifran.com\/pt-br\/portfolio\/skin-booster-tratamento-de-preenchimento-leve\/#primaryimage"},"image":{"@id":"https:\/\/drpabloifran.com\/pt-br\/portfolio\/skin-booster-tratamento-de-preenchimento-leve\/#primaryimage"},"thumbnailUrl":"https:\/\/drpabloifran.com\/wp-content\/uploads\/2021\/11\/jj.jpg","datePublished":"2021-11-04T05:59:13+00:00","dateModified":"2025-07-15T15:20:57+00:00","breadcrumb":{"@id":"https:\/\/drpabloifran.com\/pt-br\/portfolio\/skin-booster-tratamento-de-preenchimento-leve\/#breadcrumb"},"inLanguage":"pt-BR","potentialAction":[{"@type":"ReadAction","target":["https:\/\/drpabloifran.com\/pt-br\/portfolio\/skin-booster-tratamento-de-preenchimento-leve\/"]}]},{"@type":"ImageObject","inLanguage":"pt-BR","@id":"https:\/\/drpabloifran.com\/pt-br\/portfolio\/skin-booster-tratamento-de-preenchimento-leve\/#primaryimage","url":"https:\/\/drpabloifran.com\/wp-content\/uploads\/2021\/11\/jj.jpg","contentUrl":"https:\/\/drpabloifran.com\/wp-content\/uploads\/2021\/11\/jj.jpg","width":1024,"height":768},{"@type":"BreadcrumbList","@id":"https:\/\/drpabloifran.com\/pt-br\/portfolio\/skin-booster-tratamento-de-preenchimento-leve\/#breadcrumb","itemListElement":[{"@type":"ListItem","position":1,"name":"Portada","item":"https:\/\/drpabloifran.com\/pt-br\/principio\/"},{"@type":"ListItem","position":2,"name":"Portfolio","item":"https:\/\/drpabloifran.com\/pt-br\/portfolio\/"},{"@type":"ListItem","position":3,"name":"Skin Booster (Tratamento de preenchimento leve)"}]},{"@type":"WebSite","@id":"https:\/\/drpabloifran.com\/pt-br\/#website","url":"https:\/\/drpabloifran.com\/pt-br\/","name":"Dr. Pablo Ifr\u00e1n","description":"Medicina est\u00e9tica avanzada","publisher":{"@id":"https:\/\/drpabloifran.com\/pt-br\/#organization"},"potentialAction":[{"@type":"SearchAction","target":{"@type":"EntryPoint","urlTemplate":"https:\/\/drpabloifran.com\/pt-br\/?s={search_term_string}"},"query-input":{"@type":"PropertyValueSpecification","valueRequired":true,"valueName":"search_term_string"}}],"inLanguage":"pt-BR"},{"@type":"Organization","@id":"https:\/\/drpabloifran.com\/pt-br\/#organization","name":"Dr. Pablo Ifr\u00e1n","url":"https:\/\/drpabloifran.com\/pt-br\/","logo":{"@type":"ImageObject","inLanguage":"pt-BR","@id":"https:\/\/drpabloifran.com\/pt-br\/#\/schema\/logo\/image\/","url":"https:\/\/drpabloifran.com\/wp-content\/uploads\/2026\/02\/2.png","contentUrl":"https:\/\/drpabloifran.com\/wp-content\/uploads\/2026\/02\/2.png","width":500,"height":500,"caption":"Dr. Pablo Ifr\u00e1n"},"image":{"@id":"https:\/\/drpabloifran.com\/pt-br\/#\/schema\/logo\/image\/"},"sameAs":["https:\/\/facebook.com\/drpabloifran","https:\/\/instagram.com\/drpabloifran"]}]}},"_links":{"self":[{"href":"https:\/\/drpabloifran.com\/pt-br\/wp-json\/wp\/v2\/portfolio\/16533","targetHints":{"allow":["GET"]}}],"collection":[{"href":"https:\/\/drpabloifran.com\/pt-br\/wp-json\/wp\/v2\/portfolio"}],"about":[{"href":"https:\/\/drpabloifran.com\/pt-br\/wp-json\/wp\/v2\/types\/portfolio"}],"author":[{"embeddable":true,"href":"https:\/\/drpabloifran.com\/pt-br\/wp-json\/wp\/v2\/users\/1"}],"replies":[{"embeddable":true,"href":"https:\/\/drpabloifran.com\/pt-br\/wp-json\/wp\/v2\/comments?post=16533"}],"version-history":[{"count":1,"href":"https:\/\/drpabloifran.com\/pt-br\/wp-json\/wp\/v2\/portfolio\/16533\/revisions"}],"predecessor-version":[{"id":16535,"href":"https:\/\/drpabloifran.com\/pt-br\/wp-json\/wp\/v2\/portfolio\/16533\/revisions\/16535"}],"wp:featuredmedia":[{"embeddable":true,"href":"https:\/\/drpabloifran.com\/pt-br\/wp-json\/wp\/v2\/media\/16199"}],"wp:attachment":[{"href":"https:\/\/drpabloifran.com\/pt-br\/wp-json\/wp\/v2\/media?parent=16533"}],"wp:term":[{"taxonomy":"portfolio-tags","embeddable":true,"href":"https:\/\/drpabloifran.com\/pt-br\/wp-json\/wp\/v2\/portfolio-tags?post=16533"},{"taxonomy":"portfolio-categories","embeddable":true,"href":"https:\/\/drpabloifran.com\/pt-br\/wp-json\/wp\/v2\/portfolio-categories?post=16533"}],"curies":[{"name":"wp","href":"https:\/\/api.w.org\/{rel}","templated":true}]}}