{"id":16824,"date":"2026-02-10T22:05:44","date_gmt":"2026-02-10T22:05:44","guid":{"rendered":"https:\/\/drpabloifran.com\/?post_type=product&#038;p=16824"},"modified":"2026-03-02T13:53:48","modified_gmt":"2026-03-02T13:53:48","slug":"evaluacion-estrategica","status":"publish","type":"product","link":"https:\/\/drpabloifran.com\/pt-br\/producto\/evaluacion-estrategica\/","title":{"rendered":"Evaluaci\u00f3n funcional-est\u00e9tica"},"content":{"rendered":"<div class=\"modality-header\">\n<p class=\"modality-duration\"><strong>~75\u201390 minutos<\/strong><\/p>\n<\/div>\n<p class=\"modality-for\">Planificaci\u00f3n de rejuvenecimiento a mediano-largo plazo, casos con historia est\u00e9tica previa o necesidad de reordenamiento terap\u00e9utico.<\/p>\n<div class=\"modality-section-title\"><strong>Incluye<\/strong><\/div>\n<ul class=\"modality-list\">\n<li>Historia cl\u00ednica exhaustiva (tratamientos previos, complicaciones, expectativas)<\/li>\n<li>Evaluaci\u00f3n facial completa multimodal<\/li>\n<li>An\u00e1lisis de envejecimiento estructural + funcional<\/li>\n<li>Registro fotogr\u00e1fico completo estandarizado<\/li>\n<li>Plan de tratamiento secuenciado (3-6-12 meses)<\/li>\n<li>Definici\u00f3n de qu\u00e9 NO hacer y por qu\u00e9<\/li>\n<li>Documento de s\u00edntesis del plan<\/li>\n<\/ul>\n<div class=\"modality-section-title\"><strong>No incluye<\/strong><\/div>\n<p class=\"modality-not-included\">Ejecuci\u00f3n de tratamientos en la misma sesi\u00f3n.<\/p>\n","protected":false},"excerpt":{"rendered":"<p>~75\u201390 minutos Planificaci\u00f3n de rejuvenecimiento a mediano-largo plazo, casos con historia est\u00e9tica previa o necesidad de reordenamiento terap\u00e9utico. Incluye Historia cl\u00ednica exhaustiva (tratamientos previos, complicaciones, expectativas) Evaluaci\u00f3n facial completa multimodal An\u00e1lisis de envejecimiento estructural + funcional Registro fotogr\u00e1fico completo estandarizado Plan de tratamiento secuenciado (3-6-12 meses) Definici\u00f3n de qu\u00e9 NO hacer y por qu\u00e9 Documento [&hellip;]<\/p>\n","protected":false},"featured_media":11011,"template":"","meta":[],"product_brand":[],"product_cat":[171],"product_tag":[],"class_list":{"0":"post-16824","1":"product","2":"type-product","3":"status-publish","4":"has-post-thumbnail","6":"product_cat-consulta","8":"first","9":"instock","10":"shipping-taxable","11":"purchasable","12":"product-type-simple"},"yoast_head":"<!-- This site is optimized with the Yoast SEO plugin v26.9 - https:\/\/yoast.com\/product\/yoast-seo-wordpress\/ -->\n<title>Evaluaci\u00f3n funcional-est\u00e9tica - Dr. Pablo Ifr\u00e1n<\/title>\n<meta name=\"robots\" content=\"index, follow, max-snippet:-1, max-image-preview:large, max-video-preview:-1\" \/>\n<link rel=\"canonical\" href=\"https:\/\/drpabloifran.com\/pt-br\/producto\/evaluacion-estrategica\/\" \/>\n<meta property=\"og:locale\" content=\"pt_BR\" \/>\n<meta property=\"og:type\" content=\"article\" \/>\n<meta property=\"og:title\" content=\"Evaluaci\u00f3n funcional-est\u00e9tica - Dr. Pablo Ifr\u00e1n\" \/>\n<meta property=\"og:description\" content=\"~75\u201390 minutos Planificaci\u00f3n de rejuvenecimiento a mediano-largo plazo, casos con historia est\u00e9tica previa o necesidad de reordenamiento terap\u00e9utico. Incluye Historia cl\u00ednica exhaustiva (tratamientos previos, complicaciones, expectativas) Evaluaci\u00f3n facial completa multimodal An\u00e1lisis de envejecimiento estructural + funcional Registro fotogr\u00e1fico completo estandarizado Plan de tratamiento secuenciado (3-6-12 meses) Definici\u00f3n de qu\u00e9 NO hacer y por qu\u00e9 Documento [&hellip;]\" \/>\n<meta property=\"og:url\" content=\"https:\/\/drpabloifran.com\/pt-br\/producto\/evaluacion-estrategica\/\" \/>\n<meta property=\"og:site_name\" content=\"Dr. Pablo Ifr\u00e1n\" \/>\n<meta property=\"article:publisher\" content=\"https:\/\/facebook.com\/drpabloifran\" \/>\n<meta property=\"article:modified_time\" content=\"2026-03-02T13:53:48+00:00\" \/>\n<meta property=\"og:image\" content=\"https:\/\/drpabloifran.com\/wp-content\/uploads\/2021\/09\/icono-negro.png\" \/>\n\t<meta property=\"og:image:width\" content=\"1500\" \/>\n\t<meta property=\"og:image:height\" content=\"1501\" \/>\n\t<meta property=\"og:image:type\" content=\"image\/png\" \/>\n<meta name=\"twitter:card\" content=\"summary_large_image\" \/>\n<meta name=\"twitter:label1\" content=\"Est. tempo de leitura\" \/>\n\t<meta name=\"twitter:data1\" content=\"1 minuto\" \/>\n<script type=\"application\/ld+json\" class=\"yoast-schema-graph\">{\"@context\":\"https:\/\/schema.org\",\"@graph\":[{\"@type\":\"WebPage\",\"@id\":\"https:\/\/drpabloifran.com\/pt-br\/producto\/evaluacion-estrategica\/\",\"url\":\"https:\/\/drpabloifran.com\/pt-br\/producto\/evaluacion-estrategica\/\",\"name\":\"Evaluaci\u00f3n funcional-est\u00e9tica - Dr. Pablo Ifr\u00e1n\",\"isPartOf\":{\"@id\":\"https:\/\/drpabloifran.com\/pt-br\/#website\"},\"primaryImageOfPage\":{\"@id\":\"https:\/\/drpabloifran.com\/pt-br\/producto\/evaluacion-estrategica\/#primaryimage\"},\"image\":{\"@id\":\"https:\/\/drpabloifran.com\/pt-br\/producto\/evaluacion-estrategica\/#primaryimage\"},\"thumbnailUrl\":\"https:\/\/drpabloifran.com\/wp-content\/uploads\/2021\/09\/icono-negro.png\",\"datePublished\":\"2026-02-10T22:05:44+00:00\",\"dateModified\":\"2026-03-02T13:53:48+00:00\",\"breadcrumb\":{\"@id\":\"https:\/\/drpabloifran.com\/pt-br\/producto\/evaluacion-estrategica\/#breadcrumb\"},\"inLanguage\":\"pt-BR\",\"potentialAction\":[{\"@type\":\"ReadAction\",\"target\":[\"https:\/\/drpabloifran.com\/pt-br\/producto\/evaluacion-estrategica\/\"]}]},{\"@type\":\"ImageObject\",\"inLanguage\":\"pt-BR\",\"@id\":\"https:\/\/drpabloifran.com\/pt-br\/producto\/evaluacion-estrategica\/#primaryimage\",\"url\":\"https:\/\/drpabloifran.com\/wp-content\/uploads\/2021\/09\/icono-negro.png\",\"contentUrl\":\"https:\/\/drpabloifran.com\/wp-content\/uploads\/2021\/09\/icono-negro.png\",\"width\":1500,\"height\":1501},{\"@type\":\"BreadcrumbList\",\"@id\":\"https:\/\/drpabloifran.com\/pt-br\/producto\/evaluacion-estrategica\/#breadcrumb\",\"itemListElement\":[{\"@type\":\"ListItem\",\"position\":1,\"name\":\"Portada\",\"item\":\"https:\/\/drpabloifran.com\/pt-br\/principio\/\"},{\"@type\":\"ListItem\",\"position\":2,\"name\":\"Tienda\",\"item\":\"https:\/\/drpabloifran.com\/tienda\/\"},{\"@type\":\"ListItem\",\"position\":3,\"name\":\"Evaluaci\u00f3n funcional-est\u00e9tica\"}]},{\"@type\":\"WebSite\",\"@id\":\"https:\/\/drpabloifran.com\/pt-br\/#website\",\"url\":\"https:\/\/drpabloifran.com\/pt-br\/\",\"name\":\"Dr. Pablo Ifr\u00e1n\",\"description\":\"Medicina est\u00e9tica avanzada\",\"publisher\":{\"@id\":\"https:\/\/drpabloifran.com\/pt-br\/#organization\"},\"potentialAction\":[{\"@type\":\"SearchAction\",\"target\":{\"@type\":\"EntryPoint\",\"urlTemplate\":\"https:\/\/drpabloifran.com\/pt-br\/?s={search_term_string}\"},\"query-input\":{\"@type\":\"PropertyValueSpecification\",\"valueRequired\":true,\"valueName\":\"search_term_string\"}}],\"inLanguage\":\"pt-BR\"},{\"@type\":\"Organization\",\"@id\":\"https:\/\/drpabloifran.com\/pt-br\/#organization\",\"name\":\"Dr. Pablo Ifr\u00e1n\",\"url\":\"https:\/\/drpabloifran.com\/pt-br\/\",\"logo\":{\"@type\":\"ImageObject\",\"inLanguage\":\"pt-BR\",\"@id\":\"https:\/\/drpabloifran.com\/pt-br\/#\/schema\/logo\/image\/\",\"url\":\"https:\/\/drpabloifran.com\/wp-content\/uploads\/2026\/02\/2.png\",\"contentUrl\":\"https:\/\/drpabloifran.com\/wp-content\/uploads\/2026\/02\/2.png\",\"width\":500,\"height\":500,\"caption\":\"Dr. Pablo Ifr\u00e1n\"},\"image\":{\"@id\":\"https:\/\/drpabloifran.com\/pt-br\/#\/schema\/logo\/image\/\"},\"sameAs\":[\"https:\/\/facebook.com\/drpabloifran\",\"https:\/\/instagram.com\/drpabloifran\"]}]}<\/script>\n<!-- \/ Yoast SEO plugin. -->","yoast_head_json":{"title":"Evaluaci\u00f3n funcional-est\u00e9tica - Dr. Pablo Ifr\u00e1n","robots":{"index":"index","follow":"follow","max-snippet":"max-snippet:-1","max-image-preview":"max-image-preview:large","max-video-preview":"max-video-preview:-1"},"canonical":"https:\/\/drpabloifran.com\/pt-br\/producto\/evaluacion-estrategica\/","og_locale":"pt_BR","og_type":"article","og_title":"Evaluaci\u00f3n funcional-est\u00e9tica - Dr. Pablo Ifr\u00e1n","og_description":"~75\u201390 minutos Planificaci\u00f3n de rejuvenecimiento a mediano-largo plazo, casos con historia est\u00e9tica previa o necesidad de reordenamiento terap\u00e9utico. Incluye Historia cl\u00ednica exhaustiva (tratamientos previos, complicaciones, expectativas) Evaluaci\u00f3n facial completa multimodal An\u00e1lisis de envejecimiento estructural + funcional Registro fotogr\u00e1fico completo estandarizado Plan de tratamiento secuenciado (3-6-12 meses) Definici\u00f3n de qu\u00e9 NO hacer y por qu\u00e9 Documento [&hellip;]","og_url":"https:\/\/drpabloifran.com\/pt-br\/producto\/evaluacion-estrategica\/","og_site_name":"Dr. Pablo Ifr\u00e1n","article_publisher":"https:\/\/facebook.com\/drpabloifran","article_modified_time":"2026-03-02T13:53:48+00:00","og_image":[{"width":1500,"height":1501,"url":"https:\/\/drpabloifran.com\/wp-content\/uploads\/2021\/09\/icono-negro.png","type":"image\/png"}],"twitter_card":"summary_large_image","twitter_misc":{"Est. tempo de leitura":"1 minuto"},"schema":{"@context":"https:\/\/schema.org","@graph":[{"@type":"WebPage","@id":"https:\/\/drpabloifran.com\/pt-br\/producto\/evaluacion-estrategica\/","url":"https:\/\/drpabloifran.com\/pt-br\/producto\/evaluacion-estrategica\/","name":"Evaluaci\u00f3n funcional-est\u00e9tica - Dr. Pablo Ifr\u00e1n","isPartOf":{"@id":"https:\/\/drpabloifran.com\/pt-br\/#website"},"primaryImageOfPage":{"@id":"https:\/\/drpabloifran.com\/pt-br\/producto\/evaluacion-estrategica\/#primaryimage"},"image":{"@id":"https:\/\/drpabloifran.com\/pt-br\/producto\/evaluacion-estrategica\/#primaryimage"},"thumbnailUrl":"https:\/\/drpabloifran.com\/wp-content\/uploads\/2021\/09\/icono-negro.png","datePublished":"2026-02-10T22:05:44+00:00","dateModified":"2026-03-02T13:53:48+00:00","breadcrumb":{"@id":"https:\/\/drpabloifran.com\/pt-br\/producto\/evaluacion-estrategica\/#breadcrumb"},"inLanguage":"pt-BR","potentialAction":[{"@type":"ReadAction","target":["https:\/\/drpabloifran.com\/pt-br\/producto\/evaluacion-estrategica\/"]}]},{"@type":"ImageObject","inLanguage":"pt-BR","@id":"https:\/\/drpabloifran.com\/pt-br\/producto\/evaluacion-estrategica\/#primaryimage","url":"https:\/\/drpabloifran.com\/wp-content\/uploads\/2021\/09\/icono-negro.png","contentUrl":"https:\/\/drpabloifran.com\/wp-content\/uploads\/2021\/09\/icono-negro.png","width":1500,"height":1501},{"@type":"BreadcrumbList","@id":"https:\/\/drpabloifran.com\/pt-br\/producto\/evaluacion-estrategica\/#breadcrumb","itemListElement":[{"@type":"ListItem","position":1,"name":"Portada","item":"https:\/\/drpabloifran.com\/pt-br\/principio\/"},{"@type":"ListItem","position":2,"name":"Tienda","item":"https:\/\/drpabloifran.com\/tienda\/"},{"@type":"ListItem","position":3,"name":"Evaluaci\u00f3n funcional-est\u00e9tica"}]},{"@type":"WebSite","@id":"https:\/\/drpabloifran.com\/pt-br\/#website","url":"https:\/\/drpabloifran.com\/pt-br\/","name":"Dr. Pablo Ifr\u00e1n","description":"Medicina est\u00e9tica avanzada","publisher":{"@id":"https:\/\/drpabloifran.com\/pt-br\/#organization"},"potentialAction":[{"@type":"SearchAction","target":{"@type":"EntryPoint","urlTemplate":"https:\/\/drpabloifran.com\/pt-br\/?s={search_term_string}"},"query-input":{"@type":"PropertyValueSpecification","valueRequired":true,"valueName":"search_term_string"}}],"inLanguage":"pt-BR"},{"@type":"Organization","@id":"https:\/\/drpabloifran.com\/pt-br\/#organization","name":"Dr. Pablo Ifr\u00e1n","url":"https:\/\/drpabloifran.com\/pt-br\/","logo":{"@type":"ImageObject","inLanguage":"pt-BR","@id":"https:\/\/drpabloifran.com\/pt-br\/#\/schema\/logo\/image\/","url":"https:\/\/drpabloifran.com\/wp-content\/uploads\/2026\/02\/2.png","contentUrl":"https:\/\/drpabloifran.com\/wp-content\/uploads\/2026\/02\/2.png","width":500,"height":500,"caption":"Dr. Pablo Ifr\u00e1n"},"image":{"@id":"https:\/\/drpabloifran.com\/pt-br\/#\/schema\/logo\/image\/"},"sameAs":["https:\/\/facebook.com\/drpabloifran","https:\/\/instagram.com\/drpabloifran"]}]}},"_links":{"self":[{"href":"https:\/\/drpabloifran.com\/pt-br\/wp-json\/wp\/v2\/product\/16824","targetHints":{"allow":["GET"]}}],"collection":[{"href":"https:\/\/drpabloifran.com\/pt-br\/wp-json\/wp\/v2\/product"}],"about":[{"href":"https:\/\/drpabloifran.com\/pt-br\/wp-json\/wp\/v2\/types\/product"}],"wp:featuredmedia":[{"embeddable":true,"href":"https:\/\/drpabloifran.com\/pt-br\/wp-json\/wp\/v2\/media\/11011"}],"wp:attachment":[{"href":"https:\/\/drpabloifran.com\/pt-br\/wp-json\/wp\/v2\/media?parent=16824"}],"wp:term":[{"taxonomy":"product_brand","embeddable":true,"href":"https:\/\/drpabloifran.com\/pt-br\/wp-json\/wp\/v2\/product_brand?post=16824"},{"taxonomy":"product_cat","embeddable":true,"href":"https:\/\/drpabloifran.com\/pt-br\/wp-json\/wp\/v2\/product_cat?post=16824"},{"taxonomy":"product_tag","embeddable":true,"href":"https:\/\/drpabloifran.com\/pt-br\/wp-json\/wp\/v2\/product_tag?post=16824"}],"curies":[{"name":"wp","href":"https:\/\/api.w.org\/{rel}","templated":true}]}}